{"id":729,"date":"2021-05-30T15:05:07","date_gmt":"2021-05-30T13:05:07","guid":{"rendered":"https:\/\/diantoreedquintet.com\/?page_id=729"},"modified":"2024-05-13T23:31:40","modified_gmt":"2024-05-13T21:31:40","slug":"members","status":"publish","type":"page","link":"https:\/\/diantoreedquintet.com\/es\/members\/","title":{"rendered":"Miembros"},"content":{"rendered":"<div data-elementor-type=\"wp-page\" data-elementor-id=\"729\" class=\"elementor elementor-729\" data-elementor-settings=\"{&quot;ha_cmc_init_switcher&quot;:&quot;no&quot;}\">\n\t\t\t\t\t\t<section class=\"elementor-section elementor-top-section elementor-element elementor-element-4f2d9b5 elementor-section-boxed elementor-section-height-default elementor-section-height-default\" data-id=\"4f2d9b5\" data-element_type=\"section\" data-e-type=\"section\" data-settings=\"{&quot;background_background&quot;:&quot;classic&quot;,&quot;_ha_eqh_enable&quot;:false}\">\n\t\t\t\t\t\t<div class=\"elementor-container elementor-column-gap-default\">\n\t\t\t\t\t<div class=\"elementor-column elementor-col-50 elementor-top-column elementor-element elementor-element-ead8b7e\" data-id=\"ead8b7e\" data-element_type=\"column\" data-e-type=\"column\">\n\t\t\t<div class=\"elementor-widget-wrap elementor-element-populated\">\n\t\t\t\t\t\t<div class=\"elementor-element elementor-element-7c81bb9 elementor-widget elementor-widget-heading\" data-id=\"7c81bb9\" data-element_type=\"widget\" data-e-type=\"widget\" data-widget_type=\"heading.default\">\n\t\t\t\t<div class=\"elementor-widget-container\">\n\t\t\t\t\t<h2 class=\"elementor-heading-title elementor-size-default\">Mar\u00eda Gonz\u00e1lez Bull\u00f3n<\/h2>\t\t\t\t<\/div>\n\t\t\t\t<\/div>\n\t\t\t\t<div class=\"elementor-element elementor-element-9bdcf12 elementor-widget elementor-widget-heading\" data-id=\"9bdcf12\" data-element_type=\"widget\" data-e-type=\"widget\" data-widget_type=\"heading.default\">\n\t\t\t\t<div class=\"elementor-widget-container\">\n\t\t\t\t\t<h4 class=\"elementor-heading-title elementor-size-default\">Oboe<\/h4>\t\t\t\t<\/div>\n\t\t\t\t<\/div>\n\t\t\t\t<section class=\"elementor-section elementor-inner-section elementor-element elementor-element-695ebe0 elementor-section-boxed elementor-section-height-default elementor-section-height-default\" data-id=\"695ebe0\" data-element_type=\"section\" data-e-type=\"section\" data-settings=\"{&quot;_ha_eqh_enable&quot;:false}\">\n\t\t\t\t\t\t<div class=\"elementor-container elementor-column-gap-default\">\n\t\t\t\t\t<div class=\"elementor-column elementor-col-100 elementor-inner-column elementor-element elementor-element-16d7e9a\" data-id=\"16d7e9a\" data-element_type=\"column\" data-e-type=\"column\">\n\t\t\t<div class=\"elementor-widget-wrap elementor-element-populated\">\n\t\t\t\t\t\t<div class=\"elementor-element elementor-element-c0ca626 elementor-widget elementor-widget-text-editor\" data-id=\"c0ca626\" data-element_type=\"widget\" data-e-type=\"widget\" data-widget_type=\"text-editor.default\">\n\t\t\t\t<div class=\"elementor-widget-container\">\n\t\t\t\t\t\t\t\t\t<p>Nacida en Madrid (1996), inici\u00f3 sus estudios musicales a los ocho a\u00f1os en el 'Conservatorio Profesional Teresa Berganza'. Tras obtener el t\u00edtulo de grado superior en el 'Real Conservatorio Superior de M\u00fasica de Madrid' (RCSMM) en 2019, ingres\u00f3 en el 'Conservatorium van Amsterdam', donde obtuvo el t\u00edtulo de m\u00e1ster con Miriam Pastor Burgos como profesora principal.<\/p>\t\t\t\t\t\t\t\t<\/div>\n\t\t\t\t<\/div>\n\t\t\t\t<div class=\"elementor-element elementor-element-fa230e9 elementor-widget elementor-widget-toggle\" data-id=\"fa230e9\" data-element_type=\"widget\" data-e-type=\"widget\" data-widget_type=\"toggle.default\">\n\t\t\t\t<div class=\"elementor-widget-container\">\n\t\t\t\t\t\t\t<div class=\"elementor-toggle\">\n\t\t\t\t\t\t\t<div class=\"elementor-toggle-item\">\n\t\t\t\t\t<div id=\"elementor-tab-title-2621\" class=\"elementor-tab-title\" data-tab=\"1\" role=\"button\" aria-controls=\"elementor-tab-content-2621\" aria-expanded=\"false\">\n\t\t\t\t\t\t\t\t\t\t\t\t<span class=\"elementor-toggle-icon elementor-toggle-icon-left\" aria-hidden=\"true\">\n\t\t\t\t\t\t\t\t\t\t\t\t\t\t\t<span class=\"elementor-toggle-icon-closed\"><i class=\"fas fa-caret-right\"><\/i><\/span>\n\t\t\t\t\t\t\t\t<span class=\"elementor-toggle-icon-opened\"><i class=\"elementor-toggle-icon-opened fas fa-caret-up\"><\/i><\/span>\n\t\t\t\t\t\t\t\t\t\t\t\t\t<\/span>\n\t\t\t\t\t\t\t\t\t\t\t\t<a class=\"elementor-toggle-title\" tabindex=\"0\">Leer m\u00e1s<\/a>\n\t\t\t\t\t<\/div>\n\n\t\t\t\t\t<div id=\"elementor-tab-content-2621\" class=\"elementor-tab-content elementor-clearfix\" data-tab=\"1\" role=\"region\" aria-labelledby=\"elementor-tab-title-2621\"><p>Form\u00f3 parte de orquestas j\u00f3venes en Espa\u00f1a como JOSC (Joven Orquesta de Castell\u00f3n), OSUPM (Orquesta sinf\u00f3nica de la Universidad Polit\u00e9cnica de Madrid) y OSUCM (Orquesta Sinf\u00f3nica de la Universidad Complutense de Madrid).<\/p><p>Ha colaborado con jongNBE (Jong Nederlands Blazers Ensemble), UYO (Utrecht Youth Orchestra) y Orquesta Cl\u00e1sica Santa Cecilia (Fundaci\u00f3n Excellentia), entre otros.<\/p><\/div>\n\t\t\t\t<\/div>\n\t\t\t\t\t\t\t\t<\/div>\n\t\t\t\t\t\t<\/div>\n\t\t\t\t<\/div>\n\t\t\t\t\t<\/div>\n\t\t<\/div>\n\t\t\t\t\t<\/div>\n\t\t<\/section>\n\t\t\t\t\t<\/div>\n\t\t<\/div>\n\t\t\t\t<div class=\"elementor-column elementor-col-50 elementor-top-column elementor-element elementor-element-53f112e\" data-id=\"53f112e\" data-element_type=\"column\" data-e-type=\"column\">\n\t\t\t<div class=\"elementor-widget-wrap elementor-element-populated\">\n\t\t\t\t\t\t<div class=\"elementor-element elementor-element-5aaee3c elementor-widget elementor-widget-image\" data-id=\"5aaee3c\" data-element_type=\"widget\" data-e-type=\"widget\" data-widget_type=\"image.default\">\n\t\t\t\t<div class=\"elementor-widget-container\">\n\t\t\t\t\t\t\t\t\t\t\t\t\t\t\t<img fetchpriority=\"high\" decoding=\"async\" width=\"467\" height=\"700\" src=\"https:\/\/diantoreedquintet.com\/wp-content\/uploads\/2024\/02\/Maria-Gonzalez-Bullon\u200b_JessieKamp_008-2.jpg\" class=\"attachment-medium_large size-medium_large wp-image-2411\" alt=\"\" srcset=\"https:\/\/diantoreedquintet.com\/wp-content\/uploads\/2024\/02\/Maria-Gonzalez-Bullon\u200b_JessieKamp_008-2.jpg 467w, https:\/\/diantoreedquintet.com\/wp-content\/uploads\/2024\/02\/Maria-Gonzalez-Bullon\u200b_JessieKamp_008-2-200x300.jpg 200w\" sizes=\"(max-width: 467px) 100vw, 467px\" \/>\t\t\t\t\t\t\t\t\t\t\t\t\t\t\t<\/div>\n\t\t\t\t<\/div>\n\t\t\t\t\t<\/div>\n\t\t<\/div>\n\t\t\t\t\t<\/div>\n\t\t<\/section>\n\t\t\t\t<section class=\"elementor-section elementor-top-section elementor-element elementor-element-98d9792 elementor-section-boxed elementor-section-height-default elementor-section-height-default\" data-id=\"98d9792\" data-element_type=\"section\" data-e-type=\"section\" data-settings=\"{&quot;_ha_eqh_enable&quot;:false}\">\n\t\t\t\t\t\t<div class=\"elementor-container elementor-column-gap-default\">\n\t\t\t\t\t<div class=\"elementor-column elementor-col-50 elementor-top-column elementor-element elementor-element-3ce354d\" data-id=\"3ce354d\" data-element_type=\"column\" data-e-type=\"column\">\n\t\t\t<div class=\"elementor-widget-wrap elementor-element-populated\">\n\t\t\t\t\t\t<div class=\"elementor-element elementor-element-75a293a elementor-widget elementor-widget-heading\" data-id=\"75a293a\" data-element_type=\"widget\" data-e-type=\"widget\" data-widget_type=\"heading.default\">\n\t\t\t\t<div class=\"elementor-widget-container\">\n\t\t\t\t\t<h2 class=\"elementor-heading-title elementor-size-default\">Ovidi Mart\u00ed Garasa<\/h2>\t\t\t\t<\/div>\n\t\t\t\t<\/div>\n\t\t\t\t<div class=\"elementor-element elementor-element-5c04542 elementor-widget elementor-widget-heading\" data-id=\"5c04542\" data-element_type=\"widget\" data-e-type=\"widget\" data-widget_type=\"heading.default\">\n\t\t\t\t<div class=\"elementor-widget-container\">\n\t\t\t\t\t<h4 class=\"elementor-heading-title elementor-size-default\">Saxof\u00f3n<\/h4>\t\t\t\t<\/div>\n\t\t\t\t<\/div>\n\t\t\t\t<section class=\"elementor-section elementor-inner-section elementor-element elementor-element-c208de0 elementor-section-boxed elementor-section-height-default elementor-section-height-default\" data-id=\"c208de0\" data-element_type=\"section\" data-e-type=\"section\" data-settings=\"{&quot;_ha_eqh_enable&quot;:false}\">\n\t\t\t\t\t\t<div class=\"elementor-container elementor-column-gap-default\">\n\t\t\t\t\t<div class=\"elementor-column elementor-col-100 elementor-inner-column elementor-element elementor-element-b958980\" data-id=\"b958980\" data-element_type=\"column\" data-e-type=\"column\">\n\t\t\t<div class=\"elementor-widget-wrap elementor-element-populated\">\n\t\t\t\t\t\t<div class=\"elementor-element elementor-element-8855a5c elementor-widget elementor-widget-text-editor\" data-id=\"8855a5c\" data-element_type=\"widget\" data-e-type=\"widget\" data-widget_type=\"text-editor.default\">\n\t\t\t\t<div class=\"elementor-widget-container\">\n\t\t\t\t\t\t\t\t\t<p>Nacido en Vall d'Uix\u00f3, Castell\u00f3n (1996). Comenz\u00f3 a tocar en bandas desde su infancia, donde desarroll\u00f3 una extraordinaria t\u00e9cnica y capacidad para tocar con otros instrumentos de viento. Estudi\u00f3 en el 'Conservatori Mossen Francesc Pe\u00f1arroja' y en el 'Conservatori Superior de M\u00fasica de Castell\u00f3'. Influenciado por los maestros de la vieja escuela, la idea de un sonido oscuro, potente y redondo,y un vibrato amplio, lo llev\u00f3 a estudiar con Arno Bornkamp en \u00c1msterdam. Obtuvo su m\u00e1ster en 2021.<\/p>\t\t\t\t\t\t\t\t<\/div>\n\t\t\t\t<\/div>\n\t\t\t\t<div class=\"elementor-element elementor-element-ea4e0a9 elementor-widget elementor-widget-toggle\" data-id=\"ea4e0a9\" data-element_type=\"widget\" data-e-type=\"widget\" data-widget_type=\"toggle.default\">\n\t\t\t\t<div class=\"elementor-widget-container\">\n\t\t\t\t\t\t\t<div class=\"elementor-toggle\">\n\t\t\t\t\t\t\t<div class=\"elementor-toggle-item\">\n\t\t\t\t\t<div id=\"elementor-tab-title-2451\" class=\"elementor-tab-title\" data-tab=\"1\" role=\"button\" aria-controls=\"elementor-tab-content-2451\" aria-expanded=\"false\">\n\t\t\t\t\t\t\t\t\t\t\t\t<span class=\"elementor-toggle-icon elementor-toggle-icon-left\" aria-hidden=\"true\">\n\t\t\t\t\t\t\t\t\t\t\t\t\t\t\t<span class=\"elementor-toggle-icon-closed\"><i class=\"fas fa-caret-right\"><\/i><\/span>\n\t\t\t\t\t\t\t\t<span class=\"elementor-toggle-icon-opened\"><i class=\"elementor-toggle-icon-opened fas fa-caret-up\"><\/i><\/span>\n\t\t\t\t\t\t\t\t\t\t\t\t\t<\/span>\n\t\t\t\t\t\t\t\t\t\t\t\t<a class=\"elementor-toggle-title\" tabindex=\"0\">Leer m\u00e1s<\/a>\n\t\t\t\t\t<\/div>\n\n\t\t\t\t\t<div id=\"elementor-tab-content-2451\" class=\"elementor-tab-content elementor-clearfix\" data-tab=\"1\" role=\"region\" aria-labelledby=\"elementor-tab-title-2451\"><p>Ha formado parte de diferentes agrupaciones musicales como NBE, Ricciotti Ensemble, Orquesta Nacional Juvenil de Holanda, Orquesta Sinf\u00f3nica CvA y jongNBE (Jong Nederlands<span style=\"font-style: inherit; font-weight: inherit; color: var( --e-global-color-primary ); font-family: var( --e-global-typography-text-font-family ), MarseliaPro-Bold; background-color: var( --e-global-color-e167b17 ); letter-spacing: 0.1px;\">\u00a0Blazers Ensemble), entre otros.<\/span><\/p><\/div>\n\t\t\t\t<\/div>\n\t\t\t\t\t\t\t\t<\/div>\n\t\t\t\t\t\t<\/div>\n\t\t\t\t<\/div>\n\t\t\t\t\t<\/div>\n\t\t<\/div>\n\t\t\t\t\t<\/div>\n\t\t<\/section>\n\t\t\t\t\t<\/div>\n\t\t<\/div>\n\t\t\t\t<div class=\"elementor-column elementor-col-50 elementor-top-column elementor-element elementor-element-87d1cef\" data-id=\"87d1cef\" data-element_type=\"column\" data-e-type=\"column\">\n\t\t\t<div class=\"elementor-widget-wrap elementor-element-populated\">\n\t\t\t\t\t\t<div class=\"elementor-element elementor-element-d98487f elementor-widget elementor-widget-image\" data-id=\"d98487f\" data-element_type=\"widget\" data-e-type=\"widget\" data-widget_type=\"image.default\">\n\t\t\t\t<div class=\"elementor-widget-container\">\n\t\t\t\t\t\t\t\t\t\t\t\t\t\t\t<img decoding=\"async\" width=\"768\" height=\"1152\" src=\"https:\/\/diantoreedquintet.com\/wp-content\/uploads\/2024\/02\/20231205_DiantoReedQuintet_JessieKamp_012-2-768x1152.jpg\" class=\"attachment-medium_large size-medium_large wp-image-2440\" alt=\"\" srcset=\"https:\/\/diantoreedquintet.com\/wp-content\/uploads\/2024\/02\/20231205_DiantoReedQuintet_JessieKamp_012-2-768x1152.jpg 768w, https:\/\/diantoreedquintet.com\/wp-content\/uploads\/2024\/02\/20231205_DiantoReedQuintet_JessieKamp_012-2-200x300.jpg 200w, https:\/\/diantoreedquintet.com\/wp-content\/uploads\/2024\/02\/20231205_DiantoReedQuintet_JessieKamp_012-2-683x1024.jpg 683w, https:\/\/diantoreedquintet.com\/wp-content\/uploads\/2024\/02\/20231205_DiantoReedQuintet_JessieKamp_012-2-1024x1536.jpg 1024w, https:\/\/diantoreedquintet.com\/wp-content\/uploads\/2024\/02\/20231205_DiantoReedQuintet_JessieKamp_012-2.jpg 1365w\" sizes=\"(max-width: 768px) 100vw, 768px\" \/>\t\t\t\t\t\t\t\t\t\t\t\t\t\t\t<\/div>\n\t\t\t\t<\/div>\n\t\t\t\t\t<\/div>\n\t\t<\/div>\n\t\t\t\t\t<\/div>\n\t\t<\/section>\n\t\t\t\t<section class=\"elementor-section elementor-top-section elementor-element elementor-element-bea70d5 elementor-section-boxed elementor-section-height-default elementor-section-height-default\" data-id=\"bea70d5\" data-element_type=\"section\" data-e-type=\"section\" data-settings=\"{&quot;_ha_eqh_enable&quot;:false}\">\n\t\t\t\t\t\t<div class=\"elementor-container elementor-column-gap-default\">\n\t\t\t\t\t<div class=\"elementor-column elementor-col-50 elementor-top-column elementor-element elementor-element-f67475d\" data-id=\"f67475d\" data-element_type=\"column\" data-e-type=\"column\">\n\t\t\t<div class=\"elementor-widget-wrap elementor-element-populated\">\n\t\t\t\t\t\t<div class=\"elementor-element elementor-element-78c49dd elementor-widget elementor-widget-heading\" data-id=\"78c49dd\" data-element_type=\"widget\" data-e-type=\"widget\" data-widget_type=\"heading.default\">\n\t\t\t\t<div class=\"elementor-widget-container\">\n\t\t\t\t\t<h2 class=\"elementor-heading-title elementor-size-default\">Mar\u00eda Losada Burgo<\/h2>\t\t\t\t<\/div>\n\t\t\t\t<\/div>\n\t\t\t\t<div class=\"elementor-element elementor-element-a80c0e4 elementor-widget elementor-widget-heading\" data-id=\"a80c0e4\" data-element_type=\"widget\" data-e-type=\"widget\" data-widget_type=\"heading.default\">\n\t\t\t\t<div class=\"elementor-widget-container\">\n\t\t\t\t\t<h4 class=\"elementor-heading-title elementor-size-default\">Fagot<\/h4>\t\t\t\t<\/div>\n\t\t\t\t<\/div>\n\t\t\t\t<section class=\"elementor-section elementor-inner-section elementor-element elementor-element-82dd371 elementor-section-boxed elementor-section-height-default elementor-section-height-default\" data-id=\"82dd371\" data-element_type=\"section\" data-e-type=\"section\" data-settings=\"{&quot;_ha_eqh_enable&quot;:false}\">\n\t\t\t\t\t\t<div class=\"elementor-container elementor-column-gap-default\">\n\t\t\t\t\t<div class=\"elementor-column elementor-col-100 elementor-inner-column elementor-element elementor-element-294864f\" data-id=\"294864f\" data-element_type=\"column\" data-e-type=\"column\">\n\t\t\t<div class=\"elementor-widget-wrap elementor-element-populated\">\n\t\t\t\t\t\t<div class=\"elementor-element elementor-element-2c6998f elementor-widget elementor-widget-text-editor\" data-id=\"2c6998f\" data-element_type=\"widget\" data-e-type=\"widget\" data-widget_type=\"text-editor.default\">\n\t\t\t\t<div class=\"elementor-widget-container\">\n\t\t\t\t\t\t\t\t\t<p>Nacida en Lugo, Galicia (1996), inici\u00f3 sus estudios en el &#039;Conservatorio Profesional de M\u00fasica Xo\u00e1n Montes&#039;. Estudi\u00f3 la licenciatura en el Conservatorio Superior de M\u00fasica de Arag\u00f3n de Zaragoza y el m\u00e1ster en el Conservatorio van Amsterdam, con Simon Van Holen como profesor principal. Tambi\u00e9n realiz\u00f3 el Curso de Especializaci\u00f3n Instrumental en Fagot en la Escuela de Altos Estudios Musicales de Galicia.<\/p>\t\t\t\t\t\t\t\t<\/div>\n\t\t\t\t<\/div>\n\t\t\t\t<div class=\"elementor-element elementor-element-ef3a029 elementor-widget elementor-widget-toggle\" data-id=\"ef3a029\" data-element_type=\"widget\" data-e-type=\"widget\" data-widget_type=\"toggle.default\">\n\t\t\t\t<div class=\"elementor-widget-container\">\n\t\t\t\t\t\t\t<div class=\"elementor-toggle\">\n\t\t\t\t\t\t\t<div class=\"elementor-toggle-item\">\n\t\t\t\t\t<div id=\"elementor-tab-title-2501\" class=\"elementor-tab-title\" data-tab=\"1\" role=\"button\" aria-controls=\"elementor-tab-content-2501\" aria-expanded=\"false\">\n\t\t\t\t\t\t\t\t\t\t\t\t<span class=\"elementor-toggle-icon elementor-toggle-icon-left\" aria-hidden=\"true\">\n\t\t\t\t\t\t\t\t\t\t\t\t\t\t\t<span class=\"elementor-toggle-icon-closed\"><i class=\"fas fa-caret-right\"><\/i><\/span>\n\t\t\t\t\t\t\t\t<span class=\"elementor-toggle-icon-opened\"><i class=\"elementor-toggle-icon-opened fas fa-caret-up\"><\/i><\/span>\n\t\t\t\t\t\t\t\t\t\t\t\t\t<\/span>\n\t\t\t\t\t\t\t\t\t\t\t\t<a class=\"elementor-toggle-title\" tabindex=\"0\">Leer m\u00e1s<\/a>\n\t\t\t\t\t<\/div>\n\n\t\t\t\t\t<div id=\"elementor-tab-content-2501\" class=\"elementor-tab-content elementor-clearfix\" data-tab=\"1\" role=\"region\" aria-labelledby=\"elementor-tab-title-2501\"><p><span style=\"font-style: inherit; font-weight: inherit; color: var( --e-global-color-primary ); font-family: var( --e-global-typography-text-font-family ), MarseliaPro-Bold; background-color: var( --e-global-color-e167b17 ); letter-spacing: 0.1px;\">Colabor\u00f3 con varias orquestas y formaciones de m\u00fasica de c\u00e1mara, como Nederlands Blazers Ensemble y Orquesta Sinf\u00f3nica &#039;Ciudad de Zaragoza&#039;, entre otras.<\/span><\/p>\n<p><span style=\"font-style: inherit; font-weight: inherit; color: var( --e-global-color-primary ); font-family: var( --e-global-typography-text-font-family ), MarseliaPro-Bold; background-color: var( --e-global-color-e167b17 ); letter-spacing: 0.1px;\">Ha sido miembro del Jong Nederlands Blazers Ensemble (jongNBE) y de la Joven Orquesta de Espa\u00f1a (JONDE), entre otras varias orquestas juveniles.<\/span><\/p><\/div>\n\t\t\t\t<\/div>\n\t\t\t\t\t\t\t\t<\/div>\n\t\t\t\t\t\t<\/div>\n\t\t\t\t<\/div>\n\t\t\t\t\t<\/div>\n\t\t<\/div>\n\t\t\t\t\t<\/div>\n\t\t<\/section>\n\t\t\t\t\t<\/div>\n\t\t<\/div>\n\t\t\t\t<div class=\"elementor-column elementor-col-50 elementor-top-column elementor-element elementor-element-792af98\" data-id=\"792af98\" data-element_type=\"column\" data-e-type=\"column\">\n\t\t\t<div class=\"elementor-widget-wrap elementor-element-populated\">\n\t\t\t\t\t\t<div class=\"elementor-element elementor-element-62f5014 elementor-widget elementor-widget-image\" data-id=\"62f5014\" data-element_type=\"widget\" data-e-type=\"widget\" data-widget_type=\"image.default\">\n\t\t\t\t<div class=\"elementor-widget-container\">\n\t\t\t\t\t\t\t\t\t\t\t\t\t\t\t<img decoding=\"async\" width=\"768\" height=\"1152\" src=\"https:\/\/diantoreedquintet.com\/wp-content\/uploads\/2024\/02\/20231205_DiantoReedQuintet_JessieKamp_009-2-768x1152.jpg\" class=\"attachment-medium_large size-medium_large wp-image-2448\" alt=\"\" srcset=\"https:\/\/diantoreedquintet.com\/wp-content\/uploads\/2024\/02\/20231205_DiantoReedQuintet_JessieKamp_009-2-768x1152.jpg 768w, https:\/\/diantoreedquintet.com\/wp-content\/uploads\/2024\/02\/20231205_DiantoReedQuintet_JessieKamp_009-2-200x300.jpg 200w, https:\/\/diantoreedquintet.com\/wp-content\/uploads\/2024\/02\/20231205_DiantoReedQuintet_JessieKamp_009-2-683x1024.jpg 683w, https:\/\/diantoreedquintet.com\/wp-content\/uploads\/2024\/02\/20231205_DiantoReedQuintet_JessieKamp_009-2-1024x1536.jpg 1024w, https:\/\/diantoreedquintet.com\/wp-content\/uploads\/2024\/02\/20231205_DiantoReedQuintet_JessieKamp_009-2.jpg 1365w\" sizes=\"(max-width: 768px) 100vw, 768px\" \/>\t\t\t\t\t\t\t\t\t\t\t\t\t\t\t<\/div>\n\t\t\t\t<\/div>\n\t\t\t\t\t<\/div>\n\t\t<\/div>\n\t\t\t\t\t<\/div>\n\t\t<\/section>\n\t\t\t\t<section class=\"elementor-section elementor-top-section elementor-element elementor-element-a6d456f elementor-section-boxed elementor-section-height-default elementor-section-height-default\" data-id=\"a6d456f\" data-element_type=\"section\" data-e-type=\"section\" data-settings=\"{&quot;_ha_eqh_enable&quot;:false}\">\n\t\t\t\t\t\t<div class=\"elementor-container elementor-column-gap-default\">\n\t\t\t\t\t<div class=\"elementor-column elementor-col-50 elementor-top-column elementor-element elementor-element-456a765\" data-id=\"456a765\" data-element_type=\"column\" data-e-type=\"column\">\n\t\t\t<div class=\"elementor-widget-wrap elementor-element-populated\">\n\t\t\t\t\t\t<div class=\"elementor-element elementor-element-73ff524 elementor-widget elementor-widget-heading\" data-id=\"73ff524\" data-element_type=\"widget\" data-e-type=\"widget\" data-widget_type=\"heading.default\">\n\t\t\t\t<div class=\"elementor-widget-container\">\n\t\t\t\t\t<h2 class=\"elementor-heading-title elementor-size-default\">Erik Steven Rojas Toapanta<\/h2>\t\t\t\t<\/div>\n\t\t\t\t<\/div>\n\t\t\t\t<div class=\"elementor-element elementor-element-5efb6ad elementor-widget elementor-widget-heading\" data-id=\"5efb6ad\" data-element_type=\"widget\" data-e-type=\"widget\" data-widget_type=\"heading.default\">\n\t\t\t\t<div class=\"elementor-widget-container\">\n\t\t\t\t\t<h4 class=\"elementor-heading-title elementor-size-default\">Clarinete bajo<\/h4>\t\t\t\t<\/div>\n\t\t\t\t<\/div>\n\t\t\t\t<section class=\"elementor-section elementor-inner-section elementor-element elementor-element-9dff419 elementor-section-boxed elementor-section-height-default elementor-section-height-default\" data-id=\"9dff419\" data-element_type=\"section\" data-e-type=\"section\" data-settings=\"{&quot;_ha_eqh_enable&quot;:false}\">\n\t\t\t\t\t\t<div class=\"elementor-container elementor-column-gap-default\">\n\t\t\t\t\t<div class=\"elementor-column elementor-col-100 elementor-inner-column elementor-element elementor-element-cef137f\" data-id=\"cef137f\" data-element_type=\"column\" data-e-type=\"column\">\n\t\t\t<div class=\"elementor-widget-wrap elementor-element-populated\">\n\t\t\t\t\t\t<div class=\"elementor-element elementor-element-4ee85f7 elementor-widget elementor-widget-text-editor\" data-id=\"4ee85f7\" data-element_type=\"widget\" data-e-type=\"widget\" data-widget_type=\"text-editor.default\">\n\t\t\t\t<div class=\"elementor-widget-container\">\n\t\t\t\t\t\t\t\t\t<p>Nacido en Quito, Ecuador (1994). Se traslad\u00f3 a Valencia (Espa\u00f1a) donde comienz\u00f3 su carrera musical en el 'Conservatorio Joaqu\u00edn Rodrigo' de Sagunto, y posteriormente el grado superior en el 'Conservatorio Superior de M\u00fasica de Arag\u00f3n', Zaragoza. En 2017 se mud\u00f3 a \u00c1msterdam para realizar su m\u00e1ster en clarinete\/clarinete hist\u00f3rico en el 'Conservatorium van Amsterdam', bajo la direcci\u00f3n de Harmen de Boer y Frank van den Brink. Con un enorme inter\u00e9s por el clarinete bajo, comenz\u00f3 a especializarse con Davide Lattuada.<\/p>\t\t\t\t\t\t\t\t<\/div>\n\t\t\t\t<\/div>\n\t\t\t\t<div class=\"elementor-element elementor-element-f75e4c1 elementor-widget elementor-widget-toggle\" data-id=\"f75e4c1\" data-element_type=\"widget\" data-e-type=\"widget\" data-widget_type=\"toggle.default\">\n\t\t\t\t<div class=\"elementor-widget-container\">\n\t\t\t\t\t\t\t<div class=\"elementor-toggle\">\n\t\t\t\t\t\t\t<div class=\"elementor-toggle-item\">\n\t\t\t\t\t<div id=\"elementor-tab-title-2591\" class=\"elementor-tab-title\" data-tab=\"1\" role=\"button\" aria-controls=\"elementor-tab-content-2591\" aria-expanded=\"false\">\n\t\t\t\t\t\t\t\t\t\t\t\t<span class=\"elementor-toggle-icon elementor-toggle-icon-left\" aria-hidden=\"true\">\n\t\t\t\t\t\t\t\t\t\t\t\t\t\t\t<span class=\"elementor-toggle-icon-closed\"><i class=\"fas fa-caret-right\"><\/i><\/span>\n\t\t\t\t\t\t\t\t<span class=\"elementor-toggle-icon-opened\"><i class=\"elementor-toggle-icon-opened fas fa-caret-up\"><\/i><\/span>\n\t\t\t\t\t\t\t\t\t\t\t\t\t<\/span>\n\t\t\t\t\t\t\t\t\t\t\t\t<a class=\"elementor-toggle-title\" tabindex=\"0\">Leer m\u00e1s<\/a>\n\t\t\t\t\t<\/div>\n\n\t\t\t\t\t<div id=\"elementor-tab-content-2591\" class=\"elementor-tab-content elementor-clearfix\" data-tab=\"1\" role=\"region\" aria-labelledby=\"elementor-tab-title-2591\"><p>Erik ha colaborado con multitud de conjuntos y orquestas; Joven Orquesta Nacional de Pa\u00edses Bajos (NJO), Dutch Blazers Ensemble (NBE), De Nieuwe Philarmonie Utrecht, Dutch National Opera, Residentie Orkest, Radio Filharmonish Orkest y Concertgebouw Chamber Orchestra, entre otras.<\/p><\/div>\n\t\t\t\t<\/div>\n\t\t\t\t\t\t\t\t<\/div>\n\t\t\t\t\t\t<\/div>\n\t\t\t\t<\/div>\n\t\t\t\t\t<\/div>\n\t\t<\/div>\n\t\t\t\t\t<\/div>\n\t\t<\/section>\n\t\t\t\t\t<\/div>\n\t\t<\/div>\n\t\t\t\t<div class=\"elementor-column elementor-col-50 elementor-top-column elementor-element elementor-element-7d3be35\" data-id=\"7d3be35\" data-element_type=\"column\" data-e-type=\"column\">\n\t\t\t<div class=\"elementor-widget-wrap elementor-element-populated\">\n\t\t\t\t\t\t<div class=\"elementor-element elementor-element-1527c79 elementor-widget elementor-widget-image\" data-id=\"1527c79\" data-element_type=\"widget\" data-e-type=\"widget\" data-widget_type=\"image.default\">\n\t\t\t\t<div class=\"elementor-widget-container\">\n\t\t\t\t\t\t\t\t\t\t\t\t\t\t\t<img loading=\"lazy\" decoding=\"async\" width=\"768\" height=\"1152\" src=\"https:\/\/diantoreedquintet.com\/wp-content\/uploads\/2024\/02\/20231205_DiantoReedQuintet_JessieKamp_011-2-768x1152.jpg\" class=\"attachment-medium_large size-medium_large wp-image-2456\" alt=\"\" srcset=\"https:\/\/diantoreedquintet.com\/wp-content\/uploads\/2024\/02\/20231205_DiantoReedQuintet_JessieKamp_011-2-768x1152.jpg 768w, https:\/\/diantoreedquintet.com\/wp-content\/uploads\/2024\/02\/20231205_DiantoReedQuintet_JessieKamp_011-2-200x300.jpg 200w, https:\/\/diantoreedquintet.com\/wp-content\/uploads\/2024\/02\/20231205_DiantoReedQuintet_JessieKamp_011-2-683x1024.jpg 683w, https:\/\/diantoreedquintet.com\/wp-content\/uploads\/2024\/02\/20231205_DiantoReedQuintet_JessieKamp_011-2-1024x1536.jpg 1024w, https:\/\/diantoreedquintet.com\/wp-content\/uploads\/2024\/02\/20231205_DiantoReedQuintet_JessieKamp_011-2.jpg 1365w\" sizes=\"(max-width: 768px) 100vw, 768px\" \/>\t\t\t\t\t\t\t\t\t\t\t\t\t\t\t<\/div>\n\t\t\t\t<\/div>\n\t\t\t\t\t<\/div>\n\t\t<\/div>\n\t\t\t\t\t<\/div>\n\t\t<\/section>\n\t\t\t\t<section class=\"elementor-section elementor-top-section elementor-element elementor-element-56ba562 elementor-section-boxed elementor-section-height-default elementor-section-height-default\" data-id=\"56ba562\" data-element_type=\"section\" data-e-type=\"section\" data-settings=\"{&quot;_ha_eqh_enable&quot;:false}\">\n\t\t\t\t\t\t<div class=\"elementor-container elementor-column-gap-default\">\n\t\t\t\t\t<div class=\"elementor-column elementor-col-50 elementor-top-column elementor-element elementor-element-ed2bca7\" data-id=\"ed2bca7\" data-element_type=\"column\" data-e-type=\"column\">\n\t\t\t<div class=\"elementor-widget-wrap elementor-element-populated\">\n\t\t\t\t\t\t<div class=\"elementor-element elementor-element-626d76c elementor-widget elementor-widget-heading\" data-id=\"626d76c\" data-element_type=\"widget\" data-e-type=\"widget\" data-widget_type=\"heading.default\">\n\t\t\t\t<div class=\"elementor-widget-container\">\n\t\t\t\t\t<h2 class=\"elementor-heading-title elementor-size-default\">Mar\u00eda Luisa Olmos Ros<\/h2>\t\t\t\t<\/div>\n\t\t\t\t<\/div>\n\t\t\t\t<div class=\"elementor-element elementor-element-e13fc8d elementor-widget elementor-widget-heading\" data-id=\"e13fc8d\" data-element_type=\"widget\" data-e-type=\"widget\" data-widget_type=\"heading.default\">\n\t\t\t\t<div class=\"elementor-widget-container\">\n\t\t\t\t\t<h4 class=\"elementor-heading-title elementor-size-default\">Clarinete<\/h4>\t\t\t\t<\/div>\n\t\t\t\t<\/div>\n\t\t\t\t<section class=\"elementor-section elementor-inner-section elementor-element elementor-element-13d70ac elementor-section-boxed elementor-section-height-default elementor-section-height-default\" data-id=\"13d70ac\" data-element_type=\"section\" data-e-type=\"section\" data-settings=\"{&quot;_ha_eqh_enable&quot;:false}\">\n\t\t\t\t\t\t<div class=\"elementor-container elementor-column-gap-default\">\n\t\t\t\t\t<div class=\"elementor-column elementor-col-100 elementor-inner-column elementor-element elementor-element-b8fc07b\" data-id=\"b8fc07b\" data-element_type=\"column\" data-e-type=\"column\">\n\t\t\t<div class=\"elementor-widget-wrap elementor-element-populated\">\n\t\t\t\t\t\t<div class=\"elementor-element elementor-element-bf411a9 elementor-widget elementor-widget-text-editor\" data-id=\"bf411a9\" data-element_type=\"widget\" data-e-type=\"widget\" data-widget_type=\"text-editor.default\">\n\t\t\t\t<div class=\"elementor-widget-container\">\n\t\t\t\t\t\t\t\t\t<p>Nacida en Torrepacheco, Murcia (1996), inici\u00f3 sus estudios de clarinete a los 8 a\u00f1os en su ciudad natal. En 2017 obtuvo su grado superior en el 'Conservatorio Superior Oscar Espl\u00e1' (Alicante) y se traslad\u00f3 a Pa\u00edses Bajos para estudiar su m\u00e1ster en el 'Conservatorium van Amsterdam', donde se gradu\u00f3 en 2020.<\/p>\t\t\t\t\t\t\t\t<\/div>\n\t\t\t\t<\/div>\n\t\t\t\t<div class=\"elementor-element elementor-element-869e77a elementor-widget elementor-widget-toggle\" data-id=\"869e77a\" data-element_type=\"widget\" data-e-type=\"widget\" data-widget_type=\"toggle.default\">\n\t\t\t\t<div class=\"elementor-widget-container\">\n\t\t\t\t\t\t\t<div class=\"elementor-toggle\">\n\t\t\t\t\t\t\t<div class=\"elementor-toggle-item\">\n\t\t\t\t\t<div id=\"elementor-tab-title-1411\" class=\"elementor-tab-title\" data-tab=\"1\" role=\"button\" aria-controls=\"elementor-tab-content-1411\" aria-expanded=\"false\">\n\t\t\t\t\t\t\t\t\t\t\t\t<span class=\"elementor-toggle-icon elementor-toggle-icon-left\" aria-hidden=\"true\">\n\t\t\t\t\t\t\t\t\t\t\t\t\t\t\t<span class=\"elementor-toggle-icon-closed\"><i class=\"fas fa-caret-right\"><\/i><\/span>\n\t\t\t\t\t\t\t\t<span class=\"elementor-toggle-icon-opened\"><i class=\"elementor-toggle-icon-opened fas fa-caret-up\"><\/i><\/span>\n\t\t\t\t\t\t\t\t\t\t\t\t\t<\/span>\n\t\t\t\t\t\t\t\t\t\t\t\t<a class=\"elementor-toggle-title\" tabindex=\"0\">Leer m\u00e1s<\/a>\n\t\t\t\t\t<\/div>\n\n\t\t\t\t\t<div id=\"elementor-tab-content-1411\" class=\"elementor-tab-content elementor-clearfix\" data-tab=\"1\" role=\"region\" aria-labelledby=\"elementor-tab-title-1411\"><p>Ha sidomiembro de la Joven Orquesta Nacional de Espa\u00f1a desde 2016, y miembro reserva de la Joven Orquesta de la Uni\u00f3n Europea (EUYO) y de la West Eastern Divan Orchestra. Obtuvo el Primer Premio en <em>Fundaci\u00f3n Musical Yamaha en Europa <\/em>(2018) y en <em>XVII Concurso Nacional de J\u00f3venes Int\u00e9rpretes de X\u00e0tiva <\/em>(2016).<\/p><p>Adem\u00e1s, es suplente oficial de la Orquesta Sinf\u00f3nica de Mallorca y ha colaborado con orquestas profesionales como Phion Orkest van Gelderland &amp; Overijssel, Orquesta de C\u00e1mara de Mallorca, Orquesta Sinf\u00f3nica Regi\u00f3n de Murcia, Nederlands Bedeleindingorkest, Dutch National Opera Academy y Orquesta Sinf\u00f3nica de Bankia. Adem\u00e1s, ha sido seleccionada como profesora de clarinete por la Secretar\u00eda General Iberoamericana (SEGIB) para participar en proyectos educativos en Guatemala (2018) y Chile (2019).<\/p><\/div>\n\t\t\t\t<\/div>\n\t\t\t\t\t\t\t\t<\/div>\n\t\t\t\t\t\t<\/div>\n\t\t\t\t<\/div>\n\t\t\t\t\t<\/div>\n\t\t<\/div>\n\t\t\t\t\t<\/div>\n\t\t<\/section>\n\t\t\t\t\t<\/div>\n\t\t<\/div>\n\t\t\t\t<div class=\"elementor-column elementor-col-50 elementor-top-column elementor-element elementor-element-3fd9029\" data-id=\"3fd9029\" data-element_type=\"column\" data-e-type=\"column\">\n\t\t\t<div class=\"elementor-widget-wrap elementor-element-populated\">\n\t\t\t\t\t\t<div class=\"elementor-element elementor-element-eee86f0 elementor-widget elementor-widget-image\" data-id=\"eee86f0\" data-element_type=\"widget\" data-e-type=\"widget\" data-widget_type=\"image.default\">\n\t\t\t\t<div class=\"elementor-widget-container\">\n\t\t\t\t\t\t\t\t\t\t\t\t\t\t\t<img loading=\"lazy\" decoding=\"async\" width=\"768\" height=\"1152\" src=\"https:\/\/diantoreedquintet.com\/wp-content\/uploads\/2024\/02\/20231205_DiantoReedQuintet_JessieKamp_010-2-768x1152.jpg\" class=\"attachment-medium_large size-medium_large wp-image-2463\" alt=\"\" srcset=\"https:\/\/diantoreedquintet.com\/wp-content\/uploads\/2024\/02\/20231205_DiantoReedQuintet_JessieKamp_010-2-768x1152.jpg 768w, https:\/\/diantoreedquintet.com\/wp-content\/uploads\/2024\/02\/20231205_DiantoReedQuintet_JessieKamp_010-2-200x300.jpg 200w, https:\/\/diantoreedquintet.com\/wp-content\/uploads\/2024\/02\/20231205_DiantoReedQuintet_JessieKamp_010-2-683x1024.jpg 683w, https:\/\/diantoreedquintet.com\/wp-content\/uploads\/2024\/02\/20231205_DiantoReedQuintet_JessieKamp_010-2-1024x1536.jpg 1024w, https:\/\/diantoreedquintet.com\/wp-content\/uploads\/2024\/02\/20231205_DiantoReedQuintet_JessieKamp_010-2.jpg 1365w\" sizes=\"(max-width: 768px) 100vw, 768px\" \/>\t\t\t\t\t\t\t\t\t\t\t\t\t\t\t<\/div>\n\t\t\t\t<\/div>\n\t\t\t\t\t<\/div>\n\t\t<\/div>\n\t\t\t\t\t<\/div>\n\t\t<\/section>\n\t\t\t\t<section class=\"elementor-section elementor-top-section elementor-element elementor-element-65bbf63 elementor-section-boxed elementor-section-height-default elementor-section-height-default\" data-id=\"65bbf63\" data-element_type=\"section\" data-e-type=\"section\" data-settings=\"{&quot;background_background&quot;:&quot;classic&quot;,&quot;_ha_eqh_enable&quot;:false}\">\n\t\t\t\t\t\t<div class=\"elementor-container elementor-column-gap-default\">\n\t\t\t\t\t<div class=\"elementor-column elementor-col-100 elementor-top-column elementor-element elementor-element-5bc38c0\" data-id=\"5bc38c0\" data-element_type=\"column\" data-e-type=\"column\">\n\t\t\t<div class=\"elementor-widget-wrap elementor-element-populated\">\n\t\t\t\t\t\t<div class=\"elementor-element elementor-element-2fbefd3 elementor-view-default elementor-widget elementor-widget-icon\" data-id=\"2fbefd3\" data-element_type=\"widget\" data-e-type=\"widget\" data-widget_type=\"icon.default\">\n\t\t\t\t<div class=\"elementor-widget-container\">\n\t\t\t\t\t\t\t<div class=\"elementor-icon-wrapper\">\n\t\t\t<div class=\"elementor-icon\">\n\t\t\t<i aria-hidden=\"true\" class=\"fas fa-quote-left\"><\/i>\t\t\t<\/div>\n\t\t<\/div>\n\t\t\t\t\t\t<\/div>\n\t\t\t\t<\/div>\n\t\t\t\t<div class=\"elementor-element elementor-element-bc2b4b4 elementor-widget elementor-widget-text-editor\" data-id=\"bc2b4b4\" data-element_type=\"widget\" data-e-type=\"widget\" data-widget_type=\"text-editor.default\">\n\t\t\t\t<div class=\"elementor-widget-container\">\n\t\t\t\t\t\t\t\t\tFrank van den Brink \u2013 Grachtenfestival Conservatorium Concours 2021\t\t\t\t\t\t\t\t<\/div>\n\t\t\t\t<\/div>\n\t\t\t\t<div class=\"elementor-element elementor-element-49c367c elementor-widget elementor-widget-text-editor\" data-id=\"49c367c\" data-element_type=\"widget\" data-e-type=\"widget\" data-widget_type=\"text-editor.default\">\n\t\t\t\t<div class=\"elementor-widget-container\">\n\t\t\t\t\t\t\t\t\t<p>\u201cImpresionaron al jurado con su flexibilidad en la actuaci\u00f3n, su excelente interacci\u00f3n, todo interpretado de memoria y todo ello con una coreograf\u00eda teatral cautivadora\u201d.<\/p>\t\t\t\t\t\t\t\t<\/div>\n\t\t\t\t<\/div>\n\t\t\t\t\t<\/div>\n\t\t<\/div>\n\t\t\t\t\t<\/div>\n\t\t<\/section>\n\t\t\t\t<\/div>","protected":false},"excerpt":{"rendered":"<p>Mar\u00eda Gonz\u00e1lez Bull\u00f3n Oboe Born in Madrid (1996), she began her musical studies at the age of eight at the &#8216;Conservatorio Profesional Teresa Berganza&#8217;. After getting the bachelor&#8217;s diploma from &#8216;Real Conservatorio Superior de M\u00fasica de Madrid&#8217; (RCSMM) in 2019, she got admitted to the &#8216;Conservatorium van Amsterdam&#8217;, where she got her master&#8217;s degree with [&hellip;]<\/p>\n","protected":false},"author":1,"featured_media":0,"parent":0,"menu_order":0,"comment_status":"closed","ping_status":"closed","template":"","meta":{"_monsterinsights_skip_tracking":false,"_monsterinsights_sitenote_active":false,"_monsterinsights_sitenote_note":"","_monsterinsights_sitenote_category":0,"site-sidebar-layout":"no-sidebar","site-content-layout":"page-builder","ast-site-content-layout":"","site-content-style":"default","site-sidebar-style":"default","ast-global-header-display":"","ast-banner-title-visibility":"","ast-main-header-display":"","ast-hfb-above-header-display":"","ast-hfb-below-header-display":"","ast-hfb-mobile-header-display":"","site-post-title":"disabled","ast-breadcrumbs-content":"","ast-featured-img":"disabled","footer-sml-layout":"","theme-transparent-header-meta":"default","adv-header-id-meta":"","stick-header-meta":"","header-above-stick-meta":"","header-main-stick-meta":"","header-below-stick-meta":"","astra-migrate-meta-layouts":"default","ast-page-background-enabled":"default","ast-page-background-meta":{"desktop":{"background-color":"","background-image":"","background-repeat":"repeat","background-position":"center center","background-size":"auto","background-attachment":"scroll","background-type":"","background-media":"","overlay-type":"","overlay-color":"","overlay-gradient":""},"tablet":{"background-color":"","background-image":"","background-repeat":"repeat","background-position":"center center","background-size":"auto","background-attachment":"scroll","background-type":"","background-media":"","overlay-type":"","overlay-color":"","overlay-gradient":""},"mobile":{"background-color":"","background-image":"","background-repeat":"repeat","background-position":"center center","background-size":"auto","background-attachment":"scroll","background-type":"","background-media":"","overlay-type":"","overlay-color":"","overlay-gradient":""}},"ast-content-background-meta":{"desktop":{"background-color":"var(--ast-global-color-5)","background-image":"","background-repeat":"repeat","background-position":"center center","background-size":"auto","background-attachment":"scroll","background-type":"","background-media":"","overlay-type":"","overlay-color":"","overlay-gradient":""},"tablet":{"background-color":"var(--ast-global-color-5)","background-image":"","background-repeat":"repeat","background-position":"center center","background-size":"auto","background-attachment":"scroll","background-type":"","background-media":"","overlay-type":"","overlay-color":"","overlay-gradient":""},"mobile":{"background-color":"var(--ast-global-color-5)","background-image":"","background-repeat":"repeat","background-position":"center center","background-size":"auto","background-attachment":"scroll","background-type":"","background-media":"","overlay-type":"","overlay-color":"","overlay-gradient":""}},"footnotes":""},"class_list":["post-729","page","type-page","status-publish","hentry"],"yoast_head":"<!-- This site is optimized with the Yoast SEO plugin v27.3 - https:\/\/yoast.com\/product\/yoast-seo-wordpress\/ -->\n<title>Members -<\/title>\n<meta name=\"robots\" content=\"noindex, follow\" \/>\n<meta property=\"og:locale\" content=\"es_ES\" \/>\n<meta property=\"og:type\" content=\"article\" \/>\n<meta property=\"og:title\" content=\"Members -\" \/>\n<meta property=\"og:description\" content=\"Mar\u00eda Gonz\u00e1lez Bull\u00f3n Oboe Born in Madrid (1996), she began her musical studies at the age of eight at the &#8216;Conservatorio Profesional Teresa Berganza&#8217;. After getting the bachelor&#8217;s diploma from &#8216;Real Conservatorio Superior de M\u00fasica de Madrid&#8217; (RCSMM) in 2019, she got admitted to the &#8216;Conservatorium van Amsterdam&#8217;, where she got her master&#8217;s degree with [&hellip;]\" \/>\n<meta property=\"og:url\" content=\"https:\/\/diantoreedquintet.com\/es\/members\/\" \/>\n<meta property=\"article:modified_time\" content=\"2024-05-13T21:31:40+00:00\" \/>\n<meta property=\"og:image\" content=\"https:\/\/diantoreedquintet.com\/wp-content\/uploads\/2024\/02\/20231205_DiantoReedQuintet_JessieKamp_012-2-768x1152.jpg\" \/>\n<meta name=\"twitter:card\" content=\"summary_large_image\" \/>\n<meta name=\"twitter:label1\" content=\"Tiempo de lectura\" \/>\n\t<meta name=\"twitter:data1\" content=\"4 minutos\" \/>\n<script type=\"application\/ld+json\" class=\"yoast-schema-graph\">{\"@context\":\"https:\\\/\\\/schema.org\",\"@graph\":[{\"@type\":\"WebPage\",\"@id\":\"https:\\\/\\\/diantoreedquintet.com\\\/members\\\/\",\"url\":\"https:\\\/\\\/diantoreedquintet.com\\\/members\\\/\",\"name\":\"Members -\",\"isPartOf\":{\"@id\":\"https:\\\/\\\/diantoreedquintet.com\\\/#website\"},\"primaryImageOfPage\":{\"@id\":\"https:\\\/\\\/diantoreedquintet.com\\\/members\\\/#primaryimage\"},\"image\":{\"@id\":\"https:\\\/\\\/diantoreedquintet.com\\\/members\\\/#primaryimage\"},\"thumbnailUrl\":\"https:\\\/\\\/diantoreedquintet.com\\\/wp-content\\\/uploads\\\/2024\\\/02\\\/20231205_DiantoReedQuintet_JessieKamp_012-2-768x1152.jpg\",\"datePublished\":\"2021-05-30T13:05:07+00:00\",\"dateModified\":\"2024-05-13T21:31:40+00:00\",\"breadcrumb\":{\"@id\":\"https:\\\/\\\/diantoreedquintet.com\\\/members\\\/#breadcrumb\"},\"inLanguage\":\"es\",\"potentialAction\":[{\"@type\":\"ReadAction\",\"target\":[\"https:\\\/\\\/diantoreedquintet.com\\\/members\\\/\"]}]},{\"@type\":\"ImageObject\",\"inLanguage\":\"es\",\"@id\":\"https:\\\/\\\/diantoreedquintet.com\\\/members\\\/#primaryimage\",\"url\":\"https:\\\/\\\/diantoreedquintet.com\\\/wp-content\\\/uploads\\\/2024\\\/02\\\/20231205_DiantoReedQuintet_JessieKamp_012-2-768x1152.jpg\",\"contentUrl\":\"https:\\\/\\\/diantoreedquintet.com\\\/wp-content\\\/uploads\\\/2024\\\/02\\\/20231205_DiantoReedQuintet_JessieKamp_012-2-768x1152.jpg\"},{\"@type\":\"BreadcrumbList\",\"@id\":\"https:\\\/\\\/diantoreedquintet.com\\\/members\\\/#breadcrumb\",\"itemListElement\":[{\"@type\":\"ListItem\",\"position\":1,\"name\":\"Home\",\"item\":\"https:\\\/\\\/diantoreedquintet.com\\\/\"},{\"@type\":\"ListItem\",\"position\":2,\"name\":\"Members\"}]},{\"@type\":\"WebSite\",\"@id\":\"https:\\\/\\\/diantoreedquintet.com\\\/#website\",\"url\":\"https:\\\/\\\/diantoreedquintet.com\\\/\",\"name\":\"\",\"description\":\"Dianto Reed Quintet\",\"potentialAction\":[{\"@type\":\"SearchAction\",\"target\":{\"@type\":\"EntryPoint\",\"urlTemplate\":\"https:\\\/\\\/diantoreedquintet.com\\\/?s={search_term_string}\"},\"query-input\":{\"@type\":\"PropertyValueSpecification\",\"valueRequired\":true,\"valueName\":\"search_term_string\"}}],\"inLanguage\":\"es\"}]}<\/script>\n<!-- \/ Yoast SEO plugin. -->","yoast_head_json":{"title":"Miembros -","robots":{"index":"noindex","follow":"follow"},"og_locale":"es_ES","og_type":"article","og_title":"Members -","og_description":"Mar\u00eda Gonz\u00e1lez Bull\u00f3n Oboe Born in Madrid (1996), she began her musical studies at the age of eight at the &#8216;Conservatorio Profesional Teresa Berganza&#8217;. After getting the bachelor&#8217;s diploma from &#8216;Real Conservatorio Superior de M\u00fasica de Madrid&#8217; (RCSMM) in 2019, she got admitted to the &#8216;Conservatorium van Amsterdam&#8217;, where she got her master&#8217;s degree with [&hellip;]","og_url":"https:\/\/diantoreedquintet.com\/es\/members\/","article_modified_time":"2024-05-13T21:31:40+00:00","og_image":[{"url":"https:\/\/diantoreedquintet.com\/wp-content\/uploads\/2024\/02\/20231205_DiantoReedQuintet_JessieKamp_012-2-768x1152.jpg","type":"","width":"","height":""}],"twitter_card":"summary_large_image","twitter_misc":{"Tiempo de lectura":"4 minutos"},"schema":{"@context":"https:\/\/schema.org","@graph":[{"@type":"WebPage","@id":"https:\/\/diantoreedquintet.com\/members\/","url":"https:\/\/diantoreedquintet.com\/members\/","name":"Miembros -","isPartOf":{"@id":"https:\/\/diantoreedquintet.com\/#website"},"primaryImageOfPage":{"@id":"https:\/\/diantoreedquintet.com\/members\/#primaryimage"},"image":{"@id":"https:\/\/diantoreedquintet.com\/members\/#primaryimage"},"thumbnailUrl":"https:\/\/diantoreedquintet.com\/wp-content\/uploads\/2024\/02\/20231205_DiantoReedQuintet_JessieKamp_012-2-768x1152.jpg","datePublished":"2021-05-30T13:05:07+00:00","dateModified":"2024-05-13T21:31:40+00:00","breadcrumb":{"@id":"https:\/\/diantoreedquintet.com\/members\/#breadcrumb"},"inLanguage":"es","potentialAction":[{"@type":"ReadAction","target":["https:\/\/diantoreedquintet.com\/members\/"]}]},{"@type":"ImageObject","inLanguage":"es","@id":"https:\/\/diantoreedquintet.com\/members\/#primaryimage","url":"https:\/\/diantoreedquintet.com\/wp-content\/uploads\/2024\/02\/20231205_DiantoReedQuintet_JessieKamp_012-2-768x1152.jpg","contentUrl":"https:\/\/diantoreedquintet.com\/wp-content\/uploads\/2024\/02\/20231205_DiantoReedQuintet_JessieKamp_012-2-768x1152.jpg"},{"@type":"BreadcrumbList","@id":"https:\/\/diantoreedquintet.com\/members\/#breadcrumb","itemListElement":[{"@type":"ListItem","position":1,"name":"Home","item":"https:\/\/diantoreedquintet.com\/"},{"@type":"ListItem","position":2,"name":"Members"}]},{"@type":"WebSite","@id":"https:\/\/diantoreedquintet.com\/#website","url":"https:\/\/diantoreedquintet.com\/","name":"","description":"Dianto Reed Quintet","potentialAction":[{"@type":"SearchAction","target":{"@type":"EntryPoint","urlTemplate":"https:\/\/diantoreedquintet.com\/?s={search_term_string}"},"query-input":{"@type":"PropertyValueSpecification","valueRequired":true,"valueName":"search_term_string"}}],"inLanguage":"es"}]}},"_links":{"self":[{"href":"https:\/\/diantoreedquintet.com\/es\/wp-json\/wp\/v2\/pages\/729","targetHints":{"allow":["GET"]}}],"collection":[{"href":"https:\/\/diantoreedquintet.com\/es\/wp-json\/wp\/v2\/pages"}],"about":[{"href":"https:\/\/diantoreedquintet.com\/es\/wp-json\/wp\/v2\/types\/page"}],"author":[{"embeddable":true,"href":"https:\/\/diantoreedquintet.com\/es\/wp-json\/wp\/v2\/users\/1"}],"replies":[{"embeddable":true,"href":"https:\/\/diantoreedquintet.com\/es\/wp-json\/wp\/v2\/comments?post=729"}],"version-history":[{"count":5,"href":"https:\/\/diantoreedquintet.com\/es\/wp-json\/wp\/v2\/pages\/729\/revisions"}],"predecessor-version":[{"id":4399,"href":"https:\/\/diantoreedquintet.com\/es\/wp-json\/wp\/v2\/pages\/729\/revisions\/4399"}],"wp:attachment":[{"href":"https:\/\/diantoreedquintet.com\/es\/wp-json\/wp\/v2\/media?parent=729"}],"curies":[{"name":"gracias","href":"https:\/\/api.w.org\/{rel}","templated":true}]}}