{"id":55,"date":"2021-05-23T10:15:35","date_gmt":"2021-05-23T10:15:35","guid":{"rendered":"https:\/\/diantoreedquintet.com\/?page_id=55"},"modified":"2024-03-29T16:32:25","modified_gmt":"2024-03-29T15:32:25","slug":"news","status":"publish","type":"page","link":"https:\/\/diantoreedquintet.com\/es\/news\/","title":{"rendered":"Noticias"},"content":{"rendered":"<div data-elementor-type=\"wp-page\" data-elementor-id=\"55\" class=\"elementor elementor-55\" data-elementor-settings=\"{&quot;ha_cmc_init_switcher&quot;:&quot;no&quot;}\">\n\t\t\t\t\t\t<section class=\"elementor-section elementor-top-section elementor-element elementor-element-24d1cb65 elementor-section-height-min-height elementor-section-content-middle elementor-section-boxed elementor-section-height-default elementor-section-items-middle\" data-id=\"24d1cb65\" data-element_type=\"section\" data-e-type=\"section\" data-settings=\"{&quot;background_background&quot;:&quot;classic&quot;,&quot;_ha_eqh_enable&quot;:false}\">\n\t\t\t\t\t\t<div class=\"elementor-container elementor-column-gap-default\">\n\t\t\t\t\t<div class=\"elementor-column elementor-col-100 elementor-top-column elementor-element elementor-element-5c5e4c83\" data-id=\"5c5e4c83\" data-element_type=\"column\" data-e-type=\"column\">\n\t\t\t<div class=\"elementor-widget-wrap elementor-element-populated\">\n\t\t\t\t\t\t<div class=\"elementor-element elementor-element-57895d31 elementor-widget elementor-widget-heading\" data-id=\"57895d31\" data-element_type=\"widget\" data-e-type=\"widget\" data-widget_type=\"heading.default\">\n\t\t\t\t<div class=\"elementor-widget-container\">\n\t\t\t\t\t<h2 class=\"elementor-heading-title elementor-size-large\">Noticias<\/h2>\t\t\t\t<\/div>\n\t\t\t\t<\/div>\n\t\t\t\t<div class=\"elementor-element elementor-element-4363d3cd elementor-grid-eael-col-2 elementor-grid-tablet-eael-col-2 elementor-grid-mobile-eael-col-1 elementor-widget elementor-widget-eael-post-grid\" data-id=\"4363d3cd\" data-element_type=\"widget\" data-e-type=\"widget\" data-settings=\"{&quot;eael_post_grid_columns&quot;:&quot;eael-col-2&quot;,&quot;eael_post_grid_columns_tablet&quot;:&quot;eael-col-2&quot;,&quot;eael_post_grid_columns_mobile&quot;:&quot;eael-col-1&quot;}\" data-widget_type=\"eael-post-grid.default\">\n\t\t\t\t<div class=\"elementor-widget-container\">\n\t\t\t\t\t<div id=\"eael-post-grid-4363d3cd\" class=\"eael-post-grid-container\">\n            <div class=\"eael-post-grid eael-post-appender eael-post-appender-4363d3cd eael-post-grid-style-two\" data-layout-mode=\"grid\"><article class=\"eael-grid-post  eael-post-grid-column eael-pg-post-5308 category-uncategorized\" data-id=\"5308\">\n    <div class=\"eael-grid-post-holder\">\n        <div class=\"eael-grid-post-holder-inner\"><div class=\"eael-entry-media\"><div class=\"eael-entry-overlay zoom-in\"><i class=\"fas fa-long-arrow-alt-right\" aria-hidden=\"true\"><\/i><a href=\"https:\/\/diantoreedquintet.com\/es\/dianto-reed-quintet-goes-to-japan\/\"><\/a><\/div><div class=\"eael-entry-thumbnail\">\n                            <img fetchpriority=\"high\" decoding=\"async\" width=\"1024\" height=\"683\" src=\"https:\/\/diantoreedquintet.com\/wp-content\/uploads\/2024\/02\/DiantoReedQuintet_JessieKamp_1900x1267_blue-1024x683.jpg\" class=\"attachment-large size-large wp-image-2071\" alt=\"dianto reed\" srcset=\"https:\/\/diantoreedquintet.com\/wp-content\/uploads\/2024\/02\/DiantoReedQuintet_JessieKamp_1900x1267_blue-1024x683.jpg 1024w, https:\/\/diantoreedquintet.com\/wp-content\/uploads\/2024\/02\/DiantoReedQuintet_JessieKamp_1900x1267_blue-300x200.jpg 300w, https:\/\/diantoreedquintet.com\/wp-content\/uploads\/2024\/02\/DiantoReedQuintet_JessieKamp_1900x1267_blue-768x512.jpg 768w, https:\/\/diantoreedquintet.com\/wp-content\/uploads\/2024\/02\/DiantoReedQuintet_JessieKamp_1900x1267_blue-391x260.jpg 391w, https:\/\/diantoreedquintet.com\/wp-content\/uploads\/2024\/02\/DiantoReedQuintet_JessieKamp_1900x1267_blue-1536x1024.jpg 1536w, https:\/\/diantoreedquintet.com\/wp-content\/uploads\/2024\/02\/DiantoReedQuintet_JessieKamp_1900x1267_blue.jpg 2048w\" sizes=\"(max-width: 1024px) 100vw, 1024px\" \/>\n                            <\/div>\n                    <\/div><div class=\"eael-entry-wrapper\"><header class=\"eael-entry-header\"><h3 class=\"eael-entry-title\"><a class=\"eael-grid-post-link\" href=\"https:\/\/diantoreedquintet.com\/es\/dianto-reed-quintet-goes-to-japan\/\" title=\"El Quinteto de Reed Dianto viaja a Jap\u00f3n.\">El Quinteto de Reed Dianto viaja a Jap\u00f3n.<\/a><\/h3><\/header><div class=\"eael-entry-content\">\n                                <div class=\"eael-grid-post-excerpt\"><p>El Quinteto de Ca\u00f1a Dianto viaja a Jap\u00f3n. El Quinteto de Ca\u00f1a Dianto fue seleccionado para participar en el Concurso Internacional de M\u00fasica de C\u00e1mara de Osaka en la categor\u00eda Festa....<\/p><a href=\"https:\/\/diantoreedquintet.com\/es\/dianto-reed-quintet-goes-to-japan\/\" class=\"eael-post-elements-readmore-btn\">Leer m\u00e1s<\/a><\/div>\n                            <\/div><div class=\"eael-entry-header-after style-two\"><div class=\"eael-entry-meta\"><\/div><\/div><\/div><\/div>\n    <\/div>\n<\/article><article class=\"eael-grid-post  eael-post-grid-column eael-pg-post-5183 category-uncategorized\" data-id=\"5183\">\n    <div class=\"eael-grid-post-holder\">\n        <div class=\"eael-grid-post-holder-inner\"><div class=\"eael-entry-media\"><div class=\"eael-entry-overlay zoom-in\"><i class=\"fas fa-long-arrow-alt-right\" aria-hidden=\"true\"><\/i><a href=\"https:\/\/diantoreedquintet.com\/es\/new-project-echoes-of-our-planet-dianto-reed-quintet-abraham-cupeiro-cloned-4916\/\"><\/a><\/div><div class=\"eael-entry-thumbnail\">\n                            <img decoding=\"async\" width=\"1024\" height=\"1024\" src=\"https:\/\/diantoreedquintet.com\/wp-content\/uploads\/duo-eter-and-equi-120x120-losada-2-Pure1_11zon-1024x1024.jpg\" class=\"attachment-large size-large wp-image-5051\" alt=\"\" srcset=\"https:\/\/diantoreedquintet.com\/wp-content\/uploads\/duo-eter-and-equi-120x120-losada-2-Pure1_11zon-1024x1024.jpg 1024w, https:\/\/diantoreedquintet.com\/wp-content\/uploads\/duo-eter-and-equi-120x120-losada-2-Pure1_11zon-300x300.jpg 300w, https:\/\/diantoreedquintet.com\/wp-content\/uploads\/duo-eter-and-equi-120x120-losada-2-Pure1_11zon-150x150.jpg 150w, https:\/\/diantoreedquintet.com\/wp-content\/uploads\/duo-eter-and-equi-120x120-losada-2-Pure1_11zon-768x768.jpg 768w, https:\/\/diantoreedquintet.com\/wp-content\/uploads\/duo-eter-and-equi-120x120-losada-2-Pure1_11zon-1536x1536.jpg 1536w, https:\/\/diantoreedquintet.com\/wp-content\/uploads\/duo-eter-and-equi-120x120-losada-2-Pure1_11zon-2048x2048.jpg 2048w, https:\/\/diantoreedquintet.com\/wp-content\/uploads\/duo-eter-and-equi-120x120-losada-2-Pure1_11zon-12x12.jpg 12w\" sizes=\"(max-width: 1024px) 100vw, 1024px\" \/>\n                            <\/div>\n                    <\/div><div class=\"eael-entry-wrapper\"><header class=\"eael-entry-header\"><h3 class=\"eael-entry-title\"><a class=\"eael-grid-post-link\" href=\"https:\/\/diantoreedquintet.com\/es\/new-project-echoes-of-our-planet-dianto-reed-quintet-abraham-cupeiro-cloned-4916\/\" title=\"Nuevo proyecto: ADN\">Nuevo proyecto: ADN<\/a><\/h3><\/header><div class=\"eael-entry-content\">\n                                <div class=\"eael-grid-post-excerpt\"><p>Nuevo proyecto: ADN. Los miembros de Dianto Reed Quintet exploran sus or\u00edgenes mediante una prueba de ADN para descubrir el origen de sus ancestros. Esto...<\/p><a href=\"https:\/\/diantoreedquintet.com\/es\/new-project-echoes-of-our-planet-dianto-reed-quintet-abraham-cupeiro-cloned-4916\/\" class=\"eael-post-elements-readmore-btn\">Leer m\u00e1s<\/a><\/div>\n                            <\/div><div class=\"eael-entry-header-after style-two\"><div class=\"eael-entry-meta\"><\/div><\/div><\/div><\/div>\n    <\/div>\n<\/article><article class=\"eael-grid-post  eael-post-grid-column eael-pg-post-5213 category-uncategorized\" data-id=\"5213\">\n    <div class=\"eael-grid-post-holder\">\n        <div class=\"eael-grid-post-holder-inner\"><div class=\"eael-entry-media\"><div class=\"eael-entry-overlay zoom-in\"><i class=\"fas fa-long-arrow-alt-right\" aria-hidden=\"true\"><\/i><a href=\"https:\/\/diantoreedquintet.com\/es\/dianto-reed-quintet-performs-in-lugo-cloned-4777\/\"><\/a><\/div><div class=\"eael-entry-thumbnail\">\n                            <img decoding=\"async\" width=\"1024\" height=\"683\" src=\"https:\/\/diantoreedquintet.com\/wp-content\/uploads\/IMG_0328-1024x683.jpg\" class=\"attachment-large size-large wp-image-5218\" alt=\"\" srcset=\"https:\/\/diantoreedquintet.com\/wp-content\/uploads\/IMG_0328-1024x683.jpg 1024w, https:\/\/diantoreedquintet.com\/wp-content\/uploads\/IMG_0328-300x200.jpg 300w, https:\/\/diantoreedquintet.com\/wp-content\/uploads\/IMG_0328-768x512.jpg 768w, https:\/\/diantoreedquintet.com\/wp-content\/uploads\/IMG_0328-391x260.jpg 391w, https:\/\/diantoreedquintet.com\/wp-content\/uploads\/IMG_0328-1536x1025.jpg 1536w, https:\/\/diantoreedquintet.com\/wp-content\/uploads\/IMG_0328-18x12.jpg 18w, https:\/\/diantoreedquintet.com\/wp-content\/uploads\/IMG_0328.jpg 2048w\" sizes=\"(max-width: 1024px) 100vw, 1024px\" \/>\n                            <\/div>\n                    <\/div><div class=\"eael-entry-wrapper\"><header class=\"eael-entry-header\"><h3 class=\"eael-entry-title\"><a class=\"eael-grid-post-link\" href=\"https:\/\/diantoreedquintet.com\/es\/dianto-reed-quintet-performs-in-lugo-cloned-4777\/\" title=\"Voorprogramma en Prinsengrachtconcierto 2025\">Voorprogramma en Prinsengrachtconcierto 2025<\/a><\/h3><\/header><div class=\"eael-entry-content\">\n                                <div class=\"eael-grid-post-excerpt\"><p>Voorprogramma en el concierto de Prinsengracht 2025 Fotos: Eduardus Lee &amp; Harold de Smet Dianto Reed Quintet form\u00f3 parte del Voorprogramma del concierto de Prinsengracht 2025. Dianto Reed...<\/p><a href=\"https:\/\/diantoreedquintet.com\/es\/dianto-reed-quintet-performs-in-lugo-cloned-4777\/\" class=\"eael-post-elements-readmore-btn\">Leer m\u00e1s<\/a><\/div>\n                            <\/div><div class=\"eael-entry-header-after style-two\"><div class=\"eael-entry-meta\"><\/div><\/div><\/div><\/div>\n    <\/div>\n<\/article><article class=\"eael-grid-post  eael-post-grid-column eael-pg-post-4916 category-uncategorized\" data-id=\"4916\">\n    <div class=\"eael-grid-post-holder\">\n        <div class=\"eael-grid-post-holder-inner\"><div class=\"eael-entry-media\"><div class=\"eael-entry-overlay zoom-in\"><i class=\"fas fa-long-arrow-alt-right\" aria-hidden=\"true\"><\/i><a href=\"https:\/\/diantoreedquintet.com\/es\/review-a-journey-through-the-rich-tradition-of-spanish-music-cloned-4839\/\"><\/a><\/div><div class=\"eael-entry-thumbnail\">\n                            <img loading=\"lazy\" decoding=\"async\" width=\"1024\" height=\"683\" src=\"https:\/\/diantoreedquintet.com\/wp-content\/uploads\/2025\/02\/3B1A8416-ok-_11zon_11zon-1024x683.jpg\" class=\"attachment-large size-large wp-image-4804\" alt=\"\" srcset=\"https:\/\/diantoreedquintet.com\/wp-content\/uploads\/2025\/02\/3B1A8416-ok-_11zon_11zon-1024x683.jpg 1024w, https:\/\/diantoreedquintet.com\/wp-content\/uploads\/2025\/02\/3B1A8416-ok-_11zon_11zon-300x200.jpg 300w, https:\/\/diantoreedquintet.com\/wp-content\/uploads\/2025\/02\/3B1A8416-ok-_11zon_11zon-768x512.jpg 768w, https:\/\/diantoreedquintet.com\/wp-content\/uploads\/2025\/02\/3B1A8416-ok-_11zon_11zon-391x260.jpg 391w, https:\/\/diantoreedquintet.com\/wp-content\/uploads\/2025\/02\/3B1A8416-ok-_11zon_11zon-1536x1024.jpg 1536w, https:\/\/diantoreedquintet.com\/wp-content\/uploads\/2025\/02\/3B1A8416-ok-_11zon_11zon-2048x1365.jpg 2048w, https:\/\/diantoreedquintet.com\/wp-content\/uploads\/2025\/02\/3B1A8416-ok-_11zon_11zon-18x12.jpg 18w\" sizes=\"(max-width: 1024px) 100vw, 1024px\" \/>\n                            <\/div>\n                    <\/div><div class=\"eael-entry-wrapper\"><header class=\"eael-entry-header\"><h3 class=\"eael-entry-title\"><a class=\"eael-grid-post-link\" href=\"https:\/\/diantoreedquintet.com\/es\/review-a-journey-through-the-rich-tradition-of-spanish-music-cloned-4839\/\" title=\"Nuevo proyecto: Ecos de Nuestro Planeta \u2013 Dianto Reed Quintet &amp; Abraham Cupeiro\">Nuevo proyecto: Ecos de Nuestro Planeta \u2013 Dianto Reed Quintet &amp; Abraham Cupeiro<\/a><\/h3><\/header><div class=\"eael-entry-content\">\n                                <div class=\"eael-grid-post-excerpt\"><p>Nuevo proyecto: Echoes of Our Planet \u2013 Dianto Reed Quintet &amp; Abraham Cupeiro Dianto Reed Quintet traer\u00e1 a Abraham Cupeiro a Holanda con este...<\/p><a href=\"https:\/\/diantoreedquintet.com\/es\/review-a-journey-through-the-rich-tradition-of-spanish-music-cloned-4839\/\" class=\"eael-post-elements-readmore-btn\">Leer m\u00e1s<\/a><\/div>\n                            <\/div><div class=\"eael-entry-header-after style-two\"><div class=\"eael-entry-meta\"><\/div><\/div><\/div><\/div>\n    <\/div>\n<\/article><article class=\"eael-grid-post  eael-post-grid-column eael-pg-post-4839 category-uncategorized\" data-id=\"4839\">\n    <div class=\"eael-grid-post-holder\">\n        <div class=\"eael-grid-post-holder-inner\"><div class=\"eael-entry-media\"><div class=\"eael-entry-overlay zoom-in\"><i class=\"fas fa-long-arrow-alt-right\" aria-hidden=\"true\"><\/i><a href=\"https:\/\/diantoreedquintet.com\/es\/review-a-journey-through-the-rich-tradition-of-spanish-music\/\"><\/a><\/div><div class=\"eael-entry-thumbnail\">\n                            <img loading=\"lazy\" decoding=\"async\" width=\"936\" height=\"586\" src=\"https:\/\/diantoreedquintet.com\/wp-content\/uploads\/2025\/03\/Captura-de-pantalla-2025-04-14-a-las-16.00.58.png\" class=\"attachment-large size-large wp-image-4826\" alt=\"\" srcset=\"https:\/\/diantoreedquintet.com\/wp-content\/uploads\/2025\/03\/Captura-de-pantalla-2025-04-14-a-las-16.00.58.png 936w, https:\/\/diantoreedquintet.com\/wp-content\/uploads\/2025\/03\/Captura-de-pantalla-2025-04-14-a-las-16.00.58-300x188.png 300w, https:\/\/diantoreedquintet.com\/wp-content\/uploads\/2025\/03\/Captura-de-pantalla-2025-04-14-a-las-16.00.58-768x481.png 768w, https:\/\/diantoreedquintet.com\/wp-content\/uploads\/2025\/03\/Captura-de-pantalla-2025-04-14-a-las-16.00.58-18x12.png 18w\" sizes=\"(max-width: 936px) 100vw, 936px\" \/>\n                            <\/div>\n                    <\/div><div class=\"eael-entry-wrapper\"><header class=\"eael-entry-header\"><h3 class=\"eael-entry-title\"><a class=\"eael-grid-post-link\" href=\"https:\/\/diantoreedquintet.com\/es\/review-a-journey-through-the-rich-tradition-of-spanish-music\/\" title=\"Rese\u00f1a: Un viaje por la rica tradici\u00f3n de la m\u00fasica espa\u00f1ola\">Rese\u00f1a: Un viaje por la rica tradici\u00f3n de la m\u00fasica espa\u00f1ola<\/a><\/h3><\/header><div class=\"eael-entry-content\">\n                                <div class=\"eael-grid-post-excerpt\"><p>Rese\u00f1a: Un recorrido por la rica tradici\u00f3n musical espa\u00f1ola de Heide. En el marco de las Semanas Brahms organizadas por la Sociedad Brahms de Schleswig-Holstein, Dianto...<\/p><a href=\"https:\/\/diantoreedquintet.com\/es\/review-a-journey-through-the-rich-tradition-of-spanish-music\/\" class=\"eael-post-elements-readmore-btn\">Leer m\u00e1s<\/a><\/div>\n                            <\/div><div class=\"eael-entry-header-after style-two\"><div class=\"eael-entry-meta\"><\/div><\/div><\/div><\/div>\n    <\/div>\n<\/article><article class=\"eael-grid-post  eael-post-grid-column eael-pg-post-4823 category-uncategorized\" data-id=\"4823\">\n    <div class=\"eael-grid-post-holder\">\n        <div class=\"eael-grid-post-holder-inner\"><div class=\"eael-entry-media\"><div class=\"eael-entry-overlay zoom-in\"><i class=\"fas fa-long-arrow-alt-right\" aria-hidden=\"true\"><\/i><a href=\"https:\/\/diantoreedquintet.com\/es\/review-a-musical-dinner-party\/\"><\/a><\/div><div class=\"eael-entry-thumbnail\">\n                            <img loading=\"lazy\" decoding=\"async\" width=\"1024\" height=\"681\" src=\"https:\/\/diantoreedquintet.com\/wp-content\/uploads\/2025\/03\/Captura-de-pantalla-2025-04-14-a-las-15.50.44-1024x681.png\" class=\"attachment-large size-large wp-image-4827\" alt=\"\" srcset=\"https:\/\/diantoreedquintet.com\/wp-content\/uploads\/2025\/03\/Captura-de-pantalla-2025-04-14-a-las-15.50.44-1024x681.png 1024w, https:\/\/diantoreedquintet.com\/wp-content\/uploads\/2025\/03\/Captura-de-pantalla-2025-04-14-a-las-15.50.44-300x199.png 300w, https:\/\/diantoreedquintet.com\/wp-content\/uploads\/2025\/03\/Captura-de-pantalla-2025-04-14-a-las-15.50.44-768x510.png 768w, https:\/\/diantoreedquintet.com\/wp-content\/uploads\/2025\/03\/Captura-de-pantalla-2025-04-14-a-las-15.50.44-391x260.png 391w, https:\/\/diantoreedquintet.com\/wp-content\/uploads\/2025\/03\/Captura-de-pantalla-2025-04-14-a-las-15.50.44-18x12.png 18w, https:\/\/diantoreedquintet.com\/wp-content\/uploads\/2025\/03\/Captura-de-pantalla-2025-04-14-a-las-15.50.44.png 1270w\" sizes=\"(max-width: 1024px) 100vw, 1024px\" \/>\n                            <\/div>\n                    <\/div><div class=\"eael-entry-wrapper\"><header class=\"eael-entry-header\"><h3 class=\"eael-entry-title\"><a class=\"eael-grid-post-link\" href=\"https:\/\/diantoreedquintet.com\/es\/review-a-musical-dinner-party\/\" title=\"Rese\u00f1a: Una cena musical\">Rese\u00f1a: Una cena musical<\/a><\/h3><\/header><div class=\"eael-entry-content\">\n                                <div class=\"eael-grid-post-excerpt\"><p>Rese\u00f1a: Una cena musical en Weinheim. \u00daltimamente, dado que en Weinheim se ha hablado mucho sobre el sentimiento de hogar, la oficina cultural present\u00f3...<\/p><a href=\"https:\/\/diantoreedquintet.com\/es\/review-a-musical-dinner-party\/\" class=\"eael-post-elements-readmore-btn\">Leer m\u00e1s<\/a><\/div>\n                            <\/div><div class=\"eael-entry-header-after style-two\"><div class=\"eael-entry-meta\"><\/div><\/div><\/div><\/div>\n    <\/div>\n<\/article><article class=\"eael-grid-post  eael-post-grid-column eael-pg-post-4777 category-uncategorized\" data-id=\"4777\">\n    <div class=\"eael-grid-post-holder\">\n        <div class=\"eael-grid-post-holder-inner\"><div class=\"eael-entry-media\"><div class=\"eael-entry-overlay zoom-in\"><i class=\"fas fa-long-arrow-alt-right\" aria-hidden=\"true\"><\/i><a href=\"https:\/\/diantoreedquintet.com\/es\/dianto-reed-quintet-performs-in-lugo\/\"><\/a><\/div><div class=\"eael-entry-thumbnail\">\n                            <img loading=\"lazy\" decoding=\"async\" width=\"1024\" height=\"682\" src=\"https:\/\/diantoreedquintet.com\/wp-content\/uploads\/2024\/12\/2024112112540464998-1024x682.jpg\" class=\"attachment-large size-large wp-image-4781\" alt=\"\" srcset=\"https:\/\/diantoreedquintet.com\/wp-content\/uploads\/2024\/12\/2024112112540464998-1024x682.jpg 1024w, https:\/\/diantoreedquintet.com\/wp-content\/uploads\/2024\/12\/2024112112540464998-300x200.jpg 300w, https:\/\/diantoreedquintet.com\/wp-content\/uploads\/2024\/12\/2024112112540464998-768x512.jpg 768w, https:\/\/diantoreedquintet.com\/wp-content\/uploads\/2024\/12\/2024112112540464998-391x260.jpg 391w, https:\/\/diantoreedquintet.com\/wp-content\/uploads\/2024\/12\/2024112112540464998-1536x1023.jpg 1536w, https:\/\/diantoreedquintet.com\/wp-content\/uploads\/2024\/12\/2024112112540464998-18x12.jpg 18w, https:\/\/diantoreedquintet.com\/wp-content\/uploads\/2024\/12\/2024112112540464998.jpg 1600w\" sizes=\"(max-width: 1024px) 100vw, 1024px\" \/>\n                            <\/div>\n                    <\/div><div class=\"eael-entry-wrapper\"><header class=\"eael-entry-header\"><h3 class=\"eael-entry-title\"><a class=\"eael-grid-post-link\" href=\"https:\/\/diantoreedquintet.com\/es\/dianto-reed-quintet-performs-in-lugo\/\" title=\"Dianto Reed Quintet actu\u00f3 en Lugo\">Dianto Reed Quintet actu\u00f3 en Lugo<\/a><\/h3><\/header><div class=\"eael-entry-content\">\n                                <div class=\"eael-grid-post-excerpt\"><p>Dianto Reed Quintet act\u00faa en Lugo Dianto Reed Quintet, formaci\u00f3n de m\u00fasica de c\u00e1mara, ofreci\u00f3 una charla-concierto en el Conservatorio Superior de M\u00fasica de Lugo, donde...<\/p><a href=\"https:\/\/diantoreedquintet.com\/es\/dianto-reed-quintet-performs-in-lugo\/\" class=\"eael-post-elements-readmore-btn\">Leer m\u00e1s<\/a><\/div>\n                            <\/div><div class=\"eael-entry-header-after style-two\"><div class=\"eael-entry-meta\"><\/div><\/div><\/div><\/div>\n    <\/div>\n<\/article><article class=\"eael-grid-post  eael-post-grid-column eael-pg-post-4765 category-uncategorized\" data-id=\"4765\">\n    <div class=\"eael-grid-post-holder\">\n        <div class=\"eael-grid-post-holder-inner\"><div class=\"eael-entry-media\"><div class=\"eael-entry-overlay zoom-in\"><i class=\"fas fa-long-arrow-alt-right\" aria-hidden=\"true\"><\/i><a href=\"https:\/\/diantoreedquintet.com\/es\/review-dianto-reed-quintet-in-the-young-performers-series-at-the-fundacion-juan-march\/\"><\/a><\/div><div class=\"eael-entry-thumbnail\">\n                            <img loading=\"lazy\" decoding=\"async\" width=\"1024\" height=\"683\" src=\"https:\/\/diantoreedquintet.com\/wp-content\/uploads\/2024\/11\/Quinteto-Dianto_28_10_24_10087-1-1-min_1_11zon-1024x683.jpeg\" class=\"attachment-large size-large wp-image-4766\" alt=\"\" srcset=\"https:\/\/diantoreedquintet.com\/wp-content\/uploads\/2024\/11\/Quinteto-Dianto_28_10_24_10087-1-1-min_1_11zon-1024x683.jpeg 1024w, https:\/\/diantoreedquintet.com\/wp-content\/uploads\/2024\/11\/Quinteto-Dianto_28_10_24_10087-1-1-min_1_11zon-300x200.jpeg 300w, https:\/\/diantoreedquintet.com\/wp-content\/uploads\/2024\/11\/Quinteto-Dianto_28_10_24_10087-1-1-min_1_11zon-768x512.jpeg 768w, https:\/\/diantoreedquintet.com\/wp-content\/uploads\/2024\/11\/Quinteto-Dianto_28_10_24_10087-1-1-min_1_11zon-391x260.jpeg 391w, https:\/\/diantoreedquintet.com\/wp-content\/uploads\/2024\/11\/Quinteto-Dianto_28_10_24_10087-1-1-min_1_11zon-1536x1024.jpeg 1536w, https:\/\/diantoreedquintet.com\/wp-content\/uploads\/2024\/11\/Quinteto-Dianto_28_10_24_10087-1-1-min_1_11zon-2048x1365.jpeg 2048w, https:\/\/diantoreedquintet.com\/wp-content\/uploads\/2024\/11\/Quinteto-Dianto_28_10_24_10087-1-1-min_1_11zon-18x12.jpeg 18w\" sizes=\"(max-width: 1024px) 100vw, 1024px\" \/>\n                            <\/div>\n                    <\/div><div class=\"eael-entry-wrapper\"><header class=\"eael-entry-header\"><h3 class=\"eael-entry-title\"><a class=\"eael-grid-post-link\" href=\"https:\/\/diantoreedquintet.com\/es\/review-dianto-reed-quintet-in-the-young-performers-series-at-the-fundacion-juan-march\/\" title=\"Cr\u00edtica: Dianto Reed Quintet en el ciclo de j\u00f3venes int\u00e9rpretes de la Fundaci\u00f3n Juan March\">Cr\u00edtica: Dianto Reed Quintet en el ciclo de j\u00f3venes int\u00e9rpretes de la Fundaci\u00f3n Juan March<\/a><\/h3><\/header><div class=\"eael-entry-content\">\n                                <div class=\"eael-grid-post-excerpt\"><p>Rese\u00f1a: Dianto Reed Quintet en el Ciclo J\u00f3venes Int\u00e9rpretes de la Fundaci\u00f3n Juan March El joven quinteto de viento espa\u00f1ol, afincado en Holanda, realiza su...<\/p><a href=\"https:\/\/diantoreedquintet.com\/es\/review-dianto-reed-quintet-in-the-young-performers-series-at-the-fundacion-juan-march\/\" class=\"eael-post-elements-readmore-btn\">Leer m\u00e1s<\/a><\/div>\n                            <\/div><div class=\"eael-entry-header-after style-two\"><div class=\"eael-entry-meta\"><\/div><\/div><\/div><\/div>\n    <\/div>\n<\/article><article class=\"eael-grid-post  eael-post-grid-column eael-pg-post-4710 category-uncategorized\" data-id=\"4710\">\n    <div class=\"eael-grid-post-holder\">\n        <div class=\"eael-grid-post-holder-inner\"><div class=\"eael-entry-media\"><div class=\"eael-entry-overlay zoom-in\"><i class=\"fas fa-long-arrow-alt-right\" aria-hidden=\"true\"><\/i><a href=\"https:\/\/diantoreedquintet.com\/es\/dianto-reed-quintet-has-received-the-kersjesprijs-2024\/\"><\/a><\/div><div class=\"eael-entry-thumbnail\">\n                            <img loading=\"lazy\" decoding=\"async\" width=\"1024\" height=\"683\" src=\"https:\/\/diantoreedquintet.com\/wp-content\/uploads\/2024\/03\/20231205_DiantoReedQuintet_JessieKamp_032-2-1024x683.jpg\" class=\"attachment-large size-large wp-image-3615\" alt=\"dianto reed\" srcset=\"https:\/\/diantoreedquintet.com\/wp-content\/uploads\/2024\/03\/20231205_DiantoReedQuintet_JessieKamp_032-2-1024x683.jpg 1024w, https:\/\/diantoreedquintet.com\/wp-content\/uploads\/2024\/03\/20231205_DiantoReedQuintet_JessieKamp_032-2-300x200.jpg 300w, https:\/\/diantoreedquintet.com\/wp-content\/uploads\/2024\/03\/20231205_DiantoReedQuintet_JessieKamp_032-2-768x512.jpg 768w, https:\/\/diantoreedquintet.com\/wp-content\/uploads\/2024\/03\/20231205_DiantoReedQuintet_JessieKamp_032-2-391x260.jpg 391w, https:\/\/diantoreedquintet.com\/wp-content\/uploads\/2024\/03\/20231205_DiantoReedQuintet_JessieKamp_032-2-1536x1024.jpg 1536w, https:\/\/diantoreedquintet.com\/wp-content\/uploads\/2024\/03\/20231205_DiantoReedQuintet_JessieKamp_032-2-18x12.jpg 18w, https:\/\/diantoreedquintet.com\/wp-content\/uploads\/2024\/03\/20231205_DiantoReedQuintet_JessieKamp_032-2.jpg 2048w\" sizes=\"(max-width: 1024px) 100vw, 1024px\" \/>\n                            <\/div>\n                    <\/div><div class=\"eael-entry-wrapper\"><header class=\"eael-entry-header\"><h3 class=\"eael-entry-title\"><a class=\"eael-grid-post-link\" href=\"https:\/\/diantoreedquintet.com\/es\/dianto-reed-quintet-has-received-the-kersjesprijs-2024\/\" title=\"Dianto Reed Quintet ha recibido el &#039;Kersjesprijs 2024&#039;\">Dianto Reed Quintet ha recibido el &#039;Kersjesprijs 2024&#039;<\/a><\/h3><\/header><div class=\"eael-entry-content\">\n                                <div class=\"eael-grid-post-excerpt\"><p>Dianto Reed Quintet ha recibido el premio &#039;Kersjesprijs 2024&#039; &#039;Het Kersjes Fonds&#039;, una de las instituciones privadas m\u00e1s importantes de los Pa\u00edses Bajos dedicada a la promoci\u00f3n de la m\u00fasica, ha otorgado el premio...<\/p><a href=\"https:\/\/diantoreedquintet.com\/es\/dianto-reed-quintet-has-received-the-kersjesprijs-2024\/\" class=\"eael-post-elements-readmore-btn\">Leer m\u00e1s<\/a><\/div>\n                            <\/div><div class=\"eael-entry-header-after style-two\"><div class=\"eael-entry-meta\"><\/div><\/div><\/div><\/div>\n    <\/div>\n<\/article><article class=\"eael-grid-post  eael-post-grid-column eael-pg-post-4612 category-uncategorized\" data-id=\"4612\">\n    <div class=\"eael-grid-post-holder\">\n        <div class=\"eael-grid-post-holder-inner\"><div class=\"eael-entry-media\"><div class=\"eael-entry-overlay zoom-in\"><i class=\"fas fa-long-arrow-alt-right\" aria-hidden=\"true\"><\/i><a href=\"https:\/\/diantoreedquintet.com\/es\/el-festival-internacional-de-santander-succeeds-in-its-alliance-with-innovation\/\"><\/a><\/div><div class=\"eael-entry-thumbnail\">\n                            <img loading=\"lazy\" decoding=\"async\" width=\"1024\" height=\"768\" src=\"https:\/\/diantoreedquintet.com\/wp-content\/uploads\/2024\/09\/IMG_90591-1024x768.jpg\" class=\"attachment-large size-large wp-image-4626\" alt=\"\" srcset=\"https:\/\/diantoreedquintet.com\/wp-content\/uploads\/2024\/09\/IMG_90591-1024x768.jpg 1024w, https:\/\/diantoreedquintet.com\/wp-content\/uploads\/2024\/09\/IMG_90591-300x225.jpg 300w, https:\/\/diantoreedquintet.com\/wp-content\/uploads\/2024\/09\/IMG_90591-768x576.jpg 768w, https:\/\/diantoreedquintet.com\/wp-content\/uploads\/2024\/09\/IMG_90591-16x12.jpg 16w, https:\/\/diantoreedquintet.com\/wp-content\/uploads\/2024\/09\/IMG_90591.jpg 1403w\" sizes=\"(max-width: 1024px) 100vw, 1024px\" \/>\n                            <\/div>\n                    <\/div><div class=\"eael-entry-wrapper\"><header class=\"eael-entry-header\"><h3 class=\"eael-entry-title\"><a class=\"eael-grid-post-link\" href=\"https:\/\/diantoreedquintet.com\/es\/el-festival-internacional-de-santander-succeeds-in-its-alliance-with-innovation\/\" title=\"El Festival Internacional de Santander triunfa en su alianza con la innovaci\u00f3n\">El Festival Internacional de Santander triunfa en su alianza con la innovaci\u00f3n<\/a><\/h3><\/header><div class=\"eael-entry-content\">\n                                <div class=\"eael-grid-post-excerpt\"><p>El Festival Internacional de Santander triunfa en su alianza con la innovaci\u00f3n Dianto Reed Quintet, una formaci\u00f3n cuya trayectoria merecer\u00e1 la pena seguir de cerca una vez...<\/p><a href=\"https:\/\/diantoreedquintet.com\/es\/el-festival-internacional-de-santander-succeeds-in-its-alliance-with-innovation\/\" class=\"eael-post-elements-readmore-btn\">Leer m\u00e1s<\/a><\/div>\n                            <\/div><div class=\"eael-entry-header-after style-two\"><div class=\"eael-entry-meta\"><\/div><\/div><\/div><\/div>\n    <\/div>\n<\/article><article class=\"eael-grid-post  eael-post-grid-column eael-pg-post-4603 category-uncategorized\" data-id=\"4603\">\n    <div class=\"eael-grid-post-holder\">\n        <div class=\"eael-grid-post-holder-inner\"><div class=\"eael-entry-media\"><div class=\"eael-entry-overlay zoom-in\"><i class=\"fas fa-long-arrow-alt-right\" aria-hidden=\"true\"><\/i><a href=\"https:\/\/diantoreedquintet.com\/es\/grandiose-love-declaration-to-spanish-music\/\"><\/a><\/div><div class=\"eael-entry-thumbnail\">\n                            <img loading=\"lazy\" decoding=\"async\" width=\"1024\" height=\"683\" src=\"https:\/\/diantoreedquintet.com\/wp-content\/uploads\/2024\/03\/20231205_DiantoReedQuintet_JessieKamp_016-1024x683.jpg\" class=\"attachment-large size-large wp-image-3614\" alt=\"\" srcset=\"https:\/\/diantoreedquintet.com\/wp-content\/uploads\/2024\/03\/20231205_DiantoReedQuintet_JessieKamp_016-1024x683.jpg 1024w, https:\/\/diantoreedquintet.com\/wp-content\/uploads\/2024\/03\/20231205_DiantoReedQuintet_JessieKamp_016-300x200.jpg 300w, https:\/\/diantoreedquintet.com\/wp-content\/uploads\/2024\/03\/20231205_DiantoReedQuintet_JessieKamp_016-768x512.jpg 768w, https:\/\/diantoreedquintet.com\/wp-content\/uploads\/2024\/03\/20231205_DiantoReedQuintet_JessieKamp_016-391x260.jpg 391w, https:\/\/diantoreedquintet.com\/wp-content\/uploads\/2024\/03\/20231205_DiantoReedQuintet_JessieKamp_016-1536x1024.jpg 1536w, https:\/\/diantoreedquintet.com\/wp-content\/uploads\/2024\/03\/20231205_DiantoReedQuintet_JessieKamp_016-2048x1365.jpg 2048w, https:\/\/diantoreedquintet.com\/wp-content\/uploads\/2024\/03\/20231205_DiantoReedQuintet_JessieKamp_016-18x12.jpg 18w\" sizes=\"(max-width: 1024px) 100vw, 1024px\" \/>\n                            <\/div>\n                    <\/div><div class=\"eael-entry-wrapper\"><header class=\"eael-entry-header\"><h3 class=\"eael-entry-title\"><a class=\"eael-grid-post-link\" href=\"https:\/\/diantoreedquintet.com\/es\/grandiose-love-declaration-to-spanish-music\/\" title=\"Grandiosa declaraci\u00f3n de amor a la m\u00fasica espa\u00f1ola\">Grandiosa declaraci\u00f3n de amor a la m\u00fasica espa\u00f1ola<\/a><\/h3><\/header><div class=\"eael-entry-content\">\n                                <div class=\"eael-grid-post-excerpt\"><p>Grandiosa declaraci\u00f3n de amor a la m\u00fasica espa\u00f1ola El Dianto Reed Quintet presenta la m\u00fasica tradicional de una manera vibrante y emocionante en el Leitheimer Schlosskonzerten. Aqu\u00ed te contamos c\u00f3mo...<\/p><a href=\"https:\/\/diantoreedquintet.com\/es\/grandiose-love-declaration-to-spanish-music\/\" class=\"eael-post-elements-readmore-btn\">Leer m\u00e1s<\/a><\/div>\n                            <\/div><div class=\"eael-entry-header-after style-two\"><div class=\"eael-entry-meta\"><\/div><\/div><\/div><\/div>\n    <\/div>\n<\/article><article class=\"eael-grid-post  eael-post-grid-column eael-pg-post-4498 category-uncategorized\" data-id=\"4498\">\n    <div class=\"eael-grid-post-holder\">\n        <div class=\"eael-grid-post-holder-inner\"><div class=\"eael-entry-media\"><div class=\"eael-entry-overlay zoom-in\"><i class=\"fas fa-long-arrow-alt-right\" aria-hidden=\"true\"><\/i><a href=\"https:\/\/diantoreedquintet.com\/es\/a-special-performance-by-dianto-reed-quintet\/\"><\/a><\/div><div class=\"eael-entry-thumbnail\">\n                            <img loading=\"lazy\" decoding=\"async\" width=\"600\" height=\"399\" src=\"https:\/\/diantoreedquintet.com\/wp-content\/uploads\/2024\/05\/IMG_0611.jpeg\" class=\"attachment-large size-large wp-image-4500\" alt=\"\" srcset=\"https:\/\/diantoreedquintet.com\/wp-content\/uploads\/2024\/05\/IMG_0611.jpeg 600w, https:\/\/diantoreedquintet.com\/wp-content\/uploads\/2024\/05\/IMG_0611-300x200.jpeg 300w, https:\/\/diantoreedquintet.com\/wp-content\/uploads\/2024\/05\/IMG_0611-391x260.jpeg 391w, https:\/\/diantoreedquintet.com\/wp-content\/uploads\/2024\/05\/IMG_0611-18x12.jpeg 18w\" sizes=\"(max-width: 600px) 100vw, 600px\" \/>\n                            <\/div>\n                    <\/div><div class=\"eael-entry-wrapper\"><header class=\"eael-entry-header\"><h3 class=\"eael-entry-title\"><a class=\"eael-grid-post-link\" href=\"https:\/\/diantoreedquintet.com\/es\/a-special-performance-by-dianto-reed-quintet\/\" title=\"Una actuaci\u00f3n especial de Dianto Reed Quintet\">Una actuaci\u00f3n especial de Dianto Reed Quintet<\/a><\/h3><\/header><div class=\"eael-entry-content\">\n                                <div class=\"eael-grid-post-excerpt\"><p>Una actuaci\u00f3n especial de Dianto Reed Quintet Los cinco talentosos m\u00fasicos de viento de Dianto Reed Quintet dieron una actuaci\u00f3n notable el 19 de mayo, domingo de Pentecost\u00e9s:...<\/p><a href=\"https:\/\/diantoreedquintet.com\/es\/a-special-performance-by-dianto-reed-quintet\/\" class=\"eael-post-elements-readmore-btn\">Leer m\u00e1s<\/a><\/div>\n                            <\/div><div class=\"eael-entry-header-after style-two\"><div class=\"eael-entry-meta\"><\/div><\/div><\/div><\/div>\n    <\/div>\n<\/article><article class=\"eael-grid-post  eael-post-grid-column eael-pg-post-4073 category-uncategorized\" data-id=\"4073\">\n    <div class=\"eael-grid-post-holder\">\n        <div class=\"eael-grid-post-holder-inner\"><div class=\"eael-entry-media\"><div class=\"eael-entry-overlay zoom-in\"><i class=\"fas fa-long-arrow-alt-right\" aria-hidden=\"true\"><\/i><a href=\"https:\/\/diantoreedquintet.com\/es\/dianto-reed-quintet-revelation-of-classical-music-in-spain-festclasica-2024\/\"><\/a><\/div><div class=\"eael-entry-thumbnail\">\n                            <img loading=\"lazy\" decoding=\"async\" width=\"1024\" height=\"682\" src=\"https:\/\/diantoreedquintet.com\/wp-content\/uploads\/2023\/11\/1_Gala-Premios-Circuitos-FestClasica-2024-\u00a9-Samuel-Pereira-1024x682.jpeg\" class=\"attachment-large size-large wp-image-2029\" alt=\"\" srcset=\"\" sizes=\"(max-width: 1024px) 100vw, 1024px\" data-srcset=\"\" \/>\n                            <\/div>\n                    <\/div><div class=\"eael-entry-wrapper\"><header class=\"eael-entry-header\"><h3 class=\"eael-entry-title\"><a class=\"eael-grid-post-link\" href=\"https:\/\/diantoreedquintet.com\/es\/dianto-reed-quintet-revelation-of-classical-music-in-spain-festclasica-2024\/\" title=\"Dianto Reed Quintet, revelaci\u00f3n de la m\u00fasica cl\u00e1sica en Espa\u00f1a con el premio &#039;Emerging Ensemble&#039; FestCl\u00e1sica 2024\">Dianto Reed Quintet, revelaci\u00f3n de la m\u00fasica cl\u00e1sica en Espa\u00f1a con el premio &#039;Emerging Ensemble&#039; FestCl\u00e1sica 2024<\/a><\/h3><\/header><div class=\"eael-entry-content\">\n                                <div class=\"eael-grid-post-excerpt\"><p>Dianto Reed Quintet, Revelaci\u00f3n de la M\u00fasica Cl\u00e1sica en Espa\u00f1a con el Premio &#039;Emerging Ensemble&#039; FestCl\u00e1sica 2024 Dianto Reed Quintet, la m\u00fasica de c\u00e1mara espa\u00f1ola m\u00e1s prometedora...<\/p><a href=\"https:\/\/diantoreedquintet.com\/es\/dianto-reed-quintet-revelation-of-classical-music-in-spain-festclasica-2024\/\" class=\"eael-post-elements-readmore-btn\">Leer m\u00e1s<\/a><\/div>\n                            <\/div><div class=\"eael-entry-header-after style-two\"><div class=\"eael-entry-meta\"><\/div><\/div><\/div><\/div>\n    <\/div>\n<\/article><article class=\"eael-grid-post  eael-post-grid-column eael-pg-post-4224 category-uncategorized\" data-id=\"4224\">\n    <div class=\"eael-grid-post-holder\">\n        <div class=\"eael-grid-post-holder-inner\"><div class=\"eael-entry-media\"><div class=\"eael-entry-overlay zoom-in\"><i class=\"fas fa-long-arrow-alt-right\" aria-hidden=\"true\"><\/i><a href=\"https:\/\/diantoreedquintet.com\/es\/dianto-reed-quintet-wins-the-1st-prize-in-the-chamber-music-competition-juventudes-musicales-de-espana\/\"><\/a><\/div><div class=\"eael-entry-thumbnail\">\n                            <img loading=\"lazy\" decoding=\"async\" width=\"1024\" height=\"576\" src=\"https:\/\/diantoreedquintet.com\/wp-content\/uploads\/2023\/06\/DSC09600-1024x576.jpg\" class=\"attachment-large size-large wp-image-1838\" alt=\"\" srcset=\"https:\/\/diantoreedquintet.com\/wp-content\/uploads\/2023\/06\/DSC09600-1024x576.jpg 1024w, https:\/\/diantoreedquintet.com\/wp-content\/uploads\/2023\/06\/DSC09600-300x169.jpg 300w, https:\/\/diantoreedquintet.com\/wp-content\/uploads\/2023\/06\/DSC09600-768x432.jpg 768w, https:\/\/diantoreedquintet.com\/wp-content\/uploads\/2023\/06\/DSC09600-1536x864.jpg 1536w\" sizes=\"(max-width: 1024px) 100vw, 1024px\" \/>\n                            <\/div>\n                    <\/div><div class=\"eael-entry-wrapper\"><header class=\"eael-entry-header\"><h3 class=\"eael-entry-title\"><a class=\"eael-grid-post-link\" href=\"https:\/\/diantoreedquintet.com\/es\/dianto-reed-quintet-wins-the-1st-prize-in-the-chamber-music-competition-juventudes-musicales-de-espana\/\" title=\"Dianto Reed Quintet gana el 1er premio en el Concurso de M\u00fasica de C\u00e1mara &#039;Juventudes Musicales de Espa\u00f1a&#039;\">Dianto Reed Quintet gana el 1er premio en el Concurso de M\u00fasica de C\u00e1mara &#039;Juventudes Musicales de Espa\u00f1a&#039;<\/a><\/h3><\/header><div class=\"eael-entry-content\">\n                                <div class=\"eael-grid-post-excerpt\"><p>Dianto Reed Quintet gana el 1er premio en el Concurso de M\u00fasica de C\u00e1mara &#039;Juventudes Musicales de Espa\u00f1a&#039; Dianto Reed Quintet ha hecho historia al convertirse en...<\/p><a href=\"https:\/\/diantoreedquintet.com\/es\/dianto-reed-quintet-wins-the-1st-prize-in-the-chamber-music-competition-juventudes-musicales-de-espana\/\" class=\"eael-post-elements-readmore-btn\">Leer m\u00e1s<\/a><\/div>\n                            <\/div><div class=\"eael-entry-header-after style-two\"><div class=\"eael-entry-meta\"><\/div><\/div><\/div><\/div>\n    <\/div>\n<\/article><article class=\"eael-grid-post  eael-post-grid-column eael-pg-post-4090 category-uncategorized\" data-id=\"4090\">\n    <div class=\"eael-grid-post-holder\">\n        <div class=\"eael-grid-post-holder-inner\"><div class=\"eael-entry-media\"><div class=\"eael-entry-overlay zoom-in\"><i class=\"fas fa-long-arrow-alt-right\" aria-hidden=\"true\"><\/i><a href=\"https:\/\/diantoreedquintet.com\/es\/spanish-summer-music-in-gelderland\/\"><\/a><\/div><div class=\"eael-entry-thumbnail\">\n                            <img loading=\"lazy\" decoding=\"async\" width=\"1024\" height=\"683\" src=\"https:\/\/diantoreedquintet.com\/wp-content\/uploads\/2022\/11\/20220805_DiantoReedQuintet_RadioKootwijk_Muziekzomer_JessieKamp_030121-1024x683.jpg\" class=\"attachment-large size-large wp-image-1722\" alt=\"\" \/>\n                            <\/div>\n                    <\/div><div class=\"eael-entry-wrapper\"><header class=\"eael-entry-header\"><h3 class=\"eael-entry-title\"><a class=\"eael-grid-post-link\" href=\"https:\/\/diantoreedquintet.com\/es\/spanish-summer-music-in-gelderland\/\" title=\"M\u00fasica espa\u00f1ola de verano en Gelderland\">M\u00fasica espa\u00f1ola de verano en Gelderland<\/a><\/h3><\/header><div class=\"eael-entry-content\">\n                                <div class=\"eael-grid-post-excerpt\"><p>M\u00fasica espa\u00f1ola de verano en Gelderland El Muziekzomer Gelderland de este a\u00f1o tiene un toque espa\u00f1ol. Dianto Reed Quintet trae un emocionante programa en espa\u00f1ol a Gelderland titulado A...<\/p><a href=\"https:\/\/diantoreedquintet.com\/es\/spanish-summer-music-in-gelderland\/\" class=\"eael-post-elements-readmore-btn\">Leer m\u00e1s<\/a><\/div>\n                            <\/div><div class=\"eael-entry-header-after style-two\"><div class=\"eael-entry-meta\"><\/div><\/div><\/div><\/div>\n    <\/div>\n<\/article><article class=\"eael-grid-post  eael-post-grid-column eael-pg-post-4241 category-uncategorized\" data-id=\"4241\">\n    <div class=\"eael-grid-post-holder\">\n        <div class=\"eael-grid-post-holder-inner\"><div class=\"eael-entry-media\"><div class=\"eael-entry-overlay zoom-in\"><i class=\"fas fa-long-arrow-alt-right\" aria-hidden=\"true\"><\/i><a href=\"https:\/\/diantoreedquintet.com\/es\/dianto-reed-quintet-in-the-edge\/\"><\/a><\/div><div class=\"eael-entry-thumbnail\">\n                            <img loading=\"lazy\" decoding=\"async\" width=\"1024\" height=\"682\" src=\"https:\/\/diantoreedquintet.com\/wp-content\/uploads\/2022\/11\/Dainto-Reed-Quintet-15-scaled-e1667556311944-1024x682.jpg\" class=\"attachment-large size-large wp-image-1705\" alt=\"\" \/>\n                            <\/div>\n                    <\/div><div class=\"eael-entry-wrapper\"><header class=\"eael-entry-header\"><h3 class=\"eael-entry-title\"><a class=\"eael-grid-post-link\" href=\"https:\/\/diantoreedquintet.com\/es\/dianto-reed-quintet-in-the-edge\/\" title=\"Dianto Reed Quintet en el borde\">Dianto Reed Quintet en el borde<\/a><\/h3><\/header><div class=\"eael-entry-content\">\n                                <div class=\"eael-grid-post-excerpt\"><p>Dianto Reed Quintet al l\u00edmite &#039;Lo primero que me llam\u00f3 la atenci\u00f3n fue la sincronizaci\u00f3n perfecta de su interacci\u00f3n. Los cinco jugaron como si...<\/p><a href=\"https:\/\/diantoreedquintet.com\/es\/dianto-reed-quintet-in-the-edge\/\" class=\"eael-post-elements-readmore-btn\">Leer m\u00e1s<\/a><\/div>\n                            <\/div><div class=\"eael-entry-header-after style-two\"><div class=\"eael-entry-meta\"><\/div><\/div><\/div><\/div>\n    <\/div>\n<\/article><article class=\"eael-grid-post  eael-post-grid-column eael-pg-post-4235 category-uncategorized\" data-id=\"4235\">\n    <div class=\"eael-grid-post-holder\">\n        <div class=\"eael-grid-post-holder-inner\"><div class=\"eael-entry-media\"><div class=\"eael-entry-overlay zoom-in\"><i class=\"fas fa-long-arrow-alt-right\" aria-hidden=\"true\"><\/i><a href=\"https:\/\/diantoreedquintet.com\/es\/students-discover-the-magic-of-classical-music-during-special-concert-in-cool\/\"><\/a><\/div><div class=\"eael-entry-thumbnail\">\n                            <img loading=\"lazy\" decoding=\"async\" width=\"728\" height=\"485\" src=\"https:\/\/diantoreedquintet.com\/wp-content\/uploads\/2022\/03\/Heerhugoward.jpg\" class=\"attachment-large size-large wp-image-1501\" alt=\"Dianto Reed Quintet\" srcset=\"https:\/\/diantoreedquintet.com\/wp-content\/uploads\/2022\/03\/Heerhugoward.jpg 728w, https:\/\/diantoreedquintet.com\/wp-content\/uploads\/2022\/03\/Heerhugoward-300x200.jpg 300w, https:\/\/diantoreedquintet.com\/wp-content\/uploads\/2022\/03\/Heerhugoward-391x260.jpg 391w, https:\/\/diantoreedquintet.com\/wp-content\/uploads\/2022\/03\/Heerhugoward-320x213.jpg 320w, https:\/\/diantoreedquintet.com\/wp-content\/uploads\/2022\/03\/Heerhugoward-640x426.jpg 640w, https:\/\/diantoreedquintet.com\/wp-content\/uploads\/2022\/03\/Heerhugoward-360x240.jpg 360w, https:\/\/diantoreedquintet.com\/wp-content\/uploads\/2022\/03\/Heerhugoward-720x480.jpg 720w\" sizes=\"(max-width: 728px) 100vw, 728px\" \/>\n                            <\/div>\n                    <\/div><div class=\"eael-entry-wrapper\"><header class=\"eael-entry-header\"><h3 class=\"eael-entry-title\"><a class=\"eael-grid-post-link\" href=\"https:\/\/diantoreedquintet.com\/es\/students-discover-the-magic-of-classical-music-during-special-concert-in-cool\/\" title=\"Estudiantes descubren la magia de la m\u00fasica cl\u00e1sica durante un concierto especial en Cool\">Estudiantes descubren la magia de la m\u00fasica cl\u00e1sica durante un concierto especial en Cool<\/a><\/h3><\/header><div class=\"eael-entry-content\">\n                                <div class=\"eael-grid-post-excerpt\"><p>Los estudiantes descubren la magia de la m\u00fasica cl\u00e1sica durante el concierto especial en Cool &#039;Con creatividad y estilo espa\u00f1ol, hicieron que la m\u00fasica de c\u00e1mara tradicional fuera m\u00e1s interactiva y...<\/p><a href=\"https:\/\/diantoreedquintet.com\/es\/students-discover-the-magic-of-classical-music-during-special-concert-in-cool\/\" class=\"eael-post-elements-readmore-btn\">Leer m\u00e1s<\/a><\/div>\n                            <\/div><div class=\"eael-entry-header-after style-two\"><div class=\"eael-entry-meta\"><\/div><\/div><\/div><\/div>\n    <\/div>\n<\/article><article class=\"eael-grid-post  eael-post-grid-column eael-pg-post-4247 category-uncategorized\" data-id=\"4247\">\n    <div class=\"eael-grid-post-holder\">\n        <div class=\"eael-grid-post-holder-inner\"><div class=\"eael-entry-media\"><div class=\"eael-entry-overlay zoom-in\"><i class=\"fas fa-long-arrow-alt-right\" aria-hidden=\"true\"><\/i><a href=\"https:\/\/diantoreedquintet.com\/es\/dianto-reed-quintet-wins-xv-concurso-nacional-de-musica-de-camara-villa-de-cox\/\"><\/a><\/div><div class=\"eael-entry-thumbnail\">\n                            <img loading=\"lazy\" decoding=\"async\" width=\"1024\" height=\"683\" src=\"https:\/\/diantoreedquintet.com\/wp-content\/uploads\/2022\/03\/sin-t\u00edtulo-8820-1-1024x683.jpg\" class=\"attachment-large size-large wp-image-1465\" alt=\"\" srcset=\"\" sizes=\"(max-width: 1024px) 100vw, 1024px\" data-srcset=\"\" \/>\n                            <\/div>\n                    <\/div><div class=\"eael-entry-wrapper\"><header class=\"eael-entry-header\"><h3 class=\"eael-entry-title\"><a class=\"eael-grid-post-link\" href=\"https:\/\/diantoreedquintet.com\/es\/dianto-reed-quintet-wins-xv-concurso-nacional-de-musica-de-camara-villa-de-cox\/\" title=\"Dianto Reed Quintet gana el &#039;XV Concurso Nacional de M\u00fasica de C\u00e1mara Villa de Cox&#039;\">Dianto Reed Quintet gana el &#039;XV Concurso Nacional de M\u00fasica de C\u00e1mara Villa de Cox&#039;<\/a><\/h3><\/header><div class=\"eael-entry-content\">\n                                <div class=\"eael-grid-post-excerpt\"><p>Dianto Reed Quintet gana &#039;XV Concurso Nacional de M\u00fasica de C\u00e1mara Villa de Cox&#039; \u201cFue una propuesta arriesgada, pero funciona y nos sorprendi\u00f3...<\/p><a href=\"https:\/\/diantoreedquintet.com\/es\/dianto-reed-quintet-wins-xv-concurso-nacional-de-musica-de-camara-villa-de-cox\/\" class=\"eael-post-elements-readmore-btn\">Leer m\u00e1s<\/a><\/div>\n                            <\/div><div class=\"eael-entry-header-after style-two\"><div class=\"eael-entry-meta\"><\/div><\/div><\/div><\/div>\n    <\/div>\n<\/article><article class=\"eael-grid-post  eael-post-grid-column eael-pg-post-4252 category-uncategorized\" data-id=\"4252\">\n    <div class=\"eael-grid-post-holder\">\n        <div class=\"eael-grid-post-holder-inner\"><div class=\"eael-entry-media\"><div class=\"eael-entry-overlay zoom-in\"><i class=\"fas fa-long-arrow-alt-right\" aria-hidden=\"true\"><\/i><a href=\"https:\/\/diantoreedquintet.com\/es\/dianto-reed-quintet-has-just-won-the-storioni-competition-2021\/\"><\/a><\/div><div class=\"eael-entry-thumbnail\">\n                            <img loading=\"lazy\" decoding=\"async\" width=\"900\" height=\"600\" src=\"https:\/\/diantoreedquintet.com\/wp-content\/uploads\/2021\/06\/dianto-reed-quintet-winners-storioni-festival-concours-2021-1.jpg\" class=\"attachment-large size-large wp-image-1097\" alt=\"\" srcset=\"https:\/\/diantoreedquintet.com\/wp-content\/uploads\/2021\/06\/dianto-reed-quintet-winners-storioni-festival-concours-2021-1.jpg 900w, https:\/\/diantoreedquintet.com\/wp-content\/uploads\/2021\/06\/dianto-reed-quintet-winners-storioni-festival-concours-2021-1-300x200.jpg 300w, https:\/\/diantoreedquintet.com\/wp-content\/uploads\/2021\/06\/dianto-reed-quintet-winners-storioni-festival-concours-2021-1-768x512.jpg 768w, https:\/\/diantoreedquintet.com\/wp-content\/uploads\/2021\/06\/dianto-reed-quintet-winners-storioni-festival-concours-2021-1-391x260.jpg 391w\" sizes=\"(max-width: 900px) 100vw, 900px\" \/>\n                            <\/div>\n                    <\/div><div class=\"eael-entry-wrapper\"><header class=\"eael-entry-header\"><h3 class=\"eael-entry-title\"><a class=\"eael-grid-post-link\" href=\"https:\/\/diantoreedquintet.com\/es\/dianto-reed-quintet-has-just-won-the-storioni-competition-2021\/\" title=\"Dianto Reed Quintet acaba de ganar el Storioni Concours 2021\">Dianto Reed Quintet acaba de ganar el Storioni Concours 2021<\/a><\/h3><\/header><div class=\"eael-entry-content\">\n                                <div class=\"eael-grid-post-excerpt\"><p>Dianto Reed Quintet acaba de ganar el Storioni Competition 2021 La final del &#039;Storioni Concours&#039; acaba de ser ganada por Dianto Reed Quintet en...<\/p><a href=\"https:\/\/diantoreedquintet.com\/es\/dianto-reed-quintet-has-just-won-the-storioni-competition-2021\/\" class=\"eael-post-elements-readmore-btn\">Leer m\u00e1s<\/a><\/div>\n                            <\/div><div class=\"eael-entry-header-after style-two\"><div class=\"eael-entry-meta\"><\/div><\/div><\/div><\/div>\n    <\/div>\n<\/article><article class=\"eael-grid-post  eael-post-grid-column eael-pg-post-4258 category-uncategorized\" data-id=\"4258\">\n    <div class=\"eael-grid-post-holder\">\n        <div class=\"eael-grid-post-holder-inner\"><div class=\"eael-entry-media\"><div class=\"eael-entry-overlay zoom-in\"><i class=\"fas fa-long-arrow-alt-right\" aria-hidden=\"true\"><\/i><a href=\"https:\/\/diantoreedquintet.com\/es\/ovidi-marti-a-valler-saxophonist-in-the-netherlands\/\"><\/a><\/div><div class=\"eael-entry-thumbnail\">\n                            <img loading=\"lazy\" decoding=\"async\" width=\"800\" height=\"800\" src=\"https:\/\/diantoreedquintet.com\/wp-content\/uploads\/2021\/06\/saxo.jpg\" class=\"attachment-large size-large wp-image-1091\" alt=\"\" srcset=\"https:\/\/diantoreedquintet.com\/wp-content\/uploads\/2021\/06\/saxo.jpg 800w, https:\/\/diantoreedquintet.com\/wp-content\/uploads\/2021\/06\/saxo-300x300.jpg 300w, https:\/\/diantoreedquintet.com\/wp-content\/uploads\/2021\/06\/saxo-150x150.jpg 150w, https:\/\/diantoreedquintet.com\/wp-content\/uploads\/2021\/06\/saxo-768x768.jpg 768w, https:\/\/diantoreedquintet.com\/wp-content\/uploads\/2021\/06\/saxo-250x250.jpg 250w\" sizes=\"(max-width: 800px) 100vw, 800px\" \/>\n                            <\/div>\n                    <\/div><div class=\"eael-entry-wrapper\"><header class=\"eael-entry-header\"><h3 class=\"eael-entry-title\"><a class=\"eael-grid-post-link\" href=\"https:\/\/diantoreedquintet.com\/es\/ovidi-marti-a-valler-saxophonist-in-the-netherlands\/\" title=\"Ovidi Mart\u00ed, un saxofonista &#039;Valler&#039; en Holanda\">Ovidi Mart\u00ed, un saxofonista &#039;Valler&#039; en Holanda<\/a><\/h3><\/header><div class=\"eael-entry-content\">\n                                <div class=\"eael-grid-post-excerpt\"><p>Ovidi Mart\u00ed, un saxofonista &#039;Valler&#039; en Holanda Nuestro saxofonista, Ovidi Mart\u00ed Garasa, ha estado en la radio auton\u00f3mica concediendo una entrevista sobre su...<\/p><a href=\"https:\/\/diantoreedquintet.com\/es\/ovidi-marti-a-valler-saxophonist-in-the-netherlands\/\" class=\"eael-post-elements-readmore-btn\">Leer m\u00e1s<\/a><\/div>\n                            <\/div><div class=\"eael-entry-header-after style-two\"><div class=\"eael-entry-meta\"><\/div><\/div><\/div><\/div>\n    <\/div>\n<\/article><article class=\"eael-grid-post  eael-post-grid-column eael-pg-post-4264 category-uncategorized\" data-id=\"4264\">\n    <div class=\"eael-grid-post-holder\">\n        <div class=\"eael-grid-post-holder-inner\"><div class=\"eael-entry-media\"><div class=\"eael-entry-overlay zoom-in\"><i class=\"fas fa-long-arrow-alt-right\" aria-hidden=\"true\"><\/i><a href=\"https:\/\/diantoreedquintet.com\/es\/a-successful-bassoonist-from-lugo\/\"><\/a><\/div><div class=\"eael-entry-thumbnail\">\n                            <img loading=\"lazy\" decoding=\"async\" width=\"900\" height=\"903\" src=\"https:\/\/diantoreedquintet.com\/wp-content\/uploads\/2021\/06\/fagotista.jpg\" class=\"attachment-large size-large wp-image-1090\" alt=\"\" srcset=\"https:\/\/diantoreedquintet.com\/wp-content\/uploads\/2021\/06\/fagotista.jpg 900w, https:\/\/diantoreedquintet.com\/wp-content\/uploads\/2021\/06\/fagotista-300x300.jpg 300w, https:\/\/diantoreedquintet.com\/wp-content\/uploads\/2021\/06\/fagotista-150x150.jpg 150w, https:\/\/diantoreedquintet.com\/wp-content\/uploads\/2021\/06\/fagotista-768x771.jpg 768w, https:\/\/diantoreedquintet.com\/wp-content\/uploads\/2021\/06\/fagotista-250x250.jpg 250w\" sizes=\"(max-width: 900px) 100vw, 900px\" \/>\n                            <\/div>\n                    <\/div><div class=\"eael-entry-wrapper\"><header class=\"eael-entry-header\"><h3 class=\"eael-entry-title\"><a class=\"eael-grid-post-link\" href=\"https:\/\/diantoreedquintet.com\/es\/a-successful-bassoonist-from-lugo\/\" title=\"Un fagotista lucense de \u00e9xito\">Un fagotista lucense de \u00e9xito<\/a><\/h3><\/header><div class=\"eael-entry-content\">\n                                <div class=\"eael-grid-post-excerpt\"><p>Un fagotista de \u00e9xito lucense \u201cnos ha abierto puertas en un momento que durante el Corona estaban cerradas constantemente\u201d. Mar\u00eda Losada Burgo (Lugo,...<\/p><a href=\"https:\/\/diantoreedquintet.com\/es\/a-successful-bassoonist-from-lugo\/\" class=\"eael-post-elements-readmore-btn\">Leer m\u00e1s<\/a><\/div>\n                            <\/div><div class=\"eael-entry-header-after style-two\"><div class=\"eael-entry-meta\"><\/div><\/div><\/div><\/div>\n    <\/div>\n<\/article><article class=\"eael-grid-post  eael-post-grid-column eael-pg-post-4269 category-uncategorized\" data-id=\"4269\">\n    <div class=\"eael-grid-post-holder\">\n        <div class=\"eael-grid-post-holder-inner\"><div class=\"eael-entry-media\"><div class=\"eael-entry-overlay zoom-in\"><i class=\"fas fa-long-arrow-alt-right\" aria-hidden=\"true\"><\/i><a href=\"https:\/\/diantoreedquintet.com\/es\/winners-grachtenfestival-conservatorium-concours-2021\/\"><\/a><\/div><div class=\"eael-entry-thumbnail\">\n                            <img loading=\"lazy\" decoding=\"async\" width=\"800\" height=\"383\" src=\"https:\/\/diantoreedquintet.com\/wp-content\/uploads\/2021\/06\/concurso-ganado.jpeg\" class=\"attachment-large size-large wp-image-1092\" alt=\"\" srcset=\"https:\/\/diantoreedquintet.com\/wp-content\/uploads\/2021\/06\/concurso-ganado.jpeg 800w, https:\/\/diantoreedquintet.com\/wp-content\/uploads\/2021\/06\/concurso-ganado-300x144.jpeg 300w, https:\/\/diantoreedquintet.com\/wp-content\/uploads\/2021\/06\/concurso-ganado-768x368.jpeg 768w\" sizes=\"(max-width: 800px) 100vw, 800px\" \/>\n                            <\/div>\n                    <\/div><div class=\"eael-entry-wrapper\"><header class=\"eael-entry-header\"><h3 class=\"eael-entry-title\"><a class=\"eael-grid-post-link\" href=\"https:\/\/diantoreedquintet.com\/es\/winners-grachtenfestival-conservatorium-concours-2021\/\" title=\"Ganadores del Grachtenfestival Conservatorium Concours 2021\">Ganadores del Grachtenfestival Conservatorium Concours 2021<\/a><\/h3><\/header><div class=\"eael-entry-content\">\n                                <div class=\"eael-grid-post-excerpt\"><p>Ganadores del Grachtenfestival Conservatorium Concours 2021 Impresionaron al jurado por su flexibilidad en el juego, su excelente trabajo en equipo, tocar todo de memoria y ofrecer todo esto...<\/p><a href=\"https:\/\/diantoreedquintet.com\/es\/winners-grachtenfestival-conservatorium-concours-2021\/\" class=\"eael-post-elements-readmore-btn\">Leer m\u00e1s<\/a><\/div>\n                            <\/div><div class=\"eael-entry-header-after style-two\"><div class=\"eael-entry-meta\"><\/div><\/div><\/div><\/div>\n    <\/div>\n<\/article><\/div>\n            <div class=\"clearfix\"><\/div>\n        <\/div>\t\t\t\t<\/div>\n\t\t\t\t<\/div>\n\t\t\t\t<div class=\"elementor-element elementor-element-3b6d4617 elementor-widget elementor-widget-spacer\" data-id=\"3b6d4617\" data-element_type=\"widget\" data-e-type=\"widget\" data-widget_type=\"spacer.default\">\n\t\t\t\t<div class=\"elementor-widget-container\">\n\t\t\t\t\t\t\t<div class=\"elementor-spacer\">\n\t\t\t<div class=\"elementor-spacer-inner\"><\/div>\n\t\t<\/div>\n\t\t\t\t\t\t<\/div>\n\t\t\t\t<\/div>\n\t\t\t\t\t<\/div>\n\t\t<\/div>\n\t\t\t\t\t<\/div>\n\t\t<\/section>\n\t\t\t\t<section class=\"elementor-section elementor-top-section elementor-element elementor-element-257f16b8 elementor-section-boxed elementor-section-height-default elementor-section-height-default\" data-id=\"257f16b8\" data-element_type=\"section\" data-e-type=\"section\" data-settings=\"{&quot;background_background&quot;:&quot;gradient&quot;,&quot;_ha_eqh_enable&quot;:false}\">\n\t\t\t\t\t\t<div class=\"elementor-container elementor-column-gap-default\">\n\t\t\t\t\t<div class=\"elementor-column elementor-col-100 elementor-top-column elementor-element elementor-element-11158018\" data-id=\"11158018\" data-element_type=\"column\" data-e-type=\"column\">\n\t\t\t<div class=\"elementor-widget-wrap elementor-element-populated\">\n\t\t\t\t\t\t<div class=\"elementor-element elementor-element-7fe4882 elementor-widget elementor-widget-heading\" data-id=\"7fe4882\" data-element_type=\"widget\" data-e-type=\"widget\" data-widget_type=\"heading.default\">\n\t\t\t\t<div class=\"elementor-widget-container\">\n\t\t\t\t\t<h3 class=\"elementor-heading-title elementor-size-large\">S\u00edguenos<\/h3>\t\t\t\t<\/div>\n\t\t\t\t<\/div>\n\t\t\t\t<div class=\"elementor-element elementor-element-11718a0f elementor-shape-circle elementor-grid-4 e-grid-align-center elementor-widget elementor-widget-social-icons\" data-id=\"11718a0f\" data-element_type=\"widget\" data-e-type=\"widget\" data-widget_type=\"social-icons.default\">\n\t\t\t\t<div class=\"elementor-widget-container\">\n\t\t\t\t\t\t\t<div class=\"elementor-social-icons-wrapper elementor-grid\" role=\"list\">\n\t\t\t\t\t\t\t<span class=\"elementor-grid-item\" role=\"listitem\">\n\t\t\t\t\t<a class=\"elementor-icon elementor-social-icon elementor-social-icon-facebook elementor-animation-grow elementor-repeater-item-1007f4f\" href=\"https:\/\/www.facebook.com\/diantoreedquintet\" target=\"_blank\">\n\t\t\t\t\t\t<span class=\"elementor-screen-only\">Facebook<\/span>\n\t\t\t\t\t\t<i aria-hidden=\"true\" class=\"fab fa-facebook\"><\/i>\t\t\t\t\t<\/a>\n\t\t\t\t<\/span>\n\t\t\t\t\t\t\t<span class=\"elementor-grid-item\" role=\"listitem\">\n\t\t\t\t\t<a class=\"elementor-icon elementor-social-icon elementor-social-icon-youtube elementor-animation-grow elementor-repeater-item-548a606\" href=\"https:\/\/www.youtube.com\/channel\/UCXFlbrvruxDjuzBPiy2ckZw\" target=\"_blank\">\n\t\t\t\t\t\t<span class=\"elementor-screen-only\">YouTube<\/span>\n\t\t\t\t\t\t<i aria-hidden=\"true\" class=\"fab fa-youtube\"><\/i>\t\t\t\t\t<\/a>\n\t\t\t\t<\/span>\n\t\t\t\t\t\t\t<span class=\"elementor-grid-item\" role=\"listitem\">\n\t\t\t\t\t<a class=\"elementor-icon elementor-social-icon elementor-social-icon-instagram elementor-animation-grow elementor-repeater-item-5b05135\" href=\"https:\/\/www.instagram.com\/diantoreedquintet\/?hl=es\" target=\"_blank\">\n\t\t\t\t\t\t<span class=\"elementor-screen-only\">Instagram<\/span>\n\t\t\t\t\t\t<i aria-hidden=\"true\" class=\"fab fa-instagram\"><\/i>\t\t\t\t\t<\/a>\n\t\t\t\t<\/span>\n\t\t\t\t\t<\/div>\n\t\t\t\t\t\t<\/div>\n\t\t\t\t<\/div>\n\t\t\t\t\t<\/div>\n\t\t<\/div>\n\t\t\t\t\t<\/div>\n\t\t<\/section>\n\t\t\t\t<\/div>","protected":false},"excerpt":{"rendered":"<p>News Dianto Reed Quintet has updated its website Dianto Reed Quintet has updated its website Lorem ipsum dolor sit amet, consectetur adipiscing elit. Ut elit tellus, luctus nec ullamcorper mattis, pulvinar dapibus leo.&nbsp;&#8230; Read More Dianto Reed Quintet, Revelation of Classical Music in Spain with the &#8216;Emerging Ensemble&#8217; Award FestCl\u00e1sica 2024 Dianto Reed Quintet, Revelation [&hellip;]<\/p>\n","protected":false},"author":1,"featured_media":0,"parent":0,"menu_order":0,"comment_status":"closed","ping_status":"closed","template":"","meta":{"_monsterinsights_skip_tracking":false,"_monsterinsights_sitenote_active":false,"_monsterinsights_sitenote_note":"","_monsterinsights_sitenote_category":0,"site-sidebar-layout":"no-sidebar","site-content-layout":"page-builder","ast-site-content-layout":"","site-content-style":"default","site-sidebar-style":"default","ast-global-header-display":"","ast-banner-title-visibility":"","ast-main-header-display":"","ast-hfb-above-header-display":"","ast-hfb-below-header-display":"","ast-hfb-mobile-header-display":"","site-post-title":"disabled","ast-breadcrumbs-content":"","ast-featured-img":"disabled","footer-sml-layout":"","theme-transparent-header-meta":"default","adv-header-id-meta":"","stick-header-meta":"","header-above-stick-meta":"","header-main-stick-meta":"","header-below-stick-meta":"","astra-migrate-meta-layouts":"default","ast-page-background-enabled":"default","ast-page-background-meta":{"desktop":{"background-color":"","background-image":"","background-repeat":"repeat","background-position":"center center","background-size":"auto","background-attachment":"scroll","background-type":"","background-media":"","overlay-type":"","overlay-color":"","overlay-gradient":""},"tablet":{"background-color":"","background-image":"","background-repeat":"repeat","background-position":"center center","background-size":"auto","background-attachment":"scroll","background-type":"","background-media":"","overlay-type":"","overlay-color":"","overlay-gradient":""},"mobile":{"background-color":"","background-image":"","background-repeat":"repeat","background-position":"center center","background-size":"auto","background-attachment":"scroll","background-type":"","background-media":"","overlay-type":"","overlay-color":"","overlay-gradient":""}},"ast-content-background-meta":{"desktop":{"background-color":"var(--ast-global-color-5)","background-image":"","background-repeat":"repeat","background-position":"center center","background-size":"auto","background-attachment":"scroll","background-type":"","background-media":"","overlay-type":"","overlay-color":"","overlay-gradient":""},"tablet":{"background-color":"var(--ast-global-color-5)","background-image":"","background-repeat":"repeat","background-position":"center center","background-size":"auto","background-attachment":"scroll","background-type":"","background-media":"","overlay-type":"","overlay-color":"","overlay-gradient":""},"mobile":{"background-color":"var(--ast-global-color-5)","background-image":"","background-repeat":"repeat","background-position":"center center","background-size":"auto","background-attachment":"scroll","background-type":"","background-media":"","overlay-type":"","overlay-color":"","overlay-gradient":""}},"footnotes":""},"class_list":["post-55","page","type-page","status-publish","hentry"],"yoast_head":"<!-- This site is optimized with the Yoast SEO plugin v27.3 - https:\/\/yoast.com\/product\/yoast-seo-wordpress\/ -->\n<title>News -<\/title>\n<meta name=\"robots\" content=\"noindex, nofollow\" \/>\n<meta property=\"og:locale\" content=\"es_ES\" \/>\n<meta property=\"og:type\" content=\"article\" \/>\n<meta property=\"og:title\" content=\"News -\" \/>\n<meta property=\"og:description\" content=\"News Dianto Reed Quintet has updated its website Dianto Reed Quintet has updated its website Lorem ipsum dolor sit amet, consectetur adipiscing elit. Ut elit tellus, luctus nec ullamcorper mattis, pulvinar dapibus leo.&nbsp;&#8230; Read More Dianto Reed Quintet, Revelation of Classical Music in Spain with the &#8216;Emerging Ensemble&#8217; Award FestCl\u00e1sica 2024 Dianto Reed Quintet, Revelation [&hellip;]\" \/>\n<meta property=\"og:url\" content=\"https:\/\/diantoreedquintet.com\/es\/news\/\" \/>\n<meta property=\"article:modified_time\" content=\"2024-03-29T15:32:25+00:00\" \/>\n<meta property=\"og:image\" content=\"https:\/\/diantoreedquintet.com\/wp-content\/uploads\/2024\/02\/DiantoReedQuintet_JessieKamp_1900x1267_blue-1024x683.jpg\" \/>\n<meta name=\"twitter:card\" content=\"summary_large_image\" \/>\n<meta name=\"twitter:label1\" content=\"Tiempo de lectura\" \/>\n\t<meta name=\"twitter:data1\" content=\"4 minutos\" \/>\n<script type=\"application\/ld+json\" class=\"yoast-schema-graph\">{\"@context\":\"https:\\\/\\\/schema.org\",\"@graph\":[{\"@type\":\"WebPage\",\"@id\":\"https:\\\/\\\/diantoreedquintet.com\\\/news\\\/\",\"url\":\"https:\\\/\\\/diantoreedquintet.com\\\/news\\\/\",\"name\":\"News -\",\"isPartOf\":{\"@id\":\"https:\\\/\\\/diantoreedquintet.com\\\/#website\"},\"primaryImageOfPage\":{\"@id\":\"https:\\\/\\\/diantoreedquintet.com\\\/news\\\/#primaryimage\"},\"image\":{\"@id\":\"https:\\\/\\\/diantoreedquintet.com\\\/news\\\/#primaryimage\"},\"thumbnailUrl\":\"https:\\\/\\\/diantoreedquintet.com\\\/wp-content\\\/uploads\\\/2024\\\/02\\\/DiantoReedQuintet_JessieKamp_1900x1267_blue-1024x683.jpg\",\"datePublished\":\"2021-05-23T10:15:35+00:00\",\"dateModified\":\"2024-03-29T15:32:25+00:00\",\"breadcrumb\":{\"@id\":\"https:\\\/\\\/diantoreedquintet.com\\\/news\\\/#breadcrumb\"},\"inLanguage\":\"es\",\"potentialAction\":[{\"@type\":\"ReadAction\",\"target\":[\"https:\\\/\\\/diantoreedquintet.com\\\/news\\\/\"]}]},{\"@type\":\"ImageObject\",\"inLanguage\":\"es\",\"@id\":\"https:\\\/\\\/diantoreedquintet.com\\\/news\\\/#primaryimage\",\"url\":\"https:\\\/\\\/diantoreedquintet.com\\\/wp-content\\\/uploads\\\/2024\\\/02\\\/DiantoReedQuintet_JessieKamp_1900x1267_blue-1024x683.jpg\",\"contentUrl\":\"https:\\\/\\\/diantoreedquintet.com\\\/wp-content\\\/uploads\\\/2024\\\/02\\\/DiantoReedQuintet_JessieKamp_1900x1267_blue-1024x683.jpg\"},{\"@type\":\"BreadcrumbList\",\"@id\":\"https:\\\/\\\/diantoreedquintet.com\\\/news\\\/#breadcrumb\",\"itemListElement\":[{\"@type\":\"ListItem\",\"position\":1,\"name\":\"Home\",\"item\":\"https:\\\/\\\/diantoreedquintet.com\\\/\"},{\"@type\":\"ListItem\",\"position\":2,\"name\":\"News\"}]},{\"@type\":\"WebSite\",\"@id\":\"https:\\\/\\\/diantoreedquintet.com\\\/#website\",\"url\":\"https:\\\/\\\/diantoreedquintet.com\\\/\",\"name\":\"\",\"description\":\"Dianto Reed Quintet\",\"potentialAction\":[{\"@type\":\"SearchAction\",\"target\":{\"@type\":\"EntryPoint\",\"urlTemplate\":\"https:\\\/\\\/diantoreedquintet.com\\\/?s={search_term_string}\"},\"query-input\":{\"@type\":\"PropertyValueSpecification\",\"valueRequired\":true,\"valueName\":\"search_term_string\"}}],\"inLanguage\":\"es\"}]}<\/script>\n<!-- \/ Yoast SEO plugin. -->","yoast_head_json":{"title":"Noticias -","robots":{"index":"noindex","follow":"nofollow"},"og_locale":"es_ES","og_type":"article","og_title":"News -","og_description":"News Dianto Reed Quintet has updated its website Dianto Reed Quintet has updated its website Lorem ipsum dolor sit amet, consectetur adipiscing elit. Ut elit tellus, luctus nec ullamcorper mattis, pulvinar dapibus leo.&nbsp;&#8230; Read More Dianto Reed Quintet, Revelation of Classical Music in Spain with the &#8216;Emerging Ensemble&#8217; Award FestCl\u00e1sica 2024 Dianto Reed Quintet, Revelation [&hellip;]","og_url":"https:\/\/diantoreedquintet.com\/es\/news\/","article_modified_time":"2024-03-29T15:32:25+00:00","og_image":[{"url":"https:\/\/diantoreedquintet.com\/wp-content\/uploads\/2024\/02\/DiantoReedQuintet_JessieKamp_1900x1267_blue-1024x683.jpg","type":"","width":"","height":""}],"twitter_card":"summary_large_image","twitter_misc":{"Tiempo de lectura":"4 minutos"},"schema":{"@context":"https:\/\/schema.org","@graph":[{"@type":"WebPage","@id":"https:\/\/diantoreedquintet.com\/news\/","url":"https:\/\/diantoreedquintet.com\/news\/","name":"Noticias -","isPartOf":{"@id":"https:\/\/diantoreedquintet.com\/#website"},"primaryImageOfPage":{"@id":"https:\/\/diantoreedquintet.com\/news\/#primaryimage"},"image":{"@id":"https:\/\/diantoreedquintet.com\/news\/#primaryimage"},"thumbnailUrl":"https:\/\/diantoreedquintet.com\/wp-content\/uploads\/2024\/02\/DiantoReedQuintet_JessieKamp_1900x1267_blue-1024x683.jpg","datePublished":"2021-05-23T10:15:35+00:00","dateModified":"2024-03-29T15:32:25+00:00","breadcrumb":{"@id":"https:\/\/diantoreedquintet.com\/news\/#breadcrumb"},"inLanguage":"es","potentialAction":[{"@type":"ReadAction","target":["https:\/\/diantoreedquintet.com\/news\/"]}]},{"@type":"ImageObject","inLanguage":"es","@id":"https:\/\/diantoreedquintet.com\/news\/#primaryimage","url":"https:\/\/diantoreedquintet.com\/wp-content\/uploads\/2024\/02\/DiantoReedQuintet_JessieKamp_1900x1267_blue-1024x683.jpg","contentUrl":"https:\/\/diantoreedquintet.com\/wp-content\/uploads\/2024\/02\/DiantoReedQuintet_JessieKamp_1900x1267_blue-1024x683.jpg"},{"@type":"BreadcrumbList","@id":"https:\/\/diantoreedquintet.com\/news\/#breadcrumb","itemListElement":[{"@type":"ListItem","position":1,"name":"Home","item":"https:\/\/diantoreedquintet.com\/"},{"@type":"ListItem","position":2,"name":"News"}]},{"@type":"WebSite","@id":"https:\/\/diantoreedquintet.com\/#website","url":"https:\/\/diantoreedquintet.com\/","name":"","description":"Dianto Reed Quintet","potentialAction":[{"@type":"SearchAction","target":{"@type":"EntryPoint","urlTemplate":"https:\/\/diantoreedquintet.com\/?s={search_term_string}"},"query-input":{"@type":"PropertyValueSpecification","valueRequired":true,"valueName":"search_term_string"}}],"inLanguage":"es"}]}},"_links":{"self":[{"href":"https:\/\/diantoreedquintet.com\/es\/wp-json\/wp\/v2\/pages\/55","targetHints":{"allow":["GET"]}}],"collection":[{"href":"https:\/\/diantoreedquintet.com\/es\/wp-json\/wp\/v2\/pages"}],"about":[{"href":"https:\/\/diantoreedquintet.com\/es\/wp-json\/wp\/v2\/types\/page"}],"author":[{"embeddable":true,"href":"https:\/\/diantoreedquintet.com\/es\/wp-json\/wp\/v2\/users\/1"}],"replies":[{"embeddable":true,"href":"https:\/\/diantoreedquintet.com\/es\/wp-json\/wp\/v2\/comments?post=55"}],"version-history":[{"count":56,"href":"https:\/\/diantoreedquintet.com\/es\/wp-json\/wp\/v2\/pages\/55\/revisions"}],"predecessor-version":[{"id":3895,"href":"https:\/\/diantoreedquintet.com\/es\/wp-json\/wp\/v2\/pages\/55\/revisions\/3895"}],"wp:attachment":[{"href":"https:\/\/diantoreedquintet.com\/es\/wp-json\/wp\/v2\/media?parent=55"}],"curies":[{"name":"gracias","href":"https:\/\/api.w.org\/{rel}","templated":true}]}}