{"id":3638,"date":"2024-03-27T17:02:54","date_gmt":"2024-03-27T16:02:54","guid":{"rendered":"https:\/\/diantoreedquintet.com\/?page_id=3638"},"modified":"2026-02-16T18:55:51","modified_gmt":"2026-02-16T17:55:51","slug":"our-projects","status":"publish","type":"page","link":"https:\/\/diantoreedquintet.com\/es\/our-projects\/","title":{"rendered":"Nuestros proyectos"},"content":{"rendered":"<div data-elementor-type=\"wp-page\" data-elementor-id=\"3638\" class=\"elementor elementor-3638\" data-elementor-settings=\"{&quot;ha_cmc_init_switcher&quot;:&quot;no&quot;}\">\n\t\t\t\t\t\t<section class=\"elementor-section elementor-top-section elementor-element elementor-element-455bfcf0 elementor-section-boxed elementor-section-height-default elementor-section-height-default\" data-id=\"455bfcf0\" data-element_type=\"section\" data-e-type=\"section\" data-settings=\"{&quot;background_background&quot;:&quot;classic&quot;,&quot;_ha_eqh_enable&quot;:false}\">\n\t\t\t\t\t\t<div class=\"elementor-container elementor-column-gap-default\">\n\t\t\t\t\t<div class=\"elementor-column elementor-col-100 elementor-top-column elementor-element elementor-element-d096db1\" data-id=\"d096db1\" data-element_type=\"column\" data-e-type=\"column\">\n\t\t\t<div class=\"elementor-widget-wrap elementor-element-populated\">\n\t\t\t\t\t\t<div class=\"elementor-element elementor-element-24581aff elementor-widget elementor-widget-heading\" data-id=\"24581aff\" data-element_type=\"widget\" data-e-type=\"widget\" data-widget_type=\"heading.default\">\n\t\t\t\t<div class=\"elementor-widget-container\">\n\t\t\t\t\t<h2 class=\"elementor-heading-title elementor-size-default\">Nuestros proyectos<\/h2>\t\t\t\t<\/div>\n\t\t\t\t<\/div>\n\t\t\t\t\t<\/div>\n\t\t<\/div>\n\t\t\t\t\t<\/div>\n\t\t<\/section>\n\t\t\t\t<section class=\"elementor-section elementor-top-section elementor-element elementor-element-7cf4400 elementor-section-boxed elementor-section-height-default elementor-section-height-default\" data-id=\"7cf4400\" data-element_type=\"section\" data-e-type=\"section\" data-settings=\"{&quot;background_background&quot;:&quot;classic&quot;,&quot;_ha_eqh_enable&quot;:false}\">\n\t\t\t\t\t\t<div class=\"elementor-container elementor-column-gap-default\">\n\t\t\t\t\t<div class=\"elementor-column elementor-col-50 elementor-top-column elementor-element elementor-element-9e469f2\" data-id=\"9e469f2\" data-element_type=\"column\" data-e-type=\"column\">\n\t\t\t<div class=\"elementor-widget-wrap elementor-element-populated\">\n\t\t\t\t\t\t<div class=\"elementor-element elementor-element-c491f64 elementor-widget elementor-widget-heading\" data-id=\"c491f64\" data-element_type=\"widget\" data-e-type=\"widget\" data-widget_type=\"heading.default\">\n\t\t\t\t<div class=\"elementor-widget-container\">\n\t\t\t\t\t<h2 class=\"elementor-heading-title elementor-size-default\">ADN<\/h2>\t\t\t\t<\/div>\n\t\t\t\t<\/div>\n\t\t\t\t<section class=\"elementor-section elementor-inner-section elementor-element elementor-element-314fe8d elementor-section-boxed elementor-section-height-default elementor-section-height-default\" data-id=\"314fe8d\" data-element_type=\"section\" data-e-type=\"section\" data-settings=\"{&quot;_ha_eqh_enable&quot;:false}\">\n\t\t\t\t\t\t<div class=\"elementor-container elementor-column-gap-default\">\n\t\t\t\t\t<div class=\"elementor-column elementor-col-100 elementor-inner-column elementor-element elementor-element-3ed9f39\" data-id=\"3ed9f39\" data-element_type=\"column\" data-e-type=\"column\">\n\t\t\t<div class=\"elementor-widget-wrap elementor-element-populated\">\n\t\t\t\t\t\t<div class=\"elementor-element elementor-element-40f1b89 elementor-widget elementor-widget-text-editor\" data-id=\"40f1b89\" data-element_type=\"widget\" data-e-type=\"widget\" data-widget_type=\"text-editor.default\">\n\t\t\t\t<div class=\"elementor-widget-container\">\n\t\t\t\t\t\t\t\t\t<p>Para este proyecto, los cinco m\u00fasicos del Quinteto Dianto Reed se sometieron a pruebas de ADN para explorar sus or\u00edgenes y descubrir a qu\u00e9 familias (nuevas) pertenecen. Los resultados fueron sorprendentes: nuestro quinteto, predominantemente espa\u00f1ol (con un miembro sudamericano), result\u00f3 tener ra\u00edces que se extienden desde Grecia hasta Escandinavia y desde M\u00e9xico hasta los Balcanes.\u00a0<\/p>\t\t\t\t\t\t\t\t<\/div>\n\t\t\t\t<\/div>\n\t\t\t\t<div class=\"elementor-element elementor-element-93ce73d elementor-widget elementor-widget-toggle\" data-id=\"93ce73d\" data-element_type=\"widget\" data-e-type=\"widget\" data-widget_type=\"toggle.default\">\n\t\t\t\t<div class=\"elementor-widget-container\">\n\t\t\t\t\t\t\t<div class=\"elementor-toggle\">\n\t\t\t\t\t\t\t<div class=\"elementor-toggle-item\">\n\t\t\t\t\t<div id=\"elementor-tab-title-1541\" class=\"elementor-tab-title\" data-tab=\"1\" role=\"button\" aria-controls=\"elementor-tab-content-1541\" aria-expanded=\"false\">\n\t\t\t\t\t\t\t\t\t\t\t\t<span class=\"elementor-toggle-icon elementor-toggle-icon-left\" aria-hidden=\"true\">\n\t\t\t\t\t\t\t\t\t\t\t\t\t\t\t<span class=\"elementor-toggle-icon-closed\"><i class=\"fas fa-caret-right\"><\/i><\/span>\n\t\t\t\t\t\t\t\t<span class=\"elementor-toggle-icon-opened\"><i class=\"elementor-toggle-icon-opened fas fa-caret-up\"><\/i><\/span>\n\t\t\t\t\t\t\t\t\t\t\t\t\t<\/span>\n\t\t\t\t\t\t\t\t\t\t\t\t<a class=\"elementor-toggle-title\" tabindex=\"0\">Leer m\u00e1s<\/a>\n\t\t\t\t\t<\/div>\n\n\t\t\t\t\t<div id=\"elementor-tab-content-1541\" class=\"elementor-tab-content elementor-clearfix\" data-tab=\"1\" role=\"region\" aria-labelledby=\"elementor-tab-title-1541\"><p class=\"p1\">A lo largo de la historia, personas y culturas han viajado por todo el mundo, estableci\u00e9ndose en tierras lejanas y tejiendo una historia atemporal de migraci\u00f3n, conflicto y coexistencia. Esta historia est\u00e1 escrita en nuestro ADN: el material hereditario que nos conecta con nuestros ancestros. El ADN no conoce idiomas, religiones ni fronteras. Porta una huella indeleble de nuestro origen y constituye una de las claves de nuestra identidad.<\/p><p class=\"p1\">Esta actuaci\u00f3n ofrece un retrato musical de la rica diversidad que reside en el ADN del grupo \u2014y en cada uno de sus m\u00fasicos\u2014, al tiempo que constituye un sentido homenaje a la ciudadan\u00eda global.<\/p><\/div>\n\t\t\t\t<\/div>\n\t\t\t\t\t\t\t\t<\/div>\n\t\t\t\t\t\t<\/div>\n\t\t\t\t<\/div>\n\t\t\t\t<div class=\"elementor-element elementor-element-b386b0c elementor-widget elementor-widget-toggle\" data-id=\"b386b0c\" data-element_type=\"widget\" data-e-type=\"widget\" data-widget_type=\"toggle.default\">\n\t\t\t\t<div class=\"elementor-widget-container\">\n\t\t\t\t\t\t\t<div class=\"elementor-toggle\">\n\t\t\t\t\t\t\t<div class=\"elementor-toggle-item\">\n\t\t\t\t\t<div id=\"elementor-tab-title-1881\" class=\"elementor-tab-title\" data-tab=\"1\" role=\"button\" aria-controls=\"elementor-tab-content-1881\" aria-expanded=\"false\">\n\t\t\t\t\t\t\t\t\t\t\t\t<span class=\"elementor-toggle-icon elementor-toggle-icon-left\" aria-hidden=\"true\">\n\t\t\t\t\t\t\t\t\t\t\t\t\t\t\t<span class=\"elementor-toggle-icon-closed\"><i class=\"fas fa-caret-right\"><\/i><\/span>\n\t\t\t\t\t\t\t\t<span class=\"elementor-toggle-icon-opened\"><i class=\"elementor-toggle-icon-opened fas fa-caret-up\"><\/i><\/span>\n\t\t\t\t\t\t\t\t\t\t\t\t\t<\/span>\n\t\t\t\t\t\t\t\t\t\t\t\t<a class=\"elementor-toggle-title\" tabindex=\"0\">Programa<\/a>\n\t\t\t\t\t<\/div>\n\n\t\t\t\t\t<div id=\"elementor-tab-content-1881\" class=\"elementor-tab-content elementor-clearfix\" data-tab=\"1\" role=\"region\" aria-labelledby=\"elementor-tab-title-1881\"><p class=\"p1\"><span class=\"s2\">Jean Sibelius (1865-1957).<i> Finlandia, Op. 26. <\/i>Arreglo de Max Knigge.<\/span><\/p><p>Helen Hopekirk (1856-1945). <em>Romance en La menor<\/em>. Arreglo de Raaf Hekkema.<\/p><p>Ramin Amin Tafreshi (1992). <em>Echoes of the Buried Lullaby <\/em>(2025)<strong>*<\/strong><\/p><p>Tradicional. <em>Freilich<\/em>. Arreglo de Max Knigge.<\/p><p>Antonio Vivaldi (1678-1741). <em>Concierto \u201cLa Notte\u201d<\/em>. Arreglo de Hugo Bouma.<\/p><p style=\"padding-left: 40px;\">\u2013 Allegro<\/p><p>Manuel de Falla (1876-1946). <em>El sombrero de tres picos: Suite nr. 2<\/em> (1919). Arr. Arjan Linker.<\/p><p style=\"padding-left: 40px;\">\u2013 La danza de la molinera<\/p><p>Rodolfo Halffter (1900-1987). <em>8 Tientos<\/em>. Arreglo de Michele Mazzini.<\/p><p style=\"padding-left: 40px;\">\u2013V<\/p><p style=\"padding-left: 40px;\">\u2013 VII<\/p><p>Lili Boulanger (1893-1918). <em>Nocturno<\/em>. Arreglo de Annemarie Hensens.<\/p><p>Fuensanta M\u00e9ndez (1995). <em>Las Patronas\u00a0<\/em>(2025)*<\/p><p style=\"padding-left: 40px;\">\u2013 La Bestia<\/p><p style=\"padding-left: 40px;\">\u2013 Los Viajeros<\/p><p style=\"padding-left: 40px;\">\u2013 Las Patronas<\/p><p>Nikos Skalkottas (1904-1949). <em>4 danzas griegas<\/em>. Arreglo de Dimitris Andrikopoulos.<\/p><p style=\"padding-left: 40px;\">\u2013 Peloponniakos<\/p><p style=\"padding-left: 40px;\">\u2013 Kleftikos<\/p><p style=\"text-align: left;\">Avelino Cachafeiro (1899-1972). <em>Mui\u00f1eira de Chantada<\/em>. Arreglo de Max Knigge.<\/p><p class=\"p1\" style=\"text-align: right;\"><strong>*<i>Estreno mundial<\/i><\/strong><\/p><\/div>\n\t\t\t\t<\/div>\n\t\t\t\t\t\t\t\t<\/div>\n\t\t\t\t\t\t<\/div>\n\t\t\t\t<\/div>\n\t\t\t\t<div class=\"elementor-element elementor-element-b2cb8fd elementor-align-center elementor-widget elementor-widget-button\" data-id=\"b2cb8fd\" data-element_type=\"widget\" data-e-type=\"widget\" data-widget_type=\"button.default\">\n\t\t\t\t<div class=\"elementor-widget-container\">\n\t\t\t\t\t\t\t\t\t<div class=\"elementor-button-wrapper\">\n\t\t\t\t\t<a class=\"elementor-button elementor-button-link elementor-size-sm\" href=\"https:\/\/diantoreedquintet.com\/es\/dna\/\">\n\t\t\t\t\t\t<span class=\"elementor-button-content-wrapper\">\n\t\t\t\t\t\t\t\t\t<span class=\"elementor-button-text\">Programa completo<\/span>\n\t\t\t\t\t<\/span>\n\t\t\t\t\t<\/a>\n\t\t\t\t<\/div>\n\t\t\t\t\t\t\t\t<\/div>\n\t\t\t\t<\/div>\n\t\t\t\t\t<\/div>\n\t\t<\/div>\n\t\t\t\t\t<\/div>\n\t\t<\/section>\n\t\t\t\t\t<\/div>\n\t\t<\/div>\n\t\t\t\t<div class=\"elementor-column elementor-col-50 elementor-top-column elementor-element elementor-element-17a9d46\" data-id=\"17a9d46\" data-element_type=\"column\" data-e-type=\"column\">\n\t\t\t<div class=\"elementor-widget-wrap elementor-element-populated\">\n\t\t\t\t\t\t<div class=\"elementor-element elementor-element-85c0764 elementor-widget elementor-widget-image\" data-id=\"85c0764\" data-element_type=\"widget\" data-e-type=\"widget\" data-widget_type=\"image.default\">\n\t\t\t\t<div class=\"elementor-widget-container\">\n\t\t\t\t\t\t\t\t\t\t\t\t\t\t\t<img fetchpriority=\"high\" decoding=\"async\" width=\"768\" height=\"768\" src=\"https:\/\/diantoreedquintet.com\/wp-content\/uploads\/duo-eter-and-equi-120x120-losada-2-Pure1_11zon-768x768.jpg\" class=\"attachment-medium_large size-medium_large wp-image-5051\" alt=\"\" srcset=\"https:\/\/diantoreedquintet.com\/wp-content\/uploads\/duo-eter-and-equi-120x120-losada-2-Pure1_11zon-768x768.jpg 768w, https:\/\/diantoreedquintet.com\/wp-content\/uploads\/duo-eter-and-equi-120x120-losada-2-Pure1_11zon-300x300.jpg 300w, https:\/\/diantoreedquintet.com\/wp-content\/uploads\/duo-eter-and-equi-120x120-losada-2-Pure1_11zon-1024x1024.jpg 1024w, https:\/\/diantoreedquintet.com\/wp-content\/uploads\/duo-eter-and-equi-120x120-losada-2-Pure1_11zon-150x150.jpg 150w, https:\/\/diantoreedquintet.com\/wp-content\/uploads\/duo-eter-and-equi-120x120-losada-2-Pure1_11zon-1536x1536.jpg 1536w, https:\/\/diantoreedquintet.com\/wp-content\/uploads\/duo-eter-and-equi-120x120-losada-2-Pure1_11zon-2048x2048.jpg 2048w, https:\/\/diantoreedquintet.com\/wp-content\/uploads\/duo-eter-and-equi-120x120-losada-2-Pure1_11zon-12x12.jpg 12w\" sizes=\"(max-width: 768px) 100vw, 768px\" \/>\t\t\t\t\t\t\t\t\t\t\t\t\t\t\t<\/div>\n\t\t\t\t<\/div>\n\t\t\t\t<section class=\"elementor-section elementor-inner-section elementor-element elementor-element-ccd9e91 elementor-section-boxed elementor-section-height-default elementor-section-height-default\" data-id=\"ccd9e91\" data-element_type=\"section\" data-e-type=\"section\" data-settings=\"{&quot;_ha_eqh_enable&quot;:false}\">\n\t\t\t\t\t\t<div class=\"elementor-container elementor-column-gap-default\">\n\t\t\t\t\t<div class=\"elementor-column elementor-col-33 elementor-inner-column elementor-element elementor-element-95dcb51\" data-id=\"95dcb51\" data-element_type=\"column\" data-e-type=\"column\">\n\t\t\t<div class=\"elementor-widget-wrap elementor-element-populated\">\n\t\t\t\t\t\t<div class=\"elementor-element elementor-element-bf84415 elementor-widget elementor-widget-image\" data-id=\"bf84415\" data-element_type=\"widget\" data-e-type=\"widget\" data-widget_type=\"image.default\">\n\t\t\t\t<div class=\"elementor-widget-container\">\n\t\t\t\t\t\t\t\t\t\t\t\t\t\t\t<img decoding=\"async\" width=\"583\" height=\"67\" src=\"https:\/\/diantoreedquintet.com\/wp-content\/uploads\/2025\/04\/logo_home_Het_Kersjes_Fonds.png\" class=\"attachment-full size-full wp-image-4896\" alt=\"\" srcset=\"https:\/\/diantoreedquintet.com\/wp-content\/uploads\/2025\/04\/logo_home_Het_Kersjes_Fonds.png 583w, https:\/\/diantoreedquintet.com\/wp-content\/uploads\/2025\/04\/logo_home_Het_Kersjes_Fonds-300x34.png 300w, https:\/\/diantoreedquintet.com\/wp-content\/uploads\/2025\/04\/logo_home_Het_Kersjes_Fonds-18x2.png 18w\" sizes=\"(max-width: 583px) 100vw, 583px\" \/>\t\t\t\t\t\t\t\t\t\t\t\t\t\t\t<\/div>\n\t\t\t\t<\/div>\n\t\t\t\t\t<\/div>\n\t\t<\/div>\n\t\t\t\t<div class=\"elementor-column elementor-col-33 elementor-inner-column elementor-element elementor-element-882a9b3\" data-id=\"882a9b3\" data-element_type=\"column\" data-e-type=\"column\">\n\t\t\t<div class=\"elementor-widget-wrap elementor-element-populated\">\n\t\t\t\t\t\t<div class=\"elementor-element elementor-element-d39b936 elementor-widget elementor-widget-image\" data-id=\"d39b936\" data-element_type=\"widget\" data-e-type=\"widget\" data-widget_type=\"image.default\">\n\t\t\t\t<div class=\"elementor-widget-container\">\n\t\t\t\t\t\t\t\t\t\t\t\t\t\t\t<img decoding=\"async\" width=\"500\" height=\"159\" src=\"https:\/\/diantoreedquintet.com\/wp-content\/uploads\/2025\/04\/AFK-Logo.png\" class=\"attachment-large size-large wp-image-4911\" alt=\"\" srcset=\"https:\/\/diantoreedquintet.com\/wp-content\/uploads\/2025\/04\/AFK-Logo.png 500w, https:\/\/diantoreedquintet.com\/wp-content\/uploads\/2025\/04\/AFK-Logo-300x95.png 300w, https:\/\/diantoreedquintet.com\/wp-content\/uploads\/2025\/04\/AFK-Logo-18x6.png 18w\" sizes=\"(max-width: 500px) 100vw, 500px\" \/>\t\t\t\t\t\t\t\t\t\t\t\t\t\t\t<\/div>\n\t\t\t\t<\/div>\n\t\t\t\t\t<\/div>\n\t\t<\/div>\n\t\t\t\t<div class=\"elementor-column elementor-col-33 elementor-inner-column elementor-element elementor-element-03e9e83\" data-id=\"03e9e83\" data-element_type=\"column\" data-e-type=\"column\">\n\t\t\t<div class=\"elementor-widget-wrap elementor-element-populated\">\n\t\t\t\t\t\t<div class=\"elementor-element elementor-element-6be2058 elementor-widget elementor-widget-image\" data-id=\"6be2058\" data-element_type=\"widget\" data-e-type=\"widget\" data-widget_type=\"image.default\">\n\t\t\t\t<div class=\"elementor-widget-container\">\n\t\t\t\t\t\t\t\t\t\t\t\t\t\t\t<img loading=\"lazy\" decoding=\"async\" width=\"1024\" height=\"394\" src=\"https:\/\/diantoreedquintet.com\/wp-content\/uploads\/CF-RGB-donkerbruin-1024x394.png\" class=\"attachment-large size-large wp-image-5073\" alt=\"\" srcset=\"https:\/\/diantoreedquintet.com\/wp-content\/uploads\/CF-RGB-donkerbruin-1024x394.png 1024w, https:\/\/diantoreedquintet.com\/wp-content\/uploads\/CF-RGB-donkerbruin-300x115.png 300w, https:\/\/diantoreedquintet.com\/wp-content\/uploads\/CF-RGB-donkerbruin-768x296.png 768w, https:\/\/diantoreedquintet.com\/wp-content\/uploads\/CF-RGB-donkerbruin-18x7.png 18w, https:\/\/diantoreedquintet.com\/wp-content\/uploads\/CF-RGB-donkerbruin.png 1047w\" sizes=\"(max-width: 1024px) 100vw, 1024px\" \/>\t\t\t\t\t\t\t\t\t\t\t\t\t\t\t<\/div>\n\t\t\t\t<\/div>\n\t\t\t\t\t<\/div>\n\t\t<\/div>\n\t\t\t\t\t<\/div>\n\t\t<\/section>\n\t\t\t\t\t<\/div>\n\t\t<\/div>\n\t\t\t\t\t<\/div>\n\t\t<\/section>\n\t\t\t\t<section class=\"elementor-section elementor-top-section elementor-element elementor-element-ba05b4a elementor-section-boxed elementor-section-height-default elementor-section-height-default\" data-id=\"ba05b4a\" data-element_type=\"section\" data-e-type=\"section\" data-settings=\"{&quot;background_background&quot;:&quot;classic&quot;,&quot;_ha_eqh_enable&quot;:false}\">\n\t\t\t\t\t\t<div class=\"elementor-container elementor-column-gap-default\">\n\t\t\t\t\t<div class=\"elementor-column elementor-col-50 elementor-top-column elementor-element elementor-element-bc0aa1b\" data-id=\"bc0aa1b\" data-element_type=\"column\" data-e-type=\"column\">\n\t\t\t<div class=\"elementor-widget-wrap elementor-element-populated\">\n\t\t\t\t\t\t<div class=\"elementor-element elementor-element-31dc534 elementor-widget elementor-widget-heading\" data-id=\"31dc534\" data-element_type=\"widget\" data-e-type=\"widget\" data-widget_type=\"heading.default\">\n\t\t\t\t<div class=\"elementor-widget-container\">\n\t\t\t\t\t<h2 class=\"elementor-heading-title elementor-size-default\">Echoes of Our Planet<\/h2>\t\t\t\t<\/div>\n\t\t\t\t<\/div>\n\t\t\t\t<section class=\"elementor-section elementor-inner-section elementor-element elementor-element-3f07a43 elementor-section-boxed elementor-section-height-default elementor-section-height-default\" data-id=\"3f07a43\" data-element_type=\"section\" data-e-type=\"section\" data-settings=\"{&quot;_ha_eqh_enable&quot;:false}\">\n\t\t\t\t\t\t<div class=\"elementor-container elementor-column-gap-default\">\n\t\t\t\t\t<div class=\"elementor-column elementor-col-100 elementor-inner-column elementor-element elementor-element-69de257\" data-id=\"69de257\" data-element_type=\"column\" data-e-type=\"column\">\n\t\t\t<div class=\"elementor-widget-wrap elementor-element-populated\">\n\t\t\t\t\t\t<div class=\"elementor-element elementor-element-0a080df elementor-widget elementor-widget-text-editor\" data-id=\"0a080df\" data-element_type=\"widget\" data-e-type=\"widget\" data-widget_type=\"text-editor.default\">\n\t\t\t\t<div class=\"elementor-widget-container\">\n\t\t\t\t\t\t\t\t\t<p><span class=\"s1\"><i>Echoes of Our Planet <\/i><\/span>es un programa que une el pasado y el presente. Transportamos al p\u00fablico a mundos y \u00e9pocas lejanos, con la m\u00fasica de nuestros ancestros y los instrumentos de Abraham Cupeiro, manteniendo la conexi\u00f3n con el presente y nuestros instrumentos modernos. De esta manera, nos remontamos mucho m\u00e1s all\u00e1 del Renacimiento o la Edad Media; nos remontamos al origen de nuestra cultura, siendo la m\u00fasica un elemento universal que ha desempe\u00f1ado un papel central a trav\u00e9s del tiempo, las culturas y los continentes.<\/p>\t\t\t\t\t\t\t\t<\/div>\n\t\t\t\t<\/div>\n\t\t\t\t<div class=\"elementor-element elementor-element-611ebde elementor-widget elementor-widget-toggle\" data-id=\"611ebde\" data-element_type=\"widget\" data-e-type=\"widget\" data-widget_type=\"toggle.default\">\n\t\t\t\t<div class=\"elementor-widget-container\">\n\t\t\t\t\t\t\t<div class=\"elementor-toggle\">\n\t\t\t\t\t\t\t<div class=\"elementor-toggle-item\">\n\t\t\t\t\t<div id=\"elementor-tab-title-1011\" class=\"elementor-tab-title\" data-tab=\"1\" role=\"button\" aria-controls=\"elementor-tab-content-1011\" aria-expanded=\"false\">\n\t\t\t\t\t\t\t\t\t\t\t\t<span class=\"elementor-toggle-icon elementor-toggle-icon-left\" aria-hidden=\"true\">\n\t\t\t\t\t\t\t\t\t\t\t\t\t\t\t<span class=\"elementor-toggle-icon-closed\"><i class=\"fas fa-caret-right\"><\/i><\/span>\n\t\t\t\t\t\t\t\t<span class=\"elementor-toggle-icon-opened\"><i class=\"elementor-toggle-icon-opened fas fa-caret-up\"><\/i><\/span>\n\t\t\t\t\t\t\t\t\t\t\t\t\t<\/span>\n\t\t\t\t\t\t\t\t\t\t\t\t<a class=\"elementor-toggle-title\" tabindex=\"0\">Leer m\u00e1s<\/a>\n\t\t\t\t\t<\/div>\n\n\t\t\t\t\t<div id=\"elementor-tab-content-1011\" class=\"elementor-tab-content elementor-clearfix\" data-tab=\"1\" role=\"region\" aria-labelledby=\"elementor-tab-title-1011\"><p class=\"p1\"><span class=\"s1\"><i>Pangea <\/i><\/span>(del griego \u00abtoda la Tierra\u00bb) se refiere al  supercontinente original de hace unos 300 millones de a\u00f1os. En sus composiciones, Cupeiro investiga diferentes formas primitivas de expresi\u00f3n musical mediante instrumentos construidos por \u00e9l mismo, como el Karnyx (de m\u00e1s de dos metros de largo), el Shofar y el Hulusi, entre otros. Su instrumentaci\u00f3n es muy extensa y diversa, y refleja los diferentes continentes donde encontr\u00f3 su inspiraci\u00f3n. <span class=\"s1\"><i>Pangea <\/i><\/span>es una investigaci\u00f3n hist\u00f3rica ac\u00fastica sobre el ecosistema musical de nuestros ancestros lejanos.<\/p><\/div>\n\t\t\t\t<\/div>\n\t\t\t\t\t\t\t\t<\/div>\n\t\t\t\t\t\t<\/div>\n\t\t\t\t<\/div>\n\t\t\t\t<div class=\"elementor-element elementor-element-1e1f423 elementor-widget elementor-widget-toggle\" data-id=\"1e1f423\" data-element_type=\"widget\" data-e-type=\"widget\" data-widget_type=\"toggle.default\">\n\t\t\t\t<div class=\"elementor-widget-container\">\n\t\t\t\t\t\t\t<div class=\"elementor-toggle\">\n\t\t\t\t\t\t\t<div class=\"elementor-toggle-item\">\n\t\t\t\t\t<div id=\"elementor-tab-title-3151\" class=\"elementor-tab-title\" data-tab=\"1\" role=\"button\" aria-controls=\"elementor-tab-content-3151\" aria-expanded=\"false\">\n\t\t\t\t\t\t\t\t\t\t\t\t<span class=\"elementor-toggle-icon elementor-toggle-icon-left\" aria-hidden=\"true\">\n\t\t\t\t\t\t\t\t\t\t\t\t\t\t\t<span class=\"elementor-toggle-icon-closed\"><i class=\"fas fa-caret-right\"><\/i><\/span>\n\t\t\t\t\t\t\t\t<span class=\"elementor-toggle-icon-opened\"><i class=\"elementor-toggle-icon-opened fas fa-caret-up\"><\/i><\/span>\n\t\t\t\t\t\t\t\t\t\t\t\t\t<\/span>\n\t\t\t\t\t\t\t\t\t\t\t\t<a class=\"elementor-toggle-title\" tabindex=\"0\">Programa<\/a>\n\t\t\t\t\t<\/div>\n\n\t\t\t\t\t<div id=\"elementor-tab-content-3151\" class=\"elementor-tab-content elementor-clearfix\" data-tab=\"1\" role=\"region\" aria-labelledby=\"elementor-tab-title-3151\"><p class=\"p1\"><span class=\"s2\"><i>Pangea<\/i><\/span> (2018), de Abraham Cupeiro (1980). Arr. por Max Knigge \u2013 para Dianto Reed Quintet y Abraham Cupeiro. (43&#039;)<br \/>\u2013 Ocean\u00eda<br \/>\u2013 China<br \/>\u2013 Am\u00e9rica<br \/>\u2013 \u00c1frica<br \/>\u2013 Norte de \u00c1frica (Arabia)<br \/>\u2013 Armenia<br \/>\u2013 Bulgaria<br \/>\u2013 Costa Atl\u00e1ntica<br \/>\u2013 Lamento<\/p><p class=\"p1\"><span class=\"s2\"><i>Fantas\u00eda y Jhalla <\/i><\/span>(2025), de Arjan Linker (2000) \u2013 para Dianto Reed Quintet. (9&#039;) *<br \/>\u2013 Fantas\u00eda<br \/>\u2013 Jhalla<\/p><p class=\"p1\" style=\"text-align: right;\">*<span class=\"s2\"><i>Fantas\u00eda y Jhalla <\/i><\/span>se interpretar\u00e1 entre los movimientos de <span class=\"s2\"><i>Pangea<\/i><\/span>.<\/p><\/div>\n\t\t\t\t<\/div>\n\t\t\t\t\t\t\t\t<\/div>\n\t\t\t\t\t\t<\/div>\n\t\t\t\t<\/div>\n\t\t\t\t<div class=\"elementor-element elementor-element-8845bba elementor-align-center elementor-widget elementor-widget-button\" data-id=\"8845bba\" data-element_type=\"widget\" data-e-type=\"widget\" data-widget_type=\"button.default\">\n\t\t\t\t<div class=\"elementor-widget-container\">\n\t\t\t\t\t\t\t\t\t<div class=\"elementor-button-wrapper\">\n\t\t\t\t\t<a class=\"elementor-button elementor-button-link elementor-size-sm\" href=\"https:\/\/diantoreedquintet.com\/es\/echoes-of-our-planet\/\">\n\t\t\t\t\t\t<span class=\"elementor-button-content-wrapper\">\n\t\t\t\t\t\t\t\t\t<span class=\"elementor-button-text\">Programa completo<\/span>\n\t\t\t\t\t<\/span>\n\t\t\t\t\t<\/a>\n\t\t\t\t<\/div>\n\t\t\t\t\t\t\t\t<\/div>\n\t\t\t\t<\/div>\n\t\t\t\t\t<\/div>\n\t\t<\/div>\n\t\t\t\t\t<\/div>\n\t\t<\/section>\n\t\t\t\t\t<\/div>\n\t\t<\/div>\n\t\t\t\t<div class=\"elementor-column elementor-col-50 elementor-top-column elementor-element elementor-element-94528ce\" data-id=\"94528ce\" data-element_type=\"column\" data-e-type=\"column\">\n\t\t\t<div class=\"elementor-widget-wrap elementor-element-populated\">\n\t\t\t\t\t\t<div class=\"elementor-element elementor-element-dc2c2d6 elementor-widget elementor-widget-image\" data-id=\"dc2c2d6\" data-element_type=\"widget\" data-e-type=\"widget\" data-widget_type=\"image.default\">\n\t\t\t\t<div class=\"elementor-widget-container\">\n\t\t\t\t\t\t\t\t\t\t\t\t\t\t\t<img loading=\"lazy\" decoding=\"async\" width=\"768\" height=\"512\" src=\"https:\/\/diantoreedquintet.com\/wp-content\/uploads\/2025\/02\/3B1A8416-ok-_11zon_11zon-768x512.jpg\" class=\"attachment-medium_large size-medium_large wp-image-4804\" alt=\"\" srcset=\"https:\/\/diantoreedquintet.com\/wp-content\/uploads\/2025\/02\/3B1A8416-ok-_11zon_11zon-768x512.jpg 768w, https:\/\/diantoreedquintet.com\/wp-content\/uploads\/2025\/02\/3B1A8416-ok-_11zon_11zon-300x200.jpg 300w, https:\/\/diantoreedquintet.com\/wp-content\/uploads\/2025\/02\/3B1A8416-ok-_11zon_11zon-1024x683.jpg 1024w, https:\/\/diantoreedquintet.com\/wp-content\/uploads\/2025\/02\/3B1A8416-ok-_11zon_11zon-391x260.jpg 391w, https:\/\/diantoreedquintet.com\/wp-content\/uploads\/2025\/02\/3B1A8416-ok-_11zon_11zon-1536x1024.jpg 1536w, https:\/\/diantoreedquintet.com\/wp-content\/uploads\/2025\/02\/3B1A8416-ok-_11zon_11zon-2048x1365.jpg 2048w, https:\/\/diantoreedquintet.com\/wp-content\/uploads\/2025\/02\/3B1A8416-ok-_11zon_11zon-18x12.jpg 18w\" sizes=\"(max-width: 768px) 100vw, 768px\" \/>\t\t\t\t\t\t\t\t\t\t\t\t\t\t\t<\/div>\n\t\t\t\t<\/div>\n\t\t\t\t<div class=\"elementor-element elementor-element-b8e1d07 elementor-widget elementor-widget-image\" data-id=\"b8e1d07\" data-element_type=\"widget\" data-e-type=\"widget\" data-widget_type=\"image.default\">\n\t\t\t\t<div class=\"elementor-widget-container\">\n\t\t\t\t\t\t\t\t\t\t\t\t\t\t\t<img loading=\"lazy\" decoding=\"async\" width=\"2530\" height=\"352\" src=\"https:\/\/diantoreedquintet.com\/wp-content\/uploads\/2025\/04\/logo-funds-cupeiro-3.png\" class=\"attachment-full size-full wp-image-4895\" alt=\"\" srcset=\"https:\/\/diantoreedquintet.com\/wp-content\/uploads\/2025\/04\/logo-funds-cupeiro-3.png 2530w, https:\/\/diantoreedquintet.com\/wp-content\/uploads\/2025\/04\/logo-funds-cupeiro-3-300x42.png 300w, https:\/\/diantoreedquintet.com\/wp-content\/uploads\/2025\/04\/logo-funds-cupeiro-3-1024x142.png 1024w, https:\/\/diantoreedquintet.com\/wp-content\/uploads\/2025\/04\/logo-funds-cupeiro-3-768x107.png 768w, https:\/\/diantoreedquintet.com\/wp-content\/uploads\/2025\/04\/logo-funds-cupeiro-3-1536x214.png 1536w, https:\/\/diantoreedquintet.com\/wp-content\/uploads\/2025\/04\/logo-funds-cupeiro-3-2048x285.png 2048w, https:\/\/diantoreedquintet.com\/wp-content\/uploads\/2025\/04\/logo-funds-cupeiro-3-18x3.png 18w\" sizes=\"(max-width: 2530px) 100vw, 2530px\" \/>\t\t\t\t\t\t\t\t\t\t\t\t\t\t\t<\/div>\n\t\t\t\t<\/div>\n\t\t\t\t\t<\/div>\n\t\t<\/div>\n\t\t\t\t\t<\/div>\n\t\t<\/section>\n\t\t\t\t<section class=\"elementor-section elementor-top-section elementor-element elementor-element-a9b1311 elementor-section-boxed elementor-section-height-default elementor-section-height-default\" data-id=\"a9b1311\" data-element_type=\"section\" data-e-type=\"section\" data-settings=\"{&quot;background_background&quot;:&quot;classic&quot;,&quot;_ha_eqh_enable&quot;:false}\">\n\t\t\t\t\t\t<div class=\"elementor-container elementor-column-gap-default\">\n\t\t\t\t\t<div class=\"elementor-column elementor-col-50 elementor-top-column elementor-element elementor-element-4e2aa83\" data-id=\"4e2aa83\" data-element_type=\"column\" data-e-type=\"column\">\n\t\t\t<div class=\"elementor-widget-wrap elementor-element-populated\">\n\t\t\t\t\t\t<div class=\"elementor-element elementor-element-38ea16f elementor-widget elementor-widget-heading\" data-id=\"38ea16f\" data-element_type=\"widget\" data-e-type=\"widget\" data-widget_type=\"heading.default\">\n\t\t\t\t<div class=\"elementor-widget-container\">\n\t\t\t\t\t<h2 class=\"elementor-heading-title elementor-size-default\">Pour la Post\u00e9rit\u00e9<\/h2>\t\t\t\t<\/div>\n\t\t\t\t<\/div>\n\t\t\t\t<section class=\"elementor-section elementor-inner-section elementor-element elementor-element-3be547d elementor-section-boxed elementor-section-height-default elementor-section-height-default\" data-id=\"3be547d\" data-element_type=\"section\" data-e-type=\"section\" data-settings=\"{&quot;_ha_eqh_enable&quot;:false}\">\n\t\t\t\t\t\t<div class=\"elementor-container elementor-column-gap-default\">\n\t\t\t\t\t<div class=\"elementor-column elementor-col-100 elementor-inner-column elementor-element elementor-element-8b2503f\" data-id=\"8b2503f\" data-element_type=\"column\" data-e-type=\"column\">\n\t\t\t<div class=\"elementor-widget-wrap elementor-element-populated\">\n\t\t\t\t\t\t<div class=\"elementor-element elementor-element-49ad19d elementor-widget elementor-widget-text-editor\" data-id=\"49ad19d\" data-element_type=\"widget\" data-e-type=\"widget\" data-widget_type=\"text-editor.default\">\n\t\t\t\t<div class=\"elementor-widget-container\">\n\t\t\t\t\t\t\t\t\t<p>&#039;Pour la Post\u00e9rit\u00e9&#039; conecta dos disciplinas, la m\u00fasica y las artes visuales, a trav\u00e9s del estrecho v\u00ednculo entre dos gigantes art\u00edsticos del siglo pasado: Igor Stravinsky y Pablo Picasso. Ambos estuvieron activos en los c\u00edrculos parisinos que rodeaban a &#039;Les Ballets Russes&#039;, la compa\u00f1\u00eda del visionario empresario Sergei Diaghilev, as\u00ed como a los dem\u00e1s compositores de este programa: Eric Satie y Manuel de Falla.<\/p>\t\t\t\t\t\t\t\t<\/div>\n\t\t\t\t<\/div>\n\t\t\t\t<div class=\"elementor-element elementor-element-b6544c5 elementor-widget elementor-widget-toggle\" data-id=\"b6544c5\" data-element_type=\"widget\" data-e-type=\"widget\" data-widget_type=\"toggle.default\">\n\t\t\t\t<div class=\"elementor-widget-container\">\n\t\t\t\t\t\t\t<div class=\"elementor-toggle\">\n\t\t\t\t\t\t\t<div class=\"elementor-toggle-item\">\n\t\t\t\t\t<div id=\"elementor-tab-title-1911\" class=\"elementor-tab-title\" data-tab=\"1\" role=\"button\" aria-controls=\"elementor-tab-content-1911\" aria-expanded=\"false\">\n\t\t\t\t\t\t\t\t\t\t\t\t<span class=\"elementor-toggle-icon elementor-toggle-icon-left\" aria-hidden=\"true\">\n\t\t\t\t\t\t\t\t\t\t\t\t\t\t\t<span class=\"elementor-toggle-icon-closed\"><i class=\"fas fa-caret-right\"><\/i><\/span>\n\t\t\t\t\t\t\t\t<span class=\"elementor-toggle-icon-opened\"><i class=\"elementor-toggle-icon-opened fas fa-caret-up\"><\/i><\/span>\n\t\t\t\t\t\t\t\t\t\t\t\t\t<\/span>\n\t\t\t\t\t\t\t\t\t\t\t\t<a class=\"elementor-toggle-title\" tabindex=\"0\">Leer m\u00e1s<\/a>\n\t\t\t\t\t<\/div>\n\n\t\t\t\t\t<div id=\"elementor-tab-content-1911\" class=\"elementor-tab-content elementor-clearfix\" data-tab=\"1\" role=\"region\" aria-labelledby=\"elementor-tab-title-1911\"><p>Los tres compositores trabajaron con Picasso en sus respectivas piezas presentadas en este proyecto, y tambi\u00e9n fueron retratados por \u00e9l. Stravinsky, a cambio, escribi\u00f3 un breve solo para clarinete (&#039;Pour Picasso&#039;) y dedic\u00f3 estos cinco compases al pintor, escribiendo &#039;Pour la Post\u00e9rit\u00e9&#039;. &#039;Pour Picasso&#039; es el <em>leitmotiv<\/em> del programa, y tambi\u00e9n fue la inspiraci\u00f3n para la nueva pieza encargada para este proyecto a Julian Schneemann: &#039;Song, Fugue and Groove on a Tune by Stravinsky&#039;.<\/p>\n<p>Todos estos gigantes del siglo pasado fueron innovadores y revolucionaron el arte de diferentes maneras. Con esta actuaci\u00f3n Dianto no s\u00f3lo muestra la sinergia entre estos artistas, sino tambi\u00e9n su propio deseo de ser innovadores y estar abiertos a los desarrollos del mundo actual. Quieren invitar al oyente a reflexionar sobre el arte y su prop\u00f3sito, mostrando algunas pinturas de Picasso durante la performance desde diferentes perspectivas, as\u00ed como algunas pinturas inspiradas en Picasso (del artista holand\u00e9s Erik Renssen), y algunas creaciones de Inteligencia Artificial, abriendo la puerta a muchas preguntas y reflexiones.<\/p><\/div>\n\t\t\t\t<\/div>\n\t\t\t\t\t\t\t\t<\/div>\n\t\t\t\t\t\t<\/div>\n\t\t\t\t<\/div>\n\t\t\t\t<div class=\"elementor-element elementor-element-2649a4b elementor-widget elementor-widget-toggle\" data-id=\"2649a4b\" data-element_type=\"widget\" data-e-type=\"widget\" data-widget_type=\"toggle.default\">\n\t\t\t\t<div class=\"elementor-widget-container\">\n\t\t\t\t\t\t\t<div class=\"elementor-toggle\">\n\t\t\t\t\t\t\t<div class=\"elementor-toggle-item\">\n\t\t\t\t\t<div id=\"elementor-tab-title-4011\" class=\"elementor-tab-title\" data-tab=\"1\" role=\"button\" aria-controls=\"elementor-tab-content-4011\" aria-expanded=\"false\">\n\t\t\t\t\t\t\t\t\t\t\t\t<span class=\"elementor-toggle-icon elementor-toggle-icon-left\" aria-hidden=\"true\">\n\t\t\t\t\t\t\t\t\t\t\t\t\t\t\t<span class=\"elementor-toggle-icon-closed\"><i class=\"fas fa-caret-right\"><\/i><\/span>\n\t\t\t\t\t\t\t\t<span class=\"elementor-toggle-icon-opened\"><i class=\"elementor-toggle-icon-opened fas fa-caret-up\"><\/i><\/span>\n\t\t\t\t\t\t\t\t\t\t\t\t\t<\/span>\n\t\t\t\t\t\t\t\t\t\t\t\t<a class=\"elementor-toggle-title\" tabindex=\"0\">Programa<\/a>\n\t\t\t\t\t<\/div>\n\n\t\t\t\t\t<div id=\"elementor-tab-content-4011\" class=\"elementor-tab-content elementor-clearfix\" data-tab=\"1\" role=\"region\" aria-labelledby=\"elementor-tab-title-4011\"><p class=\"p1\"><span style=\"color: #000000;\">\u00cdgor Stravinski (1882-1971): <i>Pour Picasso <\/i>(1917).<\/span><\/p><p class=\"p1\"><span style=\"color: #000000;\">\u00cdgor Stravinski (1882-1971): <i>Pulcinella Suite <\/i>(1920). Arr. Max Knigge.<\/span><br \/><span style=\"color: #000000;\">\u2013 Sinfon\u00eda<\/span><br \/><span style=\"color: #000000;\">\u2013 Serenata<\/span><br \/><span style=\"color: #000000;\">\u2013 Scherzino<\/span><br \/><span style=\"color: #000000;\">\u2013 Tocata<\/span><br \/><span style=\"color: #000000;\">\u2013 Vivo<\/span><br \/><span style=\"color: #000000;\">\u2013 Minueto<\/span><br \/><span style=\"color: #000000;\">\u2013 Final<\/span><\/p><p class=\"p1\"><span style=\"color: #000000;\">Erik Satie (1866-1925): <i>Parade <\/i>(1917). Arr. Max Knigge.<\/span><\/p><p class=\"p1\"><span style=\"color: #000000;\">Manuel de Falla (1876-1946): <i>El sombrero de tres picos: Suites n.1 y n.2<\/i>. (1919). Arr. Arjan Linker.<\/span><\/p><p class=\"p1\"><span style=\"color: #000000;\">Julian Schneemann (1992): <i>Song, Fugue and Groove on a tune by Stravinsky <\/i>(2023).<\/span><\/p><\/div>\n\t\t\t\t<\/div>\n\t\t\t\t\t\t\t\t<\/div>\n\t\t\t\t\t\t<\/div>\n\t\t\t\t<\/div>\n\t\t\t\t<div class=\"elementor-element elementor-element-8d014e6 elementor-align-center elementor-widget elementor-widget-button\" data-id=\"8d014e6\" data-element_type=\"widget\" data-e-type=\"widget\" data-widget_type=\"button.default\">\n\t\t\t\t<div class=\"elementor-widget-container\">\n\t\t\t\t\t\t\t\t\t<div class=\"elementor-button-wrapper\">\n\t\t\t\t\t<a class=\"elementor-button elementor-button-link elementor-size-sm\" href=\"https:\/\/diantoreedquintet.com\/es\/pour-la-posterite\/\">\n\t\t\t\t\t\t<span class=\"elementor-button-content-wrapper\">\n\t\t\t\t\t\t\t\t\t<span class=\"elementor-button-text\">Programa completo<\/span>\n\t\t\t\t\t<\/span>\n\t\t\t\t\t<\/a>\n\t\t\t\t<\/div>\n\t\t\t\t\t\t\t\t<\/div>\n\t\t\t\t<\/div>\n\t\t\t\t\t<\/div>\n\t\t<\/div>\n\t\t\t\t\t<\/div>\n\t\t<\/section>\n\t\t\t\t\t<\/div>\n\t\t<\/div>\n\t\t\t\t<div class=\"elementor-column elementor-col-50 elementor-top-column elementor-element elementor-element-00c0ead\" data-id=\"00c0ead\" data-element_type=\"column\" data-e-type=\"column\">\n\t\t\t<div class=\"elementor-widget-wrap elementor-element-populated\">\n\t\t\t\t\t\t<div class=\"elementor-element elementor-element-3cfbcbf elementor-widget elementor-widget-image\" data-id=\"3cfbcbf\" data-element_type=\"widget\" data-e-type=\"widget\" data-widget_type=\"image.default\">\n\t\t\t\t<div class=\"elementor-widget-container\">\n\t\t\t\t\t\t\t\t\t\t\t\t\t\t\t<img loading=\"lazy\" decoding=\"async\" width=\"768\" height=\"512\" src=\"https:\/\/diantoreedquintet.com\/wp-content\/uploads\/2024\/03\/20231205_DiantoReedQuintet_JessieKamp_005-768x512.jpg\" class=\"attachment-medium_large size-medium_large wp-image-3765\" alt=\"\" srcset=\"https:\/\/diantoreedquintet.com\/wp-content\/uploads\/2024\/03\/20231205_DiantoReedQuintet_JessieKamp_005-768x512.jpg 768w, https:\/\/diantoreedquintet.com\/wp-content\/uploads\/2024\/03\/20231205_DiantoReedQuintet_JessieKamp_005-300x200.jpg 300w, https:\/\/diantoreedquintet.com\/wp-content\/uploads\/2024\/03\/20231205_DiantoReedQuintet_JessieKamp_005-1024x682.jpg 1024w, https:\/\/diantoreedquintet.com\/wp-content\/uploads\/2024\/03\/20231205_DiantoReedQuintet_JessieKamp_005-391x260.jpg 391w, https:\/\/diantoreedquintet.com\/wp-content\/uploads\/2024\/03\/20231205_DiantoReedQuintet_JessieKamp_005-1536x1023.jpg 1536w, https:\/\/diantoreedquintet.com\/wp-content\/uploads\/2024\/03\/20231205_DiantoReedQuintet_JessieKamp_005-18x12.jpg 18w, https:\/\/diantoreedquintet.com\/wp-content\/uploads\/2024\/03\/20231205_DiantoReedQuintet_JessieKamp_005.jpg 1675w\" sizes=\"(max-width: 768px) 100vw, 768px\" \/>\t\t\t\t\t\t\t\t\t\t\t\t\t\t\t<\/div>\n\t\t\t\t<\/div>\n\t\t\t\t<div class=\"elementor-element elementor-element-cb5e93f elementor-widget elementor-widget-image\" data-id=\"cb5e93f\" data-element_type=\"widget\" data-e-type=\"widget\" data-widget_type=\"image.default\">\n\t\t\t\t<div class=\"elementor-widget-container\">\n\t\t\t\t\t\t\t\t\t\t\t\t\t\t\t<img loading=\"lazy\" decoding=\"async\" width=\"1024\" height=\"178\" src=\"https:\/\/diantoreedquintet.com\/wp-content\/uploads\/2024\/09\/Captura-de-pantalla-2024-09-19-a-las-19.27.45-1024x178.png\" class=\"attachment-large size-large wp-image-4652\" alt=\"\" srcset=\"https:\/\/diantoreedquintet.com\/wp-content\/uploads\/2024\/09\/Captura-de-pantalla-2024-09-19-a-las-19.27.45-1024x178.png 1024w, https:\/\/diantoreedquintet.com\/wp-content\/uploads\/2024\/09\/Captura-de-pantalla-2024-09-19-a-las-19.27.45-300x52.png 300w, https:\/\/diantoreedquintet.com\/wp-content\/uploads\/2024\/09\/Captura-de-pantalla-2024-09-19-a-las-19.27.45-768x134.png 768w, https:\/\/diantoreedquintet.com\/wp-content\/uploads\/2024\/09\/Captura-de-pantalla-2024-09-19-a-las-19.27.45-1536x267.png 1536w, https:\/\/diantoreedquintet.com\/wp-content\/uploads\/2024\/09\/Captura-de-pantalla-2024-09-19-a-las-19.27.45-18x3.png 18w, https:\/\/diantoreedquintet.com\/wp-content\/uploads\/2024\/09\/Captura-de-pantalla-2024-09-19-a-las-19.27.45.png 1964w\" sizes=\"(max-width: 1024px) 100vw, 1024px\" \/>\t\t\t\t\t\t\t\t\t\t\t\t\t\t\t<\/div>\n\t\t\t\t<\/div>\n\t\t\t\t\t<\/div>\n\t\t<\/div>\n\t\t\t\t\t<\/div>\n\t\t<\/section>\n\t\t\t\t<section class=\"elementor-section elementor-top-section elementor-element elementor-element-8a411cb elementor-section-boxed elementor-section-height-default elementor-section-height-default\" data-id=\"8a411cb\" data-element_type=\"section\" data-e-type=\"section\" data-settings=\"{&quot;background_background&quot;:&quot;classic&quot;,&quot;_ha_eqh_enable&quot;:false}\">\n\t\t\t\t\t\t<div class=\"elementor-container elementor-column-gap-default\">\n\t\t\t\t\t<div class=\"elementor-column elementor-col-50 elementor-top-column elementor-element elementor-element-ae6b56f\" data-id=\"ae6b56f\" data-element_type=\"column\" data-e-type=\"column\">\n\t\t\t<div class=\"elementor-widget-wrap elementor-element-populated\">\n\t\t\t\t\t\t<div class=\"elementor-element elementor-element-88afacc elementor-widget elementor-widget-heading\" data-id=\"88afacc\" data-element_type=\"widget\" data-e-type=\"widget\" data-widget_type=\"heading.default\">\n\t\t\t\t<div class=\"elementor-widget-container\">\n\t\t\t\t\t<h2 class=\"elementor-heading-title elementor-size-default\">Avrotros Klassiek Presenteert...<\/h2>\t\t\t\t<\/div>\n\t\t\t\t<\/div>\n\t\t\t\t<div class=\"elementor-element elementor-element-b5604fe elementor-widget elementor-widget-text-editor\" data-id=\"b5604fe\" data-element_type=\"widget\" data-e-type=\"widget\" data-widget_type=\"text-editor.default\">\n\t\t\t\t<div class=\"elementor-widget-container\">\n\t\t\t\t\t\t\t\t\t<h4>CD debut<\/h4>\t\t\t\t\t\t\t\t<\/div>\n\t\t\t\t<\/div>\n\t\t\t\t<section class=\"elementor-section elementor-inner-section elementor-element elementor-element-67172f4 elementor-section-boxed elementor-section-height-default elementor-section-height-default\" data-id=\"67172f4\" data-element_type=\"section\" data-e-type=\"section\" data-settings=\"{&quot;_ha_eqh_enable&quot;:false}\">\n\t\t\t\t\t\t<div class=\"elementor-container elementor-column-gap-default\">\n\t\t\t\t\t<div class=\"elementor-column elementor-col-100 elementor-inner-column elementor-element elementor-element-3e1d5d9\" data-id=\"3e1d5d9\" data-element_type=\"column\" data-e-type=\"column\">\n\t\t\t<div class=\"elementor-widget-wrap elementor-element-populated\">\n\t\t\t\t\t\t<div class=\"elementor-element elementor-element-ba6c956 elementor-widget elementor-widget-text-editor\" data-id=\"ba6c956\" data-element_type=\"widget\" data-e-type=\"widget\" data-widget_type=\"text-editor.default\">\n\t\t\t\t<div class=\"elementor-widget-container\">\n\t\t\t\t\t\t\t\t\t<p>Erik, Ovidi, Mar\u00eda, Mar\u00eda y Mar\u00eda estudiaron inicialmente en varios conservatorios espa\u00f1oles, pero se conocieron hace unos a\u00f1os en \u00c1msterdam, en el conservatorio donde recientemente terminaron su m\u00e1ster. Al quinteto le gusta salirse del tradicional concierto de m\u00fasica de c\u00e1mara y sorprende al p\u00fablico con su particular forma de tocar juntos (\u00a1todo de memoria!) y a\u00f1adiendo coreograf\u00edas.&nbsp;<\/p>\n<p>Presentan \u201cIdentidades: la magia del Duende\u201d como programa elegido de su CD debut.<\/p>\t\t\t\t\t\t\t\t<\/div>\n\t\t\t\t<\/div>\n\t\t\t\t<div class=\"elementor-element elementor-element-0e88239 elementor-align-left elementor-widget elementor-widget-button\" data-id=\"0e88239\" data-element_type=\"widget\" data-e-type=\"widget\" data-widget_type=\"button.default\">\n\t\t\t\t<div class=\"elementor-widget-container\">\n\t\t\t\t\t\t\t\t\t<div class=\"elementor-button-wrapper\">\n\t\t\t\t\t<a class=\"elementor-button elementor-button-link elementor-size-sm\" href=\"https:\/\/www.avrotros.nl\/person\/dianto-reed-quintet~84\/\">\n\t\t\t\t\t\t<span class=\"elementor-button-content-wrapper\">\n\t\t\t\t\t\t\t\t\t<span class=\"elementor-button-text\">Avrotros Klassiek <\/span>\n\t\t\t\t\t<\/span>\n\t\t\t\t\t<\/a>\n\t\t\t\t<\/div>\n\t\t\t\t\t\t\t\t<\/div>\n\t\t\t\t<\/div>\n\t\t\t\t<div class=\"elementor-element elementor-element-6e0f15a elementor-align-left elementor-widget elementor-widget-button\" data-id=\"6e0f15a\" data-element_type=\"widget\" data-e-type=\"widget\" data-widget_type=\"button.default\">\n\t\t\t\t<div class=\"elementor-widget-container\">\n\t\t\t\t\t\t\t\t\t<div class=\"elementor-button-wrapper\">\n\t\t\t\t\t<a class=\"elementor-button elementor-button-link elementor-size-sm\" href=\"https:\/\/www.avrotros.nl\/person\/dianto-reed-quintet~84\/\">\n\t\t\t\t\t\t<span class=\"elementor-button-content-wrapper\">\n\t\t\t\t\t\t\t\t\t<span class=\"elementor-button-text\">Consigue nuestro CD<\/span>\n\t\t\t\t\t<\/span>\n\t\t\t\t\t<\/a>\n\t\t\t\t<\/div>\n\t\t\t\t\t\t\t\t<\/div>\n\t\t\t\t<\/div>\n\t\t\t\t\t<\/div>\n\t\t<\/div>\n\t\t\t\t\t<\/div>\n\t\t<\/section>\n\t\t\t\t\t<\/div>\n\t\t<\/div>\n\t\t\t\t<div class=\"elementor-column elementor-col-50 elementor-top-column elementor-element elementor-element-4573585\" data-id=\"4573585\" data-element_type=\"column\" data-e-type=\"column\">\n\t\t\t<div class=\"elementor-widget-wrap elementor-element-populated\">\n\t\t\t\t\t\t<div class=\"elementor-element elementor-element-da8b3d0 elementor-widget elementor-widget-image\" data-id=\"da8b3d0\" data-element_type=\"widget\" data-e-type=\"widget\" data-widget_type=\"image.default\">\n\t\t\t\t<div class=\"elementor-widget-container\">\n\t\t\t\t\t\t\t\t\t\t\t\t\t\t\t<img loading=\"lazy\" decoding=\"async\" width=\"1024\" height=\"995\" src=\"https:\/\/diantoreedquintet.com\/wp-content\/uploads\/2024\/09\/Captura-de-pantalla-2024-09-19-a-las-19.45.30-1024x995.png\" class=\"attachment-large size-large wp-image-4657\" alt=\"\" srcset=\"https:\/\/diantoreedquintet.com\/wp-content\/uploads\/2024\/09\/Captura-de-pantalla-2024-09-19-a-las-19.45.30-1024x995.png 1024w, https:\/\/diantoreedquintet.com\/wp-content\/uploads\/2024\/09\/Captura-de-pantalla-2024-09-19-a-las-19.45.30-300x292.png 300w, https:\/\/diantoreedquintet.com\/wp-content\/uploads\/2024\/09\/Captura-de-pantalla-2024-09-19-a-las-19.45.30-768x746.png 768w, https:\/\/diantoreedquintet.com\/wp-content\/uploads\/2024\/09\/Captura-de-pantalla-2024-09-19-a-las-19.45.30-12x12.png 12w, https:\/\/diantoreedquintet.com\/wp-content\/uploads\/2024\/09\/Captura-de-pantalla-2024-09-19-a-las-19.45.30.png 1202w\" sizes=\"(max-width: 1024px) 100vw, 1024px\" \/>\t\t\t\t\t\t\t\t\t\t\t\t\t\t\t<\/div>\n\t\t\t\t<\/div>\n\t\t\t\t\t<\/div>\n\t\t<\/div>\n\t\t\t\t\t<\/div>\n\t\t<\/section>\n\t\t\t\t<section class=\"elementor-section elementor-top-section elementor-element elementor-element-d060995 elementor-section-boxed elementor-section-height-default elementor-section-height-default\" data-id=\"d060995\" data-element_type=\"section\" data-e-type=\"section\" data-settings=\"{&quot;background_background&quot;:&quot;classic&quot;,&quot;_ha_eqh_enable&quot;:false}\">\n\t\t\t\t\t\t<div class=\"elementor-container elementor-column-gap-default\">\n\t\t\t\t\t<div class=\"elementor-column elementor-col-50 elementor-top-column elementor-element elementor-element-ad6f376\" data-id=\"ad6f376\" data-element_type=\"column\" data-e-type=\"column\">\n\t\t\t<div class=\"elementor-widget-wrap elementor-element-populated\">\n\t\t\t\t\t\t<div class=\"elementor-element elementor-element-8b49e9e elementor-widget elementor-widget-heading\" data-id=\"8b49e9e\" data-element_type=\"widget\" data-e-type=\"widget\" data-widget_type=\"heading.default\">\n\t\t\t\t<div class=\"elementor-widget-container\">\n\t\t\t\t\t<h2 class=\"elementor-heading-title elementor-size-default\">Identidades: La magia del Duende <\/h2>\t\t\t\t<\/div>\n\t\t\t\t<\/div>\n\t\t\t\t<section class=\"elementor-section elementor-inner-section elementor-element elementor-element-04b4844 elementor-section-boxed elementor-section-height-default elementor-section-height-default\" data-id=\"04b4844\" data-element_type=\"section\" data-e-type=\"section\" data-settings=\"{&quot;_ha_eqh_enable&quot;:false}\">\n\t\t\t\t\t\t<div class=\"elementor-container elementor-column-gap-default\">\n\t\t\t\t\t<div class=\"elementor-column elementor-col-100 elementor-inner-column elementor-element elementor-element-62cc5fd\" data-id=\"62cc5fd\" data-element_type=\"column\" data-e-type=\"column\">\n\t\t\t<div class=\"elementor-widget-wrap elementor-element-populated\">\n\t\t\t\t\t\t<div class=\"elementor-element elementor-element-89d071d elementor-widget elementor-widget-text-editor\" data-id=\"89d071d\" data-element_type=\"widget\" data-e-type=\"widget\" data-widget_type=\"text-editor.default\">\n\t\t\t\t<div class=\"elementor-widget-container\">\n\t\t\t\t\t\t\t\t\t<p>&#039;Identidades: La magia del Duende&#039; es un programa basado en la m\u00fasica espa\u00f1ola, en el que Dianto invita al p\u00fablico a encontrar y sentir el &#039;Duende&#039;.<br \/>&#039;Duende&#039; es un concepto que no se puede definir. No es algo tangible o que deba expresarse con palabras, sino algo que la gente puede sentir y experimentar. Com\u00fanmente se asocia al arte espa\u00f1ol y refleja la magia que surge naturalmente durante una actuaci\u00f3n. &#039;Duende&#039; es un concepto que va m\u00e1s all\u00e1 de la raz\u00f3n, que apela directamente a las emociones que el artista evoca en el p\u00fablico mientras act\u00faa.<\/p>\t\t\t\t\t\t\t\t<\/div>\n\t\t\t\t<\/div>\n\t\t\t\t<div class=\"elementor-element elementor-element-7b4f132 elementor-widget elementor-widget-toggle\" data-id=\"7b4f132\" data-element_type=\"widget\" data-e-type=\"widget\" data-widget_type=\"toggle.default\">\n\t\t\t\t<div class=\"elementor-widget-container\">\n\t\t\t\t\t\t\t<div class=\"elementor-toggle\">\n\t\t\t\t\t\t\t<div class=\"elementor-toggle-item\">\n\t\t\t\t\t<div id=\"elementor-tab-title-1291\" class=\"elementor-tab-title\" data-tab=\"1\" role=\"button\" aria-controls=\"elementor-tab-content-1291\" aria-expanded=\"false\">\n\t\t\t\t\t\t\t\t\t\t\t\t<span class=\"elementor-toggle-icon elementor-toggle-icon-left\" aria-hidden=\"true\">\n\t\t\t\t\t\t\t\t\t\t\t\t\t\t\t<span class=\"elementor-toggle-icon-closed\"><i class=\"fas fa-caret-right\"><\/i><\/span>\n\t\t\t\t\t\t\t\t<span class=\"elementor-toggle-icon-opened\"><i class=\"elementor-toggle-icon-opened fas fa-caret-up\"><\/i><\/span>\n\t\t\t\t\t\t\t\t\t\t\t\t\t<\/span>\n\t\t\t\t\t\t\t\t\t\t\t\t<a class=\"elementor-toggle-title\" tabindex=\"0\">Leer m\u00e1s<\/a>\n\t\t\t\t\t<\/div>\n\n\t\t\t\t\t<div id=\"elementor-tab-content-1291\" class=\"elementor-tab-content elementor-clearfix\" data-tab=\"1\" role=\"region\" aria-labelledby=\"elementor-tab-title-1291\"><p><span style=\"color: #000000;\">El principal objetivo de Identidades es acercar el &#039;Duende&#039; a cada espect\u00e1culo. La m\u00fasica va desde el Renacimiento espa\u00f1ol hasta el nacionalismo del siglo XX, presentando no s\u00f3lo el folclore m\u00e1s popular de este pa\u00eds, sino tambi\u00e9n m\u00fasica espa\u00f1ola interesante que no se interpreta con mucha frecuencia. La \u00fanica pieza del programa que no est\u00e1 en espa\u00f1ol es la escrita por Primo Ish-Hurwitz. Est\u00e1 basada en &#039;El Amor Brujo&#039; y conduce todo el programa hasta esta pieza final.<\/span><\/p><p><span style=\"color: #000000;\">&#039;Identidades&#039; no es s\u00f3lo un programa musical, sino una actuaci\u00f3n en el pleno sentido de la palabra. Se presenta combinando m\u00fasica con una escenograf\u00eda concreta, y fragmentos de una conferencia impartida por Federico Garc\u00eda Lorca en 1933 llamada &#039;Teor\u00eda y Juego del Duende&#039;, en la que desarroll\u00f3 su propia percepci\u00f3n del &#039;Duende&#039;.<\/span><\/p><p><span style=\"color: #000000;\">Se puede decir que &#039;Identidades&#039; tiene \u00e9xito si, y s\u00f3lo si, los m\u00fasicos y el p\u00fablico pueden sentir el &#039;Duende&#039; durante el espect\u00e1culo.<\/span><\/p><\/div>\n\t\t\t\t<\/div>\n\t\t\t\t\t\t\t\t<\/div>\n\t\t\t\t\t\t<\/div>\n\t\t\t\t<\/div>\n\t\t\t\t<div class=\"elementor-element elementor-element-89ba633 elementor-widget elementor-widget-toggle\" data-id=\"89ba633\" data-element_type=\"widget\" data-e-type=\"widget\" data-widget_type=\"toggle.default\">\n\t\t\t\t<div class=\"elementor-widget-container\">\n\t\t\t\t\t\t\t<div class=\"elementor-toggle\">\n\t\t\t\t\t\t\t<div class=\"elementor-toggle-item\">\n\t\t\t\t\t<div id=\"elementor-tab-title-1441\" class=\"elementor-tab-title\" data-tab=\"1\" role=\"button\" aria-controls=\"elementor-tab-content-1441\" aria-expanded=\"false\">\n\t\t\t\t\t\t\t\t\t\t\t\t<span class=\"elementor-toggle-icon elementor-toggle-icon-left\" aria-hidden=\"true\">\n\t\t\t\t\t\t\t\t\t\t\t\t\t\t\t<span class=\"elementor-toggle-icon-closed\"><i class=\"fas fa-caret-right\"><\/i><\/span>\n\t\t\t\t\t\t\t\t<span class=\"elementor-toggle-icon-opened\"><i class=\"elementor-toggle-icon-opened fas fa-caret-up\"><\/i><\/span>\n\t\t\t\t\t\t\t\t\t\t\t\t\t<\/span>\n\t\t\t\t\t\t\t\t\t\t\t\t<a class=\"elementor-toggle-title\" tabindex=\"0\">Programa<\/a>\n\t\t\t\t\t<\/div>\n\n\t\t\t\t\t<div id=\"elementor-tab-content-1441\" class=\"elementor-tab-content elementor-clearfix\" data-tab=\"1\" role=\"region\" aria-labelledby=\"elementor-tab-title-1441\"><p>Primo Ish-Hurwitz, 2001.\u00a0<i>3 Preludes to El Amor Brujo<\/i>. (2022).<br \/>- I<\/p><p>Isaac Alb\u00e9niz, 1860-1909. <i>Suite Espa\u00f1ola Op.47<\/i>. (1886). Arr. Hugo Bouma<br \/>\u2013 Asturias<br \/>\u2013 Granada<br \/>\u2013 Sevilla<br \/>\u2013Castilla<\/p><p>Enrique Granados, 1867-1916.\u00a0<i>doce danzas espa\u00f1olas<\/i>. (1892). Arr. Arjan Linker.<br \/>\u2013 Oriental<\/p><p>Primo Ish-Hurwitz, 2001.\u00a0<i>3 Preludes to El Amor Brujo.<\/i> (2022).<br \/>\u2013II<\/p><p>Canci\u00f3n tradicional.<i>\u00a0El Cant del Ocells<\/i>. Arr. Arjan Linker.<\/p><p>Amadeo Vives, 1871-1932.\u00a0<i>Do\u00f1a Francisquita<\/i>\u00a0(1923). Arr. Hugo Bouma.<br \/>\u2013 Fandango<\/p><p>Tom\u00e1s Luis de Victoria, 1548-1611.\u00a0<i>Jesu dulcis memoria<\/i>. Arr. Dianto Reed Quintet.<\/p><p>Manuel de Falla, 1876-1946.\u00a0<i>La vida breve<\/i>. (1905). Arr. Arjan Linker.<br \/>\u2013 Danza Espa\u00f1ola<\/p><p>Xo\u00e1n Montes Cap\u00f3n, 1840-1899.\u00a0<i>Negra Sombra<\/i>. (1892). Arr. Max Knigge.<\/p><p>Primo Ish-Hurwitz, 2001.\u00a0<i>3 Preludes to El Amor Brujo.<\/i> (2022).<br \/>\u2013 III<\/p><p>Manuel de Falla, 1876-1946.\u00a0<i>Amor brujo<\/i>. (1915). Arr. Hugo Bouma.<\/p><\/div>\n\t\t\t\t<\/div>\n\t\t\t\t\t\t\t\t<\/div>\n\t\t\t\t\t\t<\/div>\n\t\t\t\t<\/div>\n\t\t\t\t<div class=\"elementor-element elementor-element-fc6c8ee elementor-align-left elementor-widget elementor-widget-button\" data-id=\"fc6c8ee\" data-element_type=\"widget\" data-e-type=\"widget\" data-widget_type=\"button.default\">\n\t\t\t\t<div class=\"elementor-widget-container\">\n\t\t\t\t\t\t\t\t\t<div class=\"elementor-button-wrapper\">\n\t\t\t\t\t<a class=\"elementor-button elementor-button-link elementor-size-sm\" href=\"https:\/\/diantoreedquintet.com\/wp-content\/uploads\/2024\/04\/Programma_Dianto.pdf\">\n\t\t\t\t\t\t<span class=\"elementor-button-content-wrapper\">\n\t\t\t\t\t\t\t\t\t<span class=\"elementor-button-text\">Programa de Dutch Classical Talent<\/span>\n\t\t\t\t\t<\/span>\n\t\t\t\t\t<\/a>\n\t\t\t\t<\/div>\n\t\t\t\t\t\t\t\t<\/div>\n\t\t\t\t<\/div>\n\t\t\t\t<div class=\"elementor-element elementor-element-7643e72 elementor-align-left elementor-widget elementor-widget-button\" data-id=\"7643e72\" data-element_type=\"widget\" data-e-type=\"widget\" data-widget_type=\"button.default\">\n\t\t\t\t<div class=\"elementor-widget-container\">\n\t\t\t\t\t\t\t\t\t<div class=\"elementor-button-wrapper\">\n\t\t\t\t\t<a class=\"elementor-button elementor-button-link elementor-size-sm\" href=\"https:\/\/diantoreedquintet.com\/wp-content\/uploads\/2024\/04\/220907_DCT_DiantoExtraVel_A5-Inlegvel-def.pdf\">\n\t\t\t\t\t\t<span class=\"elementor-button-content-wrapper\">\n\t\t\t\t\t\t\t\t\t<span class=\"elementor-button-text\">Poemas de Federico Garc\u00eda Lorca traducidos<\/span>\n\t\t\t\t\t<\/span>\n\t\t\t\t\t<\/a>\n\t\t\t\t<\/div>\n\t\t\t\t\t\t\t\t<\/div>\n\t\t\t\t<\/div>\n\t\t\t\t\t<\/div>\n\t\t<\/div>\n\t\t\t\t\t<\/div>\n\t\t<\/section>\n\t\t\t\t\t<\/div>\n\t\t<\/div>\n\t\t\t\t<div class=\"elementor-column elementor-col-50 elementor-top-column elementor-element elementor-element-3479c38\" data-id=\"3479c38\" data-element_type=\"column\" data-e-type=\"column\">\n\t\t\t<div class=\"elementor-widget-wrap elementor-element-populated\">\n\t\t\t\t\t\t<div class=\"elementor-element elementor-element-dee0912 elementor-widget elementor-widget-image\" data-id=\"dee0912\" data-element_type=\"widget\" data-e-type=\"widget\" data-widget_type=\"image.default\">\n\t\t\t\t<div class=\"elementor-widget-container\">\n\t\t\t\t\t\t\t\t\t\t\t\t\t\t\t<img loading=\"lazy\" decoding=\"async\" width=\"768\" height=\"512\" src=\"https:\/\/diantoreedquintet.com\/wp-content\/uploads\/2024\/03\/20220915_DiantoReedQuintet_Muziekgebouw_JessieKamp_24-768x512.jpg\" class=\"attachment-medium_large size-medium_large wp-image-3758\" alt=\"\" srcset=\"https:\/\/diantoreedquintet.com\/wp-content\/uploads\/2024\/03\/20220915_DiantoReedQuintet_Muziekgebouw_JessieKamp_24-768x512.jpg 768w, https:\/\/diantoreedquintet.com\/wp-content\/uploads\/2024\/03\/20220915_DiantoReedQuintet_Muziekgebouw_JessieKamp_24-300x200.jpg 300w, https:\/\/diantoreedquintet.com\/wp-content\/uploads\/2024\/03\/20220915_DiantoReedQuintet_Muziekgebouw_JessieKamp_24-1024x683.jpg 1024w, https:\/\/diantoreedquintet.com\/wp-content\/uploads\/2024\/03\/20220915_DiantoReedQuintet_Muziekgebouw_JessieKamp_24-391x260.jpg 391w, https:\/\/diantoreedquintet.com\/wp-content\/uploads\/2024\/03\/20220915_DiantoReedQuintet_Muziekgebouw_JessieKamp_24-1536x1024.jpg 1536w, https:\/\/diantoreedquintet.com\/wp-content\/uploads\/2024\/03\/20220915_DiantoReedQuintet_Muziekgebouw_JessieKamp_24-18x12.jpg 18w, https:\/\/diantoreedquintet.com\/wp-content\/uploads\/2024\/03\/20220915_DiantoReedQuintet_Muziekgebouw_JessieKamp_24.jpg 2048w\" sizes=\"(max-width: 768px) 100vw, 768px\" \/>\t\t\t\t\t\t\t\t\t\t\t\t\t\t\t<\/div>\n\t\t\t\t<\/div>\n\t\t\t\t\t<\/div>\n\t\t<\/div>\n\t\t\t\t\t<\/div>\n\t\t<\/section>\n\t\t\t\t<section class=\"elementor-section elementor-top-section elementor-element elementor-element-60d6a40 elementor-section-boxed elementor-section-height-default elementor-section-height-default\" data-id=\"60d6a40\" data-element_type=\"section\" data-e-type=\"section\" data-settings=\"{&quot;background_background&quot;:&quot;classic&quot;,&quot;_ha_eqh_enable&quot;:false}\">\n\t\t\t\t\t\t<div class=\"elementor-container elementor-column-gap-default\">\n\t\t\t\t\t<div class=\"elementor-column elementor-col-50 elementor-top-column elementor-element elementor-element-616686de\" data-id=\"616686de\" data-element_type=\"column\" data-e-type=\"column\">\n\t\t\t<div class=\"elementor-widget-wrap elementor-element-populated\">\n\t\t\t\t\t\t<div class=\"elementor-element elementor-element-2120f7d1 elementor-widget elementor-widget-heading\" data-id=\"2120f7d1\" data-element_type=\"widget\" data-e-type=\"widget\" data-widget_type=\"heading.default\">\n\t\t\t\t<div class=\"elementor-widget-container\">\n\t\t\t\t\t<h2 class=\"elementor-heading-title elementor-size-default\">A la fresca<\/h2>\t\t\t\t<\/div>\n\t\t\t\t<\/div>\n\t\t\t\t<section class=\"elementor-section elementor-inner-section elementor-element elementor-element-3e6c370f elementor-section-boxed elementor-section-height-default elementor-section-height-default\" data-id=\"3e6c370f\" data-element_type=\"section\" data-e-type=\"section\" data-settings=\"{&quot;_ha_eqh_enable&quot;:false}\">\n\t\t\t\t\t\t<div class=\"elementor-container elementor-column-gap-default\">\n\t\t\t\t\t<div class=\"elementor-column elementor-col-100 elementor-inner-column elementor-element elementor-element-552d3542\" data-id=\"552d3542\" data-element_type=\"column\" data-e-type=\"column\">\n\t\t\t<div class=\"elementor-widget-wrap elementor-element-populated\">\n\t\t\t\t\t\t<div class=\"elementor-element elementor-element-2948cd74 elementor-widget elementor-widget-text-editor\" data-id=\"2948cd74\" data-element_type=\"widget\" data-e-type=\"widget\" data-widget_type=\"text-editor.default\">\n\t\t\t\t<div class=\"elementor-widget-container\">\n\t\t\t\t\t\t\t\t\t<p>Con la colaboraci\u00f3n de Muziekzomer Gelderland, Dianto Reed Quintet presenta un programa \u00fanico inspirado en ra\u00edces latinas y espa\u00f1olas. Tambi\u00e9n colaboran en este proyecto con el percusionista Mateo Montes (Colombia), y la bailarina Clotilde Cappelletti (Italia).<\/p><p>&#039;A la Fresca&#039; es una expresi\u00f3n t\u00edpica espa\u00f1ola que se refiere a las noches de verano, cuando los mayores del pueblo se sientan fuera de sus casas y hablan de la vida con vecinos y amigos. Se baila el &#039;Pasodoble&#039; y se comparten los platos espa\u00f1oles m\u00e1s deliciosos: es una celebraci\u00f3n de la vida y la b\u00fasqueda de la felicidad todos los d\u00edas. \u00a1Espere c\u00e1lidos sonidos de verano y un programa en\u00e9rgico con compositores y danzas espa\u00f1olas y sudamericanas!<\/p>\t\t\t\t\t\t\t\t<\/div>\n\t\t\t\t<\/div>\n\t\t\t\t<div class=\"elementor-element elementor-element-329c976e elementor-widget elementor-widget-toggle\" data-id=\"329c976e\" data-element_type=\"widget\" data-e-type=\"widget\" data-widget_type=\"toggle.default\">\n\t\t\t\t<div class=\"elementor-widget-container\">\n\t\t\t\t\t\t\t<div class=\"elementor-toggle\">\n\t\t\t\t\t\t\t<div class=\"elementor-toggle-item\">\n\t\t\t\t\t<div id=\"elementor-tab-title-8491\" class=\"elementor-tab-title\" data-tab=\"1\" role=\"button\" aria-controls=\"elementor-tab-content-8491\" aria-expanded=\"false\">\n\t\t\t\t\t\t\t\t\t\t\t\t<span class=\"elementor-toggle-icon elementor-toggle-icon-left\" aria-hidden=\"true\">\n\t\t\t\t\t\t\t\t\t\t\t\t\t\t\t<span class=\"elementor-toggle-icon-closed\"><i class=\"fas fa-caret-right\"><\/i><\/span>\n\t\t\t\t\t\t\t\t<span class=\"elementor-toggle-icon-opened\"><i class=\"elementor-toggle-icon-opened fas fa-caret-up\"><\/i><\/span>\n\t\t\t\t\t\t\t\t\t\t\t\t\t<\/span>\n\t\t\t\t\t\t\t\t\t\t\t\t<a class=\"elementor-toggle-title\" tabindex=\"0\">Programa<\/a>\n\t\t\t\t\t<\/div>\n\n\t\t\t\t\t<div id=\"elementor-tab-content-8491\" class=\"elementor-tab-content elementor-clearfix\" data-tab=\"1\" role=\"region\" aria-labelledby=\"elementor-tab-title-8491\"><p class=\"p1\">Manuel de Falla, 1876-1946. <i>Amor brujo<\/i>. (1915). Arr. Por Hugo Bouma.<\/p><p class=\"p1\">Reveriano Sotullo, 1880-1932. <i>La leyenda del beso<\/i> (1924).<br \/>\u2013 Intermedio.<\/p><p class=\"p1\">Amadeo Vives, 1871-1932. <i>Do\u00f1a Francisquita<\/i> (1923).<br \/>\u2013Fandango.<\/p><p class=\"p1\">Manuel de Falla, 1876-1946. <i>Siete canciones populares espa\u00f1olas<\/i> (1914).<br \/>\u2013 Nana<\/p><p class=\"p1\">Manuel de Falla, 1876-1946. <i>La vida breve <\/i>(1905). Arr. por Arjan Linker.<br \/>\u2013 Danza espa\u00f1ola.<\/p><p class=\"p1\">Arturo M\u00e1rquez, 1950. <i>Danz\u00f3n n\u00ba 2<\/i> (1994). Arr. Por Hugo Bouma.<\/p><p class=\"p1\">Heitor Villa-Lobos, 1887-1959. <i>Bachianas Brasileiras<\/i> (1938).<\/p><p class=\"p1\">\u00a0Astor Piazolla, 1921-1992. <i>Escualo<\/i>.<\/p><p class=\"p1\">\u00a0Papaya Dada, <i>Cumbia Chonera.<\/i><\/p><\/div>\n\t\t\t\t<\/div>\n\t\t\t\t\t\t\t\t<\/div>\n\t\t\t\t\t\t<\/div>\n\t\t\t\t<\/div>\n\t\t\t\t\t<\/div>\n\t\t<\/div>\n\t\t\t\t\t<\/div>\n\t\t<\/section>\n\t\t\t\t\t<\/div>\n\t\t<\/div>\n\t\t\t\t<div class=\"elementor-column elementor-col-50 elementor-top-column elementor-element elementor-element-4ea4862\" data-id=\"4ea4862\" data-element_type=\"column\" data-e-type=\"column\">\n\t\t\t<div class=\"elementor-widget-wrap elementor-element-populated\">\n\t\t\t\t\t\t<div class=\"elementor-element elementor-element-7b1e8166 elementor-widget elementor-widget-image\" data-id=\"7b1e8166\" data-element_type=\"widget\" data-e-type=\"widget\" data-widget_type=\"image.default\">\n\t\t\t\t<div class=\"elementor-widget-container\">\n\t\t\t\t\t\t\t\t\t\t\t\t\t\t\t<img loading=\"lazy\" decoding=\"async\" width=\"768\" height=\"512\" src=\"https:\/\/diantoreedquintet.com\/wp-content\/uploads\/2024\/03\/20220805_DiantoReedQuintet_RadioKootwijk_Muziekzomer_JessieKamp_018L-768x512.jpg\" class=\"attachment-medium_large size-medium_large wp-image-3650\" alt=\"\" srcset=\"https:\/\/diantoreedquintet.com\/wp-content\/uploads\/2024\/03\/20220805_DiantoReedQuintet_RadioKootwijk_Muziekzomer_JessieKamp_018L-768x512.jpg 768w, https:\/\/diantoreedquintet.com\/wp-content\/uploads\/2024\/03\/20220805_DiantoReedQuintet_RadioKootwijk_Muziekzomer_JessieKamp_018L-300x200.jpg 300w, https:\/\/diantoreedquintet.com\/wp-content\/uploads\/2024\/03\/20220805_DiantoReedQuintet_RadioKootwijk_Muziekzomer_JessieKamp_018L-1024x683.jpg 1024w, https:\/\/diantoreedquintet.com\/wp-content\/uploads\/2024\/03\/20220805_DiantoReedQuintet_RadioKootwijk_Muziekzomer_JessieKamp_018L-391x260.jpg 391w, https:\/\/diantoreedquintet.com\/wp-content\/uploads\/2024\/03\/20220805_DiantoReedQuintet_RadioKootwijk_Muziekzomer_JessieKamp_018L-18x12.jpg 18w, https:\/\/diantoreedquintet.com\/wp-content\/uploads\/2024\/03\/20220805_DiantoReedQuintet_RadioKootwijk_Muziekzomer_JessieKamp_018L.jpg 1440w\" sizes=\"(max-width: 768px) 100vw, 768px\" \/>\t\t\t\t\t\t\t\t\t\t\t\t\t\t\t<\/div>\n\t\t\t\t<\/div>\n\t\t\t\t\t<\/div>\n\t\t<\/div>\n\t\t\t\t\t<\/div>\n\t\t<\/section>\n\t\t\t\t<section class=\"elementor-section elementor-top-section elementor-element elementor-element-d63e9d8 elementor-section-boxed elementor-section-height-default elementor-section-height-default\" data-id=\"d63e9d8\" data-element_type=\"section\" data-e-type=\"section\" data-settings=\"{&quot;background_background&quot;:&quot;classic&quot;,&quot;_ha_eqh_enable&quot;:false}\">\n\t\t\t\t\t\t<div class=\"elementor-container elementor-column-gap-default\">\n\t\t\t\t\t<div class=\"elementor-column elementor-col-50 elementor-top-column elementor-element elementor-element-b6ece24\" data-id=\"b6ece24\" data-element_type=\"column\" data-e-type=\"column\">\n\t\t\t<div class=\"elementor-widget-wrap elementor-element-populated\">\n\t\t\t\t\t\t<div class=\"elementor-element elementor-element-f87a813 elementor-widget elementor-widget-heading\" data-id=\"f87a813\" data-element_type=\"widget\" data-e-type=\"widget\" data-widget_type=\"heading.default\">\n\t\t\t\t<div class=\"elementor-widget-container\">\n\t\t\t\t\t<h2 class=\"elementor-heading-title elementor-size-default\">All about contrast <\/h2>\t\t\t\t<\/div>\n\t\t\t\t<\/div>\n\t\t\t\t<section class=\"elementor-section elementor-inner-section elementor-element elementor-element-ff87616 elementor-section-boxed elementor-section-height-default elementor-section-height-default\" data-id=\"ff87616\" data-element_type=\"section\" data-e-type=\"section\" data-settings=\"{&quot;_ha_eqh_enable&quot;:false}\">\n\t\t\t\t\t\t<div class=\"elementor-container elementor-column-gap-default\">\n\t\t\t\t\t<div class=\"elementor-column elementor-col-100 elementor-inner-column elementor-element elementor-element-7a0980f\" data-id=\"7a0980f\" data-element_type=\"column\" data-e-type=\"column\">\n\t\t\t<div class=\"elementor-widget-wrap elementor-element-populated\">\n\t\t\t\t\t\t<div class=\"elementor-element elementor-element-2aed855 elementor-widget elementor-widget-text-editor\" data-id=\"2aed855\" data-element_type=\"widget\" data-e-type=\"widget\" data-widget_type=\"text-editor.default\">\n\t\t\t\t<div class=\"elementor-widget-container\">\n\t\t\t\t\t\t\t\t\t<p>Dianto presenta un concierto lleno de energ\u00eda y elementos contrastantes. Mezclan diferentes estilos y \u00e9pocas, mientras que los movimientos de las piezas se combinan entre s\u00ed para sorprender al p\u00fablico y aportar frescura.<\/p><p>Incluye una actuaci\u00f3n coreografiada, que ayuda a crear una interacci\u00f3n m\u00e1s profunda entre el p\u00fablico y los m\u00fasicos.<\/p>\t\t\t\t\t\t\t\t<\/div>\n\t\t\t\t<\/div>\n\t\t\t\t<div class=\"elementor-element elementor-element-e0036f6 elementor-widget elementor-widget-toggle\" data-id=\"e0036f6\" data-element_type=\"widget\" data-e-type=\"widget\" data-widget_type=\"toggle.default\">\n\t\t\t\t<div class=\"elementor-widget-container\">\n\t\t\t\t\t\t\t<div class=\"elementor-toggle\">\n\t\t\t\t\t\t\t<div class=\"elementor-toggle-item\">\n\t\t\t\t\t<div id=\"elementor-tab-title-2341\" class=\"elementor-tab-title\" data-tab=\"1\" role=\"button\" aria-controls=\"elementor-tab-content-2341\" aria-expanded=\"false\">\n\t\t\t\t\t\t\t\t\t\t\t\t<span class=\"elementor-toggle-icon elementor-toggle-icon-left\" aria-hidden=\"true\">\n\t\t\t\t\t\t\t\t\t\t\t\t\t\t\t<span class=\"elementor-toggle-icon-closed\"><i class=\"fas fa-caret-right\"><\/i><\/span>\n\t\t\t\t\t\t\t\t<span class=\"elementor-toggle-icon-opened\"><i class=\"elementor-toggle-icon-opened fas fa-caret-up\"><\/i><\/span>\n\t\t\t\t\t\t\t\t\t\t\t\t\t<\/span>\n\t\t\t\t\t\t\t\t\t\t\t\t<a class=\"elementor-toggle-title\" tabindex=\"0\">Programa<\/a>\n\t\t\t\t\t<\/div>\n\n\t\t\t\t\t<div id=\"elementor-tab-content-2341\" class=\"elementor-tab-content elementor-clearfix\" data-tab=\"1\" role=\"region\" aria-labelledby=\"elementor-tab-title-2341\"><p class=\"p1\">Jean-Philippe Rameau, 1683-1764. <i>Suite el Triomphante <\/i>(1727). Arr de Raaf Hekkema. <br \/>\u2013 Pr\u00e9lude.<br \/>\u2013 Allemande<br \/>\u2013 Gavotte\u00a0<\/p><p class=\"p1\">Ton ter Doest, 1964. <i>Circusmuziek<\/i> (1990). <br \/>- I<br \/>\u2013II<br \/>\u2013 III<br \/>\u2013IV<br \/>\u2013V<br \/>\u2013 VI<br \/>\u2013 VII\u00a0<\/p><p class=\"p1\">Robert Schumann, 1810-1856. <i>Waldszenen op. 82<\/i> (1848). Arr. Por Raaf Hekkema. <br \/>\u2013 Eintritt<br \/>\u2013 J\u00e4ger auf der Lauer<br \/>\u2013 Einsame Blumen<br \/>\u2013 Verrufende Stelle<br \/>\u2013 Freundliche Landschaft<br \/>\u2013 Herberge<br \/>\u2013 Vogels als Prophet<br \/>\u2013 Abschied<\/p><p class=\"p1\">\u00a0Julio Medallia, 1938. <i>Suite \u201cBelle-\u00c9poque in Sud-America\u201d.<\/i> Arr. por Dianto Reed Quintet. <br \/>\u2013 El Porsche Negro<br \/>\u2013 Vals Paulista<br \/>\u2013 Requinta Maluca\u00a0<\/p><p class=\"p1\">Paquito D&#039;Rivera, 1948. <i>Aires Tropicales<\/i> (1994). Arr. Dianto Reed Quintet.<br \/>\u2013 Alborada<br \/>\u2013 Son <br \/>\u2013 Vals Venezolano\u00a0<\/p><p class=\"p1\">JS Bach, 1685-1750. <i>Chacona de la Partita II para viol\u00edn BWV 1004<\/i>. (1717-1720). Arr. Jelte Althuis.<\/p><\/div>\n\t\t\t\t<\/div>\n\t\t\t\t\t\t\t\t<\/div>\n\t\t\t\t\t\t<\/div>\n\t\t\t\t<\/div>\n\t\t\t\t\t<\/div>\n\t\t<\/div>\n\t\t\t\t\t<\/div>\n\t\t<\/section>\n\t\t\t\t\t<\/div>\n\t\t<\/div>\n\t\t\t\t<div class=\"elementor-column elementor-col-50 elementor-top-column elementor-element elementor-element-dc699a2\" data-id=\"dc699a2\" data-element_type=\"column\" data-e-type=\"column\">\n\t\t\t<div class=\"elementor-widget-wrap elementor-element-populated\">\n\t\t\t\t\t\t<div class=\"elementor-element elementor-element-1c865c4 elementor-widget elementor-widget-image\" data-id=\"1c865c4\" data-element_type=\"widget\" data-e-type=\"widget\" data-widget_type=\"image.default\">\n\t\t\t\t<div class=\"elementor-widget-container\">\n\t\t\t\t\t\t\t\t\t\t\t\t\t\t\t<img loading=\"lazy\" decoding=\"async\" width=\"768\" height=\"549\" src=\"https:\/\/diantoreedquintet.com\/wp-content\/uploads\/2024\/03\/All-about-contrast-768x549.jpg\" class=\"attachment-medium_large size-medium_large wp-image-3751\" alt=\"\" srcset=\"https:\/\/diantoreedquintet.com\/wp-content\/uploads\/2024\/03\/All-about-contrast-768x549.jpg 768w, https:\/\/diantoreedquintet.com\/wp-content\/uploads\/2024\/03\/All-about-contrast-300x214.jpg 300w, https:\/\/diantoreedquintet.com\/wp-content\/uploads\/2024\/03\/All-about-contrast-1024x731.jpg 1024w, https:\/\/diantoreedquintet.com\/wp-content\/uploads\/2024\/03\/All-about-contrast-18x12.jpg 18w, https:\/\/diantoreedquintet.com\/wp-content\/uploads\/2024\/03\/All-about-contrast.jpg 1344w\" sizes=\"(max-width: 768px) 100vw, 768px\" \/>\t\t\t\t\t\t\t\t\t\t\t\t\t\t\t<\/div>\n\t\t\t\t<\/div>\n\t\t\t\t\t<\/div>\n\t\t<\/div>\n\t\t\t\t\t<\/div>\n\t\t<\/section>\n\t\t\t\t<section class=\"elementor-section elementor-top-section elementor-element elementor-element-30a9bbea elementor-section-boxed elementor-section-height-default elementor-section-height-default\" data-id=\"30a9bbea\" data-element_type=\"section\" data-e-type=\"section\" data-settings=\"{&quot;background_background&quot;:&quot;classic&quot;,&quot;_ha_eqh_enable&quot;:false}\">\n\t\t\t\t\t\t<div class=\"elementor-container elementor-column-gap-default\">\n\t\t\t\t\t<div class=\"elementor-column elementor-col-100 elementor-top-column elementor-element elementor-element-29c1374e\" data-id=\"29c1374e\" data-element_type=\"column\" data-e-type=\"column\">\n\t\t\t<div class=\"elementor-widget-wrap elementor-element-populated\">\n\t\t\t\t\t\t<div class=\"elementor-element elementor-element-78b81136 elementor-view-default elementor-widget elementor-widget-icon\" data-id=\"78b81136\" data-element_type=\"widget\" data-e-type=\"widget\" data-widget_type=\"icon.default\">\n\t\t\t\t<div class=\"elementor-widget-container\">\n\t\t\t\t\t\t\t<div class=\"elementor-icon-wrapper\">\n\t\t\t<div class=\"elementor-icon\">\n\t\t\t<i aria-hidden=\"true\" class=\"fas fa-quote-left\"><\/i>\t\t\t<\/div>\n\t\t<\/div>\n\t\t\t\t\t\t<\/div>\n\t\t\t\t<\/div>\n\t\t\t\t<div class=\"elementor-element elementor-element-63d278a0 elementor-widget elementor-widget-text-editor\" data-id=\"63d278a0\" data-element_type=\"widget\" data-e-type=\"widget\" data-widget_type=\"text-editor.default\">\n\t\t\t\t<div class=\"elementor-widget-container\">\n\t\t\t\t\t\t\t\t\tFrank van den Brink \u2013 Grachtenfestival Conservatorium Concours 2021\t\t\t\t\t\t\t\t<\/div>\n\t\t\t\t<\/div>\n\t\t\t\t<div class=\"elementor-element elementor-element-40078907 elementor-widget elementor-widget-text-editor\" data-id=\"40078907\" data-element_type=\"widget\" data-e-type=\"widget\" data-widget_type=\"text-editor.default\">\n\t\t\t\t<div class=\"elementor-widget-container\">\n\t\t\t\t\t\t\t\t\t<p>\u201cEn primera instancia, se trata de musicalidad y de si hay un concepto fuerte detr\u00e1s de la actuaci\u00f3n. Al final del d\u00eda, se trata de qui\u00e9n es el m\u00e1s singular e irremplazable\u201d.<\/p>\t\t\t\t\t\t\t\t<\/div>\n\t\t\t\t<\/div>\n\t\t\t\t\t<\/div>\n\t\t<\/div>\n\t\t\t\t\t<\/div>\n\t\t<\/section>\n\t\t\t\t<section class=\"elementor-section elementor-top-section elementor-element elementor-element-379340a5 elementor-section-boxed elementor-section-height-default elementor-section-height-default\" data-id=\"379340a5\" data-element_type=\"section\" data-e-type=\"section\" data-settings=\"{&quot;background_background&quot;:&quot;classic&quot;,&quot;_ha_eqh_enable&quot;:false}\">\n\t\t\t\t\t\t<div class=\"elementor-container elementor-column-gap-default\">\n\t\t\t\t\t<div class=\"elementor-column elementor-col-100 elementor-top-column elementor-element elementor-element-626843a6\" data-id=\"626843a6\" data-element_type=\"column\" data-e-type=\"column\">\n\t\t\t<div class=\"elementor-widget-wrap elementor-element-populated\">\n\t\t\t\t\t\t<div class=\"elementor-element elementor-element-59e87776 elementor-widget elementor-widget-heading\" data-id=\"59e87776\" data-element_type=\"widget\" data-e-type=\"widget\" data-widget_type=\"heading.default\">\n\t\t\t\t<div class=\"elementor-widget-container\">\n\t\t\t\t\t<h4 class=\"elementor-heading-title elementor-size-large\">S\u00edguenos<\/h4>\t\t\t\t<\/div>\n\t\t\t\t<\/div>\n\t\t\t\t<div class=\"elementor-element elementor-element-7b3ebe6 elementor-shape-circle elementor-grid-4 animated-slow e-grid-align-center elementor-invisible elementor-widget elementor-widget-social-icons\" data-id=\"7b3ebe6\" data-element_type=\"widget\" data-e-type=\"widget\" data-settings=\"{&quot;_animation&quot;:&quot;fadeIn&quot;}\" data-widget_type=\"social-icons.default\">\n\t\t\t\t<div class=\"elementor-widget-container\">\n\t\t\t\t\t\t\t<div class=\"elementor-social-icons-wrapper elementor-grid\" role=\"list\">\n\t\t\t\t\t\t\t<span class=\"elementor-grid-item\" role=\"listitem\">\n\t\t\t\t\t<a class=\"elementor-icon elementor-social-icon elementor-social-icon-facebook elementor-animation-grow elementor-repeater-item-1007f4f\" href=\"https:\/\/www.facebook.com\/diantoreedquintet\" target=\"_blank\">\n\t\t\t\t\t\t<span class=\"elementor-screen-only\">Facebook<\/span>\n\t\t\t\t\t\t<i aria-hidden=\"true\" class=\"fab fa-facebook\"><\/i>\t\t\t\t\t<\/a>\n\t\t\t\t<\/span>\n\t\t\t\t\t\t\t<span class=\"elementor-grid-item\" role=\"listitem\">\n\t\t\t\t\t<a class=\"elementor-icon elementor-social-icon elementor-social-icon-youtube elementor-animation-grow elementor-repeater-item-548a606\" href=\"https:\/\/www.youtube.com\/channel\/UCXFlbrvruxDjuzBPiy2ckZw\" target=\"_blank\">\n\t\t\t\t\t\t<span class=\"elementor-screen-only\">YouTube<\/span>\n\t\t\t\t\t\t<i aria-hidden=\"true\" class=\"fab fa-youtube\"><\/i>\t\t\t\t\t<\/a>\n\t\t\t\t<\/span>\n\t\t\t\t\t\t\t<span class=\"elementor-grid-item\" role=\"listitem\">\n\t\t\t\t\t<a class=\"elementor-icon elementor-social-icon elementor-social-icon-instagram elementor-animation-grow elementor-repeater-item-5b05135\" href=\"https:\/\/www.instagram.com\/diantoreedquintet\/?hl=es\" target=\"_blank\">\n\t\t\t\t\t\t<span class=\"elementor-screen-only\">Instagram<\/span>\n\t\t\t\t\t\t<i aria-hidden=\"true\" class=\"fab fa-instagram\"><\/i>\t\t\t\t\t<\/a>\n\t\t\t\t<\/span>\n\t\t\t\t\t<\/div>\n\t\t\t\t\t\t<\/div>\n\t\t\t\t<\/div>\n\t\t\t\t\t<\/div>\n\t\t<\/div>\n\t\t\t\t\t<\/div>\n\t\t<\/section>\n\t\t\t\t<section class=\"elementor-section elementor-top-section elementor-element elementor-element-31c2a9f elementor-section-boxed elementor-section-height-default elementor-section-height-default\" data-id=\"31c2a9f\" data-element_type=\"section\" data-e-type=\"section\" data-settings=\"{&quot;_ha_eqh_enable&quot;:false}\">\n\t\t\t\t\t\t<div class=\"elementor-container elementor-column-gap-default\">\n\t\t\t\t\t<div class=\"elementor-column elementor-col-100 elementor-top-column elementor-element elementor-element-5af8716\" data-id=\"5af8716\" data-element_type=\"column\" data-e-type=\"column\">\n\t\t\t<div class=\"elementor-widget-wrap\">\n\t\t\t\t\t\t\t<\/div>\n\t\t<\/div>\n\t\t\t\t\t<\/div>\n\t\t<\/section>\n\t\t\t\t<\/div>","protected":false},"excerpt":{"rendered":"<p>Our projects DNA For this project, the five musicians of Dianto Reed Quintet took part in DNA testing to explore their origins and discover which (new) families they belong to. The results were full of surprises: our predominantly Spanish quintet (with one member from South America) turned out to have roots stretching from Greece to [&hellip;]<\/p>\n","protected":false},"author":3,"featured_media":0,"parent":0,"menu_order":0,"comment_status":"closed","ping_status":"closed","template":"","meta":{"_monsterinsights_skip_tracking":false,"_monsterinsights_sitenote_active":false,"_monsterinsights_sitenote_note":"","_monsterinsights_sitenote_category":0,"site-sidebar-layout":"no-sidebar","site-content-layout":"page-builder","ast-site-content-layout":"full-width-container","site-content-style":"unboxed","site-sidebar-style":"unboxed","ast-global-header-display":"","ast-banner-title-visibility":"","ast-main-header-display":"","ast-hfb-above-header-display":"","ast-hfb-below-header-display":"","ast-hfb-mobile-header-display":"","site-post-title":"disabled","ast-breadcrumbs-content":"","ast-featured-img":"disabled","footer-sml-layout":"","theme-transparent-header-meta":"default","adv-header-id-meta":"","stick-header-meta":"","header-above-stick-meta":"","header-main-stick-meta":"","header-below-stick-meta":"","astra-migrate-meta-layouts":"set","ast-page-background-enabled":"default","ast-page-background-meta":{"desktop":{"background-color":"","background-image":"","background-repeat":"repeat","background-position":"center center","background-size":"auto","background-attachment":"scroll","background-type":"","background-media":"","overlay-type":"","overlay-color":"","overlay-gradient":""},"tablet":{"background-color":"","background-image":"","background-repeat":"repeat","background-position":"center center","background-size":"auto","background-attachment":"scroll","background-type":"","background-media":"","overlay-type":"","overlay-color":"","overlay-gradient":""},"mobile":{"background-color":"","background-image":"","background-repeat":"repeat","background-position":"center center","background-size":"auto","background-attachment":"scroll","background-type":"","background-media":"","overlay-type":"","overlay-color":"","overlay-gradient":""}},"ast-content-background-meta":{"desktop":{"background-color":"var(--ast-global-color-5)","background-image":"","background-repeat":"repeat","background-position":"center center","background-size":"auto","background-attachment":"scroll","background-type":"","background-media":"","overlay-type":"","overlay-color":"","overlay-gradient":""},"tablet":{"background-color":"var(--ast-global-color-5)","background-image":"","background-repeat":"repeat","background-position":"center center","background-size":"auto","background-attachment":"scroll","background-type":"","background-media":"","overlay-type":"","overlay-color":"","overlay-gradient":""},"mobile":{"background-color":"var(--ast-global-color-5)","background-image":"","background-repeat":"repeat","background-position":"center center","background-size":"auto","background-attachment":"scroll","background-type":"","background-media":"","overlay-type":"","overlay-color":"","overlay-gradient":""}},"footnotes":""},"class_list":["post-3638","page","type-page","status-publish","hentry"],"yoast_head":"<!-- This site is optimized with the Yoast SEO plugin v27.3 - https:\/\/yoast.com\/product\/yoast-seo-wordpress\/ -->\n<title>Our projects -<\/title>\n<meta name=\"robots\" content=\"noindex, follow\" \/>\n<meta property=\"og:locale\" content=\"es_ES\" \/>\n<meta property=\"og:type\" content=\"article\" \/>\n<meta property=\"og:title\" content=\"Our projects -\" \/>\n<meta property=\"og:description\" content=\"Our projects DNA For this project, the five musicians of Dianto Reed Quintet took part in DNA testing to explore their origins and discover which (new) families they belong to. The results were full of surprises: our predominantly Spanish quintet (with one member from South America) turned out to have roots stretching from Greece to [&hellip;]\" \/>\n<meta property=\"og:url\" content=\"https:\/\/diantoreedquintet.com\/es\/our-projects\/\" \/>\n<meta property=\"article:modified_time\" content=\"2026-02-16T17:55:51+00:00\" \/>\n<meta property=\"og:image\" content=\"https:\/\/diantoreedquintet.com\/wp-content\/uploads\/duo-eter-and-equi-120x120-losada-2-Pure1_11zon-scaled.jpg\" \/>\n\t<meta property=\"og:image:width\" content=\"2560\" \/>\n\t<meta property=\"og:image:height\" content=\"2560\" \/>\n\t<meta property=\"og:image:type\" content=\"image\/jpeg\" \/>\n<meta name=\"twitter:card\" content=\"summary_large_image\" \/>\n<meta name=\"twitter:label1\" content=\"Tiempo de lectura\" \/>\n\t<meta name=\"twitter:data1\" content=\"10 minutos\" \/>\n<script type=\"application\/ld+json\" class=\"yoast-schema-graph\">{\"@context\":\"https:\\\/\\\/schema.org\",\"@graph\":[{\"@type\":\"WebPage\",\"@id\":\"https:\\\/\\\/diantoreedquintet.com\\\/our-projects\\\/\",\"url\":\"https:\\\/\\\/diantoreedquintet.com\\\/our-projects\\\/\",\"name\":\"Our projects -\",\"isPartOf\":{\"@id\":\"https:\\\/\\\/diantoreedquintet.com\\\/#website\"},\"primaryImageOfPage\":{\"@id\":\"https:\\\/\\\/diantoreedquintet.com\\\/our-projects\\\/#primaryimage\"},\"image\":{\"@id\":\"https:\\\/\\\/diantoreedquintet.com\\\/our-projects\\\/#primaryimage\"},\"thumbnailUrl\":\"https:\\\/\\\/diantoreedquintet.com\\\/wp-content\\\/uploads\\\/duo-eter-and-equi-120x120-losada-2-Pure1_11zon-768x768.jpg\",\"datePublished\":\"2024-03-27T16:02:54+00:00\",\"dateModified\":\"2026-02-16T17:55:51+00:00\",\"breadcrumb\":{\"@id\":\"https:\\\/\\\/diantoreedquintet.com\\\/our-projects\\\/#breadcrumb\"},\"inLanguage\":\"es\",\"potentialAction\":[{\"@type\":\"ReadAction\",\"target\":[\"https:\\\/\\\/diantoreedquintet.com\\\/our-projects\\\/\"]}]},{\"@type\":\"ImageObject\",\"inLanguage\":\"es\",\"@id\":\"https:\\\/\\\/diantoreedquintet.com\\\/our-projects\\\/#primaryimage\",\"url\":\"https:\\\/\\\/diantoreedquintet.com\\\/wp-content\\\/uploads\\\/duo-eter-and-equi-120x120-losada-2-Pure1_11zon-768x768.jpg\",\"contentUrl\":\"https:\\\/\\\/diantoreedquintet.com\\\/wp-content\\\/uploads\\\/duo-eter-and-equi-120x120-losada-2-Pure1_11zon-768x768.jpg\"},{\"@type\":\"BreadcrumbList\",\"@id\":\"https:\\\/\\\/diantoreedquintet.com\\\/our-projects\\\/#breadcrumb\",\"itemListElement\":[{\"@type\":\"ListItem\",\"position\":1,\"name\":\"Home\",\"item\":\"https:\\\/\\\/diantoreedquintet.com\\\/\"},{\"@type\":\"ListItem\",\"position\":2,\"name\":\"Our projects\"}]},{\"@type\":\"WebSite\",\"@id\":\"https:\\\/\\\/diantoreedquintet.com\\\/#website\",\"url\":\"https:\\\/\\\/diantoreedquintet.com\\\/\",\"name\":\"\",\"description\":\"Dianto Reed Quintet\",\"potentialAction\":[{\"@type\":\"SearchAction\",\"target\":{\"@type\":\"EntryPoint\",\"urlTemplate\":\"https:\\\/\\\/diantoreedquintet.com\\\/?s={search_term_string}\"},\"query-input\":{\"@type\":\"PropertyValueSpecification\",\"valueRequired\":true,\"valueName\":\"search_term_string\"}}],\"inLanguage\":\"es\"}]}<\/script>\n<!-- \/ Yoast SEO plugin. -->","yoast_head_json":{"title":"Nuestros proyectos -","robots":{"index":"noindex","follow":"follow"},"og_locale":"es_ES","og_type":"article","og_title":"Our projects -","og_description":"Our projects DNA For this project, the five musicians of Dianto Reed Quintet took part in DNA testing to explore their origins and discover which (new) families they belong to. The results were full of surprises: our predominantly Spanish quintet (with one member from South America) turned out to have roots stretching from Greece to [&hellip;]","og_url":"https:\/\/diantoreedquintet.com\/es\/our-projects\/","article_modified_time":"2026-02-16T17:55:51+00:00","og_image":[{"width":2560,"height":2560,"url":"https:\/\/diantoreedquintet.com\/wp-content\/uploads\/duo-eter-and-equi-120x120-losada-2-Pure1_11zon-scaled.jpg","type":"image\/jpeg"}],"twitter_card":"summary_large_image","twitter_misc":{"Tiempo de lectura":"10 minutos"},"schema":{"@context":"https:\/\/schema.org","@graph":[{"@type":"WebPage","@id":"https:\/\/diantoreedquintet.com\/our-projects\/","url":"https:\/\/diantoreedquintet.com\/our-projects\/","name":"Nuestros proyectos -","isPartOf":{"@id":"https:\/\/diantoreedquintet.com\/#website"},"primaryImageOfPage":{"@id":"https:\/\/diantoreedquintet.com\/our-projects\/#primaryimage"},"image":{"@id":"https:\/\/diantoreedquintet.com\/our-projects\/#primaryimage"},"thumbnailUrl":"https:\/\/diantoreedquintet.com\/wp-content\/uploads\/duo-eter-and-equi-120x120-losada-2-Pure1_11zon-768x768.jpg","datePublished":"2024-03-27T16:02:54+00:00","dateModified":"2026-02-16T17:55:51+00:00","breadcrumb":{"@id":"https:\/\/diantoreedquintet.com\/our-projects\/#breadcrumb"},"inLanguage":"es","potentialAction":[{"@type":"ReadAction","target":["https:\/\/diantoreedquintet.com\/our-projects\/"]}]},{"@type":"ImageObject","inLanguage":"es","@id":"https:\/\/diantoreedquintet.com\/our-projects\/#primaryimage","url":"https:\/\/diantoreedquintet.com\/wp-content\/uploads\/duo-eter-and-equi-120x120-losada-2-Pure1_11zon-768x768.jpg","contentUrl":"https:\/\/diantoreedquintet.com\/wp-content\/uploads\/duo-eter-and-equi-120x120-losada-2-Pure1_11zon-768x768.jpg"},{"@type":"BreadcrumbList","@id":"https:\/\/diantoreedquintet.com\/our-projects\/#breadcrumb","itemListElement":[{"@type":"ListItem","position":1,"name":"Home","item":"https:\/\/diantoreedquintet.com\/"},{"@type":"ListItem","position":2,"name":"Our projects"}]},{"@type":"WebSite","@id":"https:\/\/diantoreedquintet.com\/#website","url":"https:\/\/diantoreedquintet.com\/","name":"","description":"Dianto Reed Quintet","potentialAction":[{"@type":"SearchAction","target":{"@type":"EntryPoint","urlTemplate":"https:\/\/diantoreedquintet.com\/?s={search_term_string}"},"query-input":{"@type":"PropertyValueSpecification","valueRequired":true,"valueName":"search_term_string"}}],"inLanguage":"es"}]}},"_links":{"self":[{"href":"https:\/\/diantoreedquintet.com\/es\/wp-json\/wp\/v2\/pages\/3638","targetHints":{"allow":["GET"]}}],"collection":[{"href":"https:\/\/diantoreedquintet.com\/es\/wp-json\/wp\/v2\/pages"}],"about":[{"href":"https:\/\/diantoreedquintet.com\/es\/wp-json\/wp\/v2\/types\/page"}],"author":[{"embeddable":true,"href":"https:\/\/diantoreedquintet.com\/es\/wp-json\/wp\/v2\/users\/3"}],"replies":[{"embeddable":true,"href":"https:\/\/diantoreedquintet.com\/es\/wp-json\/wp\/v2\/comments?post=3638"}],"version-history":[{"count":5,"href":"https:\/\/diantoreedquintet.com\/es\/wp-json\/wp\/v2\/pages\/3638\/revisions"}],"predecessor-version":[{"id":5284,"href":"https:\/\/diantoreedquintet.com\/es\/wp-json\/wp\/v2\/pages\/3638\/revisions\/5284"}],"wp:attachment":[{"href":"https:\/\/diantoreedquintet.com\/es\/wp-json\/wp\/v2\/media?parent=3638"}],"curies":[{"name":"gracias","href":"https:\/\/api.w.org\/{rel}","templated":true}]}}